{"id":8766,"date":"2024-07-31T21:07:44","date_gmt":"2024-08-01T00:07:44","guid":{"rendered":"https:\/\/aderj.com.br\/?page_id=8766"},"modified":"2024-08-01T23:39:18","modified_gmt":"2024-08-02T02:39:18","slug":"portal-de-noticias","status":"publish","type":"page","link":"https:\/\/aderj.com.br\/index.php\/portal-de-noticias\/","title":{"rendered":"Portal de Not\u00edcias"},"content":{"rendered":"\t\t<div data-elementor-type=\"wp-page\" data-elementor-id=\"8766\" class=\"elementor elementor-8766\" data-elementor-post-type=\"page\">\n\t\t\t\t\t\t<section class=\"elementor-section elementor-top-section elementor-element elementor-element-7be61d3 elementor-section-boxed elementor-section-height-default elementor-section-height-default wpr-particle-no wpr-jarallax-no wpr-parallax-no wpr-sticky-section-no\" data-id=\"7be61d3\" data-element_type=\"section\">\n\t\t\t\t\t\t<div class=\"elementor-container elementor-column-gap-default\">\n\t\t\t\t\t<div class=\"elementor-column elementor-col-50 elementor-top-column elementor-element elementor-element-8068e32\" data-id=\"8068e32\" data-element_type=\"column\">\n\t\t\t<div class=\"elementor-widget-wrap elementor-element-populated\">\n\t\t\t\t\t\t<div class=\"elementor-element elementor-element-6a006d2 elementor-widget__width-initial elementor-absolute elementor-widget elementor-widget-image\" data-id=\"6a006d2\" data-element_type=\"widget\" data-settings=\"{&quot;_position&quot;:&quot;absolute&quot;}\" data-widget_type=\"image.default\">\n\t\t\t\t<div class=\"elementor-widget-container\">\n\t\t\t\t\t\t\t\t\t\t\t\t\t\t\t<img fetchpriority=\"high\" decoding=\"async\" width=\"416\" height=\"283\" src=\"https:\/\/aderj.com.br\/wp-content\/uploads\/2024\/05\/stock-vector-rio-de-janeiro-landmarks-and-top-places-to-visit-line-icons-vector-set-of-most-popular-city-454749025-Convertido-11-e1714762366553.png\" class=\"attachment-full size-full wp-image-2836\" alt=\"\" \/>\t\t\t\t\t\t\t\t\t\t\t\t\t\t\t<\/div>\n\t\t\t\t<\/div>\n\t\t\t\t\t<\/div>\n\t\t<\/div>\n\t\t\t\t<div class=\"elementor-column elementor-col-50 elementor-top-column elementor-element elementor-element-dd3eb06\" data-id=\"dd3eb06\" data-element_type=\"column\">\n\t\t\t<div class=\"elementor-widget-wrap elementor-element-populated\">\n\t\t\t\t\t\t<div class=\"elementor-element elementor-element-bff1cc1 elementor-widget__width-initial elementor-widget elementor-widget-spacer\" data-id=\"bff1cc1\" data-element_type=\"widget\" data-widget_type=\"spacer.default\">\n\t\t\t\t<div class=\"elementor-widget-container\">\n\t\t\t\t\t\t\t<div class=\"elementor-spacer\">\n\t\t\t<div class=\"elementor-spacer-inner\"><\/div>\n\t\t<\/div>\n\t\t\t\t\t\t<\/div>\n\t\t\t\t<\/div>\n\t\t\t\t\t<\/div>\n\t\t<\/div>\n\t\t\t\t\t<\/div>\n\t\t<\/section>\n\t\t\t\t<section class=\"elementor-section elementor-top-section elementor-element elementor-element-97bd67b elementor-section-boxed elementor-section-height-default elementor-section-height-default wpr-particle-no wpr-jarallax-no wpr-parallax-no wpr-sticky-section-no\" data-id=\"97bd67b\" data-element_type=\"section\" data-settings=\"{&quot;animation&quot;:&quot;none&quot;}\">\n\t\t\t\t\t\t<div class=\"elementor-container elementor-column-gap-default\">\n\t\t\t\t\t<div class=\"elementor-column elementor-col-100 elementor-top-column elementor-element elementor-element-20c9471\" data-id=\"20c9471\" data-element_type=\"column\">\n\t\t\t<div class=\"elementor-widget-wrap elementor-element-populated\">\n\t\t\t\t\t\t<div class=\"elementor-element elementor-element-4135df6 wpr-ticker-heading-position-left wpr-ticker-heading-icon-position-right wpr-ticker-heading-triangle-top wpr-ticker-slider-columns-4 wpr-ticker-slider-columns--tablet3 wpr-ticker-slider-columns--mobile1 wpr-ticker-slides-to-scroll-1 wpr-ticker-arrow-style-horizontal wpr-ticker-arrow-position-right wpr-ticker-effect-hr-slide wpr-ticker-gradient-type-right elementor-widget elementor-widget-wpr-content-ticker\" data-id=\"4135df6\" data-element_type=\"widget\" data-settings=\"{&quot;slider_amount&quot;:4,&quot;slider_amount_tablet&quot;:3,&quot;slider_amount_mobile&quot;:1,&quot;slides_to_scroll&quot;:1,&quot;slider_autoplay&quot;:&quot;yes&quot;,&quot;slider_autoplay_duration&quot;:3,&quot;slider_loop&quot;:&quot;yes&quot;}\" data-widget_type=\"wpr-content-ticker.default\">\n\t\t\t\t<div class=\"elementor-widget-container\">\n\t\t\t\t\t\n\t\t<!-- Content Ticker Slider -->\n\t\t<div class=\"wpr-content-ticker\">\n\n\t\t\t\n\t\t<div class=\"wpr-ticker-heading\">\n\t\t\t<span class=\"wpr-ticker-heading-text\">Novidades<\/span>\n\t\t\t<span class=\"wpr-ticker-heading-icon\">\n\t\t\t\t\t\n\t\t\t\t<i class=\"far fa-star\"><\/i>\t\t\t\t\t\t\t<\/span>\n\t\t<\/div>\n\n\t\t\n\t\t\t<div class=\"wpr-content-ticker-inner\">\n\t\t\t\t\n\t\t\t\t\n\t\t<div class=\"wpr-ticker-slider wpr-ticker-gradient\" dir=\"ltr\" data-slick=\"{&quot;rtl&quot;:false,&quot;infinite&quot;:true,&quot;speed&quot;:1000,&quot;autoplay&quot;:true,&quot;autoplaySpeed&quot;:3000,&quot;pauseOnHover&quot;:&quot;yes&quot;,&quot;arrows&quot;:true,&quot;prevArrow&quot;:&quot;&lt;div class=\\&quot;wpr-ticker-prev-arrow wpr-ticker-arrow\\&quot;&gt;&lt;i class=\\&quot;fas fa-angle-left\\&quot;&gt;&lt;\\\/i&gt;&lt;\\\/div&gt;&quot;,&quot;nextArrow&quot;:&quot;&lt;div class=\\&quot;wpr-ticker-next-arrow wpr-ticker-arrow\\&quot;&gt;&lt;i class=\\&quot;fas fa-angle-left\\&quot;&gt;&lt;\\\/i&gt;&lt;\\\/div&gt;&quot;}\" data-slide-effect=\"hr-slide\">\t\n\t\t\t\n\t\t\t<div class=\"wpr-ticker-item\">\n\n\t\t\t\t\n\t\t\t\t\t\t\t\t\t<div class=\"wpr-ticker-image\">\n\t\t\t\t\t\t\n\t\t\t\t\t\t<a  href=\"https:\/\/aderj.com.br\/index.php\/2026\/04\/28\/decreto-no-50-274-de-27-de-abril-de-2026\/\"><img decoding=\"async\" src=\"https:\/\/aderj.com.br\/wp-content\/uploads\/2026\/04\/Design-sem-nome-11.png\" alt=\"DECRETO N\u00ba 50.274 DE 27 DE ABRIL DE 2026\"><\/a>\n\t\t\t\t\t<\/div>\n\t\t\t\t\n\t\t\t\t<h3 class=\"wpr-ticker-title\">\n\t\t\t\t\t<div class=\"wpr-ticker-title-inner\">\n\t\t\t\t\t<a href=\"https:\/\/aderj.com.br\/index.php\/2026\/04\/28\/decreto-no-50-274-de-27-de-abril-de-2026\/\">DECRETO N\u00ba 50.274 DE 27 DE ABRIL DE 2026<\/a>\t\t\t\t\t<\/div>\n\t\t\t\t<\/h3>\n\n\t\t\t<\/div>\n\n\t\t\n\t\t\t<div class=\"wpr-ticker-item\">\n\n\t\t\t\t\n\t\t\t\t\t\t\t\t\t<div class=\"wpr-ticker-image\">\n\t\t\t\t\t\t\n\t\t\t\t\t\t<a  href=\"https:\/\/aderj.com.br\/index.php\/2026\/04\/17\/primeira-edicao-do-aderj-faz-amigos-de-2026-destaca-uniao-e-pautas-estrategicas-do-setor\/\"><img decoding=\"async\" src=\"https:\/\/aderj.com.br\/wp-content\/uploads\/2026\/04\/DSCF0173-scaled-e1776451748704.jpg\" alt=\"Primeira edi\u00e7\u00e3o do ADERJ Faz Amigos de 2026 destaca uni\u00e3o e pautas estrat\u00e9gicas do setor\"><\/a>\n\t\t\t\t\t<\/div>\n\t\t\t\t\n\t\t\t\t<h3 class=\"wpr-ticker-title\">\n\t\t\t\t\t<div class=\"wpr-ticker-title-inner\">\n\t\t\t\t\t<a href=\"https:\/\/aderj.com.br\/index.php\/2026\/04\/17\/primeira-edicao-do-aderj-faz-amigos-de-2026-destaca-uniao-e-pautas-estrategicas-do-setor\/\">Primeira edi\u00e7\u00e3o do ADERJ Faz Amigos de 2026 destaca uni\u00e3o e pautas estrat\u00e9gicas do setor<\/a>\t\t\t\t\t<\/div>\n\t\t\t\t<\/h3>\n\n\t\t\t<\/div>\n\n\t\t\n\t\t\t<div class=\"wpr-ticker-item\">\n\n\t\t\t\t\n\t\t\t\t\t\t\t\t\t<div class=\"wpr-ticker-image\">\n\t\t\t\t\t\t\n\t\t\t\t\t\t<a  href=\"https:\/\/aderj.com.br\/index.php\/2026\/04\/10\/aderj-conclui-programa-de-capacitacao-sobre-a-reforma-tributaria\/\"><img decoding=\"async\" src=\"https:\/\/aderj.com.br\/wp-content\/uploads\/2026\/04\/Design-sem-nome-4.png\" alt=\"ADERJ conclui Programa de Capacita\u00e7\u00e3o sobre a Reforma Tribut\u00e1ria\"><\/a>\n\t\t\t\t\t<\/div>\n\t\t\t\t\n\t\t\t\t<h3 class=\"wpr-ticker-title\">\n\t\t\t\t\t<div class=\"wpr-ticker-title-inner\">\n\t\t\t\t\t<a href=\"https:\/\/aderj.com.br\/index.php\/2026\/04\/10\/aderj-conclui-programa-de-capacitacao-sobre-a-reforma-tributaria\/\">ADERJ conclui Programa de Capacita\u00e7\u00e3o sobre a Reforma Tribut\u00e1ria<\/a>\t\t\t\t\t<\/div>\n\t\t\t\t<\/h3>\n\n\t\t\t<\/div>\n\n\t\t\n\t\t\t<div class=\"wpr-ticker-item\">\n\n\t\t\t\t\n\t\t\t\t\t\t\t\t\t<div class=\"wpr-ticker-image\">\n\t\t\t\t\t\t\n\t\t\t\t\t\t<a  href=\"https:\/\/aderj.com.br\/index.php\/2026\/03\/20\/portaria-codin-no-98-de-19-de-marco-de-2026\/\"><img decoding=\"async\" src=\"https:\/\/aderj.com.br\/wp-content\/uploads\/2026\/03\/A-Resolucao-SEFAZ-no-816-de-09-de-setembro-de-2025-trouxe-alteracoes-na-Resolucao-SEFAZ-no-7202014-que-trata-da-inscricao-e-da-situacao-cadastral-dos-contribuintes-do-ICMS-no-Estado-do-Rio-de-J-1.png\" alt=\"PORTARIA CODIN N\u00ba 98 DE 19 DE MAR\u00c7O DE 2026\"><\/a>\n\t\t\t\t\t<\/div>\n\t\t\t\t\n\t\t\t\t<h3 class=\"wpr-ticker-title\">\n\t\t\t\t\t<div class=\"wpr-ticker-title-inner\">\n\t\t\t\t\t<a href=\"https:\/\/aderj.com.br\/index.php\/2026\/03\/20\/portaria-codin-no-98-de-19-de-marco-de-2026\/\">PORTARIA CODIN N\u00ba 98 DE 19 DE MAR\u00c7O DE 2026<\/a>\t\t\t\t\t<\/div>\n\t\t\t\t<\/h3>\n\n\t\t\t<\/div>\n\n\t\t\n\t\t\t<div class=\"wpr-ticker-item\">\n\n\t\t\t\t\n\t\t\t\t\t\t\t\t\t<div class=\"wpr-ticker-image\">\n\t\t\t\t\t\t\n\t\t\t\t\t\t<a  href=\"https:\/\/aderj.com.br\/index.php\/2026\/03\/05\/clausulas-de-responsabilidade-nas-empresas-distribuidoras\/\"><img decoding=\"async\" src=\"https:\/\/aderj.com.br\/wp-content\/uploads\/2026\/03\/NOVEMBRO-DE-2025-1-e1772629875466.png\" alt=\"CL\u00c1USULAS DE RESPONSABILIDADE NAS EMPRESAS DISTRIBUIDORAS\"><\/a>\n\t\t\t\t\t<\/div>\n\t\t\t\t\n\t\t\t\t<h3 class=\"wpr-ticker-title\">\n\t\t\t\t\t<div class=\"wpr-ticker-title-inner\">\n\t\t\t\t\t<a href=\"https:\/\/aderj.com.br\/index.php\/2026\/03\/05\/clausulas-de-responsabilidade-nas-empresas-distribuidoras\/\">CL\u00c1USULAS DE RESPONSABILIDADE NAS EMPRESAS DISTRIBUIDORAS<\/a>\t\t\t\t\t<\/div>\n\t\t\t\t<\/h3>\n\n\t\t\t<\/div>\n\n\t\t\n\t\t\t<div class=\"wpr-ticker-item\">\n\n\t\t\t\t\n\t\t\t\t\t\t\t\t\t<div class=\"wpr-ticker-image\">\n\t\t\t\t\t\t\n\t\t\t\t\t\t<a  href=\"https:\/\/aderj.com.br\/index.php\/2026\/02\/26\/resolucao-sefaz-no-867-de-24-de-fevereiro-de-2026\/\"><img decoding=\"async\" src=\"https:\/\/aderj.com.br\/wp-content\/uploads\/2026\/02\/A-Resolucao-SEFAZ-no-816-de-09-de-setembro-de-2025-trouxe-alteracoes-na-Resolucao-SEFAZ-no-7202014-que-trata-da-inscricao-e-da-situacao-cadastral-dos-contribuintes-do-ICMS-no-Estado-do-Rio-de-J.png\" alt=\"RESOLU\u00c7\u00c3O SEFAZ N\u00ba 867 DE 24 DE FEVEREIRO DE 2026\"><\/a>\n\t\t\t\t\t<\/div>\n\t\t\t\t\n\t\t\t\t<h3 class=\"wpr-ticker-title\">\n\t\t\t\t\t<div class=\"wpr-ticker-title-inner\">\n\t\t\t\t\t<a href=\"https:\/\/aderj.com.br\/index.php\/2026\/02\/26\/resolucao-sefaz-no-867-de-24-de-fevereiro-de-2026\/\">RESOLU\u00c7\u00c3O SEFAZ N\u00ba 867 DE 24 DE FEVEREIRO DE 2026<\/a>\t\t\t\t\t<\/div>\n\t\t\t\t<\/h3>\n\n\t\t\t<\/div>\n\n\t\t\n\t\t\t<div class=\"wpr-ticker-item\">\n\n\t\t\t\t\n\t\t\t\t\t\t\t\t\t<div class=\"wpr-ticker-image\">\n\t\t\t\t\t\t\n\t\t\t\t\t\t<a  href=\"https:\/\/aderj.com.br\/index.php\/2026\/02\/09\/como-garantir-que-toda-a-empresa-esteja-alinhada-em-seus-objetivos\/\"><img decoding=\"async\" src=\"https:\/\/aderj.com.br\/wp-content\/uploads\/2026\/01\/3.png\" alt=\"Como garantir que toda a empresa esteja alinhada em seus objetivos?\"><\/a>\n\t\t\t\t\t<\/div>\n\t\t\t\t\n\t\t\t\t<h3 class=\"wpr-ticker-title\">\n\t\t\t\t\t<div class=\"wpr-ticker-title-inner\">\n\t\t\t\t\t<a href=\"https:\/\/aderj.com.br\/index.php\/2026\/02\/09\/como-garantir-que-toda-a-empresa-esteja-alinhada-em-seus-objetivos\/\">Como garantir que toda a empresa esteja alinhada em seus objetivos?<\/a>\t\t\t\t\t<\/div>\n\t\t\t\t<\/h3>\n\n\t\t\t<\/div>\n\n\t\t\n\t\t\t<div class=\"wpr-ticker-item\">\n\n\t\t\t\t\n\t\t\t\t\t\t\t\t\t<div class=\"wpr-ticker-image\">\n\t\t\t\t\t\t\n\t\t\t\t\t\t<a  href=\"https:\/\/aderj.com.br\/index.php\/2026\/01\/23\/conexao-juridica-custos-invisiveis-que-impactam-o-caixa-das-empresas-atacadistas\/\"><img decoding=\"async\" src=\"https:\/\/aderj.com.br\/wp-content\/uploads\/2026\/01\/NOVEMBRO-DE-2025-3-e1769184401313.png\" alt=\"CONEX\u00c3O JUR\u00cdDICA: CUSTOS INVIS\u00cdVEIS QUE IMPACTAM O CAIXA DAS EMPRESAS ATACADISTAS\"><\/a>\n\t\t\t\t\t<\/div>\n\t\t\t\t\n\t\t\t\t<h3 class=\"wpr-ticker-title\">\n\t\t\t\t\t<div class=\"wpr-ticker-title-inner\">\n\t\t\t\t\t<a href=\"https:\/\/aderj.com.br\/index.php\/2026\/01\/23\/conexao-juridica-custos-invisiveis-que-impactam-o-caixa-das-empresas-atacadistas\/\">CONEX\u00c3O JUR\u00cdDICA: CUSTOS INVIS\u00cdVEIS QUE IMPACTAM O CAIXA DAS EMPRESAS ATACADISTAS<\/a>\t\t\t\t\t<\/div>\n\t\t\t\t<\/h3>\n\n\t\t\t<\/div>\n\n\t\t\n\t\t\t<div class=\"wpr-ticker-item\">\n\n\t\t\t\t\n\t\t\t\t\t\t\t\t\t<div class=\"wpr-ticker-image\">\n\t\t\t\t\t\t\n\t\t\t\t\t\t<a  href=\"https:\/\/aderj.com.br\/index.php\/2026\/01\/16\/gestao-de-categorias\/\"><img decoding=\"async\" src=\"https:\/\/aderj.com.br\/wp-content\/uploads\/2026\/01\/3.png\" alt=\"Gest\u00e3o de Categorias\"><\/a>\n\t\t\t\t\t<\/div>\n\t\t\t\t\n\t\t\t\t<h3 class=\"wpr-ticker-title\">\n\t\t\t\t\t<div class=\"wpr-ticker-title-inner\">\n\t\t\t\t\t<a href=\"https:\/\/aderj.com.br\/index.php\/2026\/01\/16\/gestao-de-categorias\/\">Gest\u00e3o de Categorias<\/a>\t\t\t\t\t<\/div>\n\t\t\t\t<\/h3>\n\n\t\t\t<\/div>\n\n\t\t\n\t\t\t<div class=\"wpr-ticker-item\">\n\n\t\t\t\t\n\t\t\t\t\t\t\t\t\t<div class=\"wpr-ticker-image\">\n\t\t\t\t\t\t\n\t\t\t\t\t\t<a  href=\"https:\/\/aderj.com.br\/index.php\/2026\/01\/15\/nr-16-anexo-v-atividades-com-uso-de-motocicleta\/\"><img decoding=\"async\" src=\"https:\/\/aderj.com.br\/wp-content\/uploads\/2026\/01\/A-Resolucao-SEFAZ-no-816-de-09-de-setembro-de-2025-trouxe-alteracoes-na-Resolucao-SEFAZ-no-7202014-que-trata-da-inscricao-e-da-situacao-cadastral-dos-contribuintes-do-ICMS-no-Estado-do-Rio-de-J-1.png\" alt=\"NR-16 \u2013 Anexo V | Atividades com uso de motocicleta\"><\/a>\n\t\t\t\t\t<\/div>\n\t\t\t\t\n\t\t\t\t<h3 class=\"wpr-ticker-title\">\n\t\t\t\t\t<div class=\"wpr-ticker-title-inner\">\n\t\t\t\t\t<a href=\"https:\/\/aderj.com.br\/index.php\/2026\/01\/15\/nr-16-anexo-v-atividades-com-uso-de-motocicleta\/\">NR-16 \u2013 Anexo V | Atividades com uso de motocicleta<\/a>\t\t\t\t\t<\/div>\n\t\t\t\t<\/h3>\n\n\t\t\t<\/div>\n\n\t\t\t\t<\/div>\n\n\t\t<div class=\"wpr-ticker-slider-controls\"><\/div>\n\n\t\t\t\t\t\t\n\t\t\t<\/div>\n\n\t\t<\/div>\n\n\t\t\t\t\t\t<\/div>\n\t\t\t\t<\/div>\n\t\t\t\t<div class=\"elementor-element elementor-element-c2d5a8e elementor-widget elementor-widget-heading\" data-id=\"c2d5a8e\" data-element_type=\"widget\" data-widget_type=\"heading.default\">\n\t\t\t\t<div class=\"elementor-widget-container\">\n\t\t\t\t\t<h2 class=\"elementor-heading-title elementor-size-default\">Hist\u00f3rico de Not\u00edcias do Setor<\/h2>\t\t\t\t<\/div>\n\t\t\t\t<\/div>\n\t\t\t\t<div class=\"elementor-element elementor-element-29751f9 elementor-widget elementor-widget-heading\" data-id=\"29751f9\" data-element_type=\"widget\" data-widget_type=\"heading.default\">\n\t\t\t\t<div class=\"elementor-widget-container\">\n\t\t\t\t\t<h2 class=\"elementor-heading-title elementor-size-default\">Veja Todas as Not\u00edcias<\/h2>\t\t\t\t<\/div>\n\t\t\t\t<\/div>\n\t\t\t\t<div class=\"elementor-element elementor-element-e5eeda1 elementor-widget elementor-widget-text-editor\" data-id=\"e5eeda1\" data-element_type=\"widget\" data-widget_type=\"text-editor.default\">\n\t\t\t\t<div class=\"elementor-widget-container\">\n\t\t\t\t\t\t\t\t\t<p>Acompanhe nosso hist\u00f3rico de not\u00edcias para se manter informado<\/p>\t\t\t\t\t\t\t\t<\/div>\n\t\t\t\t<\/div>\n\t\t\t\t<div class=\"elementor-element elementor-element-11ba48e elementor-grid-4 elementor-grid-tablet-2 elementor-grid-mobile-1 elementor-posts--thumbnail-top load-more-align-center elementor-invisible elementor-widget elementor-widget-posts\" data-id=\"11ba48e\" data-element_type=\"widget\" data-settings=\"{&quot;classic_columns&quot;:&quot;4&quot;,&quot;pagination_type&quot;:&quot;load_more_on_click&quot;,&quot;_animation&quot;:&quot;fadeInUp&quot;,&quot;classic_columns_tablet&quot;:&quot;2&quot;,&quot;classic_columns_mobile&quot;:&quot;1&quot;,&quot;classic_row_gap&quot;:{&quot;unit&quot;:&quot;px&quot;,&quot;size&quot;:35,&quot;sizes&quot;:[]},&quot;classic_row_gap_tablet&quot;:{&quot;unit&quot;:&quot;px&quot;,&quot;size&quot;:&quot;&quot;,&quot;sizes&quot;:[]},&quot;classic_row_gap_mobile&quot;:{&quot;unit&quot;:&quot;px&quot;,&quot;size&quot;:&quot;&quot;,&quot;sizes&quot;:[]},&quot;load_more_spinner&quot;:{&quot;value&quot;:&quot;fas fa-spinner&quot;,&quot;library&quot;:&quot;fa-solid&quot;}}\" data-widget_type=\"posts.classic\">\n\t\t\t\t<div class=\"elementor-widget-container\">\n\t\t\t\t\t\t\t<div class=\"elementor-posts-container elementor-posts elementor-posts--skin-classic elementor-grid\" role=\"list\">\n\t\t\t\t<article class=\"elementor-post elementor-grid-item post-15282 post type-post status-publish format-standard has-post-thumbnail hentry category-blog\" role=\"listitem\">\n\t\t\t\t<a class=\"elementor-post__thumbnail__link\" href=\"https:\/\/aderj.com.br\/index.php\/2026\/04\/28\/decreto-no-50-274-de-27-de-abril-de-2026\/\" tabindex=\"-1\" target=&quot;_blank&quot;>\n\t\t\t<div class=\"elementor-post__thumbnail\"><img decoding=\"async\" width=\"400\" height=\"400\" src=\"https:\/\/aderj.com.br\/wp-content\/uploads\/2026\/04\/Design-sem-nome-11.png\" class=\"attachment-full size-full wp-image-15283\" alt=\"\" srcset=\"https:\/\/aderj.com.br\/wp-content\/uploads\/2026\/04\/Design-sem-nome-11.png 400w, https:\/\/aderj.com.br\/wp-content\/uploads\/2026\/04\/Design-sem-nome-11-300x300.png 300w, https:\/\/aderj.com.br\/wp-content\/uploads\/2026\/04\/Design-sem-nome-11-150x150.png 150w\" sizes=\"(max-width: 400px) 100vw, 400px\" \/><\/div>\n\t\t<\/a>\n\t\t\t\t<div class=\"elementor-post__text\">\n\t\t\t\t<h3 class=\"elementor-post__title\">\n\t\t\t<a href=\"https:\/\/aderj.com.br\/index.php\/2026\/04\/28\/decreto-no-50-274-de-27-de-abril-de-2026\/\" target=&quot;_blank&quot;>\n\t\t\t\tDECRETO N\u00ba 50.274 DE 27 DE ABRIL DE 2026\t\t\t<\/a>\n\t\t<\/h3>\n\t\t\t\t<div class=\"elementor-post__meta-data\">\n\t\t\t\t\t<span class=\"elementor-post-date\">\n\t\t\t28\/04\/2026\t\t<\/span>\n\t\t\t\t<\/div>\n\t\t\n\t\t<a class=\"elementor-post__read-more\" href=\"https:\/\/aderj.com.br\/index.php\/2026\/04\/28\/decreto-no-50-274-de-27-de-abril-de-2026\/\" aria-label=\"Read more about DECRETO N\u00ba 50.274 DE 27 DE ABRIL DE 2026\" tabindex=\"-1\" target=\"_blank\">\n\t\t\tLer not\u00edcia \u00bb\t\t<\/a>\n\n\t\t\t\t<\/div>\n\t\t\t\t<\/article>\n\t\t\t\t<article class=\"elementor-post elementor-grid-item post-15175 post type-post status-publish format-standard has-post-thumbnail hentry category-blog\" role=\"listitem\">\n\t\t\t\t<a class=\"elementor-post__thumbnail__link\" href=\"https:\/\/aderj.com.br\/index.php\/2026\/04\/17\/primeira-edicao-do-aderj-faz-amigos-de-2026-destaca-uniao-e-pautas-estrategicas-do-setor\/\" tabindex=\"-1\" target=&quot;_blank&quot;>\n\t\t\t<div class=\"elementor-post__thumbnail\"><img decoding=\"async\" width=\"1600\" height=\"1600\" src=\"https:\/\/aderj.com.br\/wp-content\/uploads\/2026\/04\/DSCF0173-scaled-e1776451748704.jpg\" class=\"attachment-full size-full wp-image-15176\" alt=\"\" srcset=\"https:\/\/aderj.com.br\/wp-content\/uploads\/2026\/04\/DSCF0173-scaled-e1776451748704.jpg 1600w, https:\/\/aderj.com.br\/wp-content\/uploads\/2026\/04\/DSCF0173-scaled-e1776451748704-300x300.jpg 300w, https:\/\/aderj.com.br\/wp-content\/uploads\/2026\/04\/DSCF0173-scaled-e1776451748704-1024x1024.jpg 1024w, https:\/\/aderj.com.br\/wp-content\/uploads\/2026\/04\/DSCF0173-scaled-e1776451748704-150x150.jpg 150w, https:\/\/aderj.com.br\/wp-content\/uploads\/2026\/04\/DSCF0173-scaled-e1776451748704-768x768.jpg 768w, https:\/\/aderj.com.br\/wp-content\/uploads\/2026\/04\/DSCF0173-scaled-e1776451748704-1536x1536.jpg 1536w\" sizes=\"(max-width: 1600px) 100vw, 1600px\" \/><\/div>\n\t\t<\/a>\n\t\t\t\t<div class=\"elementor-post__text\">\n\t\t\t\t<h3 class=\"elementor-post__title\">\n\t\t\t<a href=\"https:\/\/aderj.com.br\/index.php\/2026\/04\/17\/primeira-edicao-do-aderj-faz-amigos-de-2026-destaca-uniao-e-pautas-estrategicas-do-setor\/\" target=&quot;_blank&quot;>\n\t\t\t\tPrimeira edi\u00e7\u00e3o do ADERJ Faz Amigos de 2026 destaca uni\u00e3o e pautas estrat\u00e9gicas do setor\t\t\t<\/a>\n\t\t<\/h3>\n\t\t\t\t<div class=\"elementor-post__meta-data\">\n\t\t\t\t\t<span class=\"elementor-post-date\">\n\t\t\t17\/04\/2026\t\t<\/span>\n\t\t\t\t<\/div>\n\t\t\n\t\t<a class=\"elementor-post__read-more\" href=\"https:\/\/aderj.com.br\/index.php\/2026\/04\/17\/primeira-edicao-do-aderj-faz-amigos-de-2026-destaca-uniao-e-pautas-estrategicas-do-setor\/\" aria-label=\"Read more about Primeira edi\u00e7\u00e3o do ADERJ Faz Amigos de 2026 destaca uni\u00e3o e pautas estrat\u00e9gicas do setor\" tabindex=\"-1\" target=\"_blank\">\n\t\t\tLer not\u00edcia \u00bb\t\t<\/a>\n\n\t\t\t\t<\/div>\n\t\t\t\t<\/article>\n\t\t\t\t<article class=\"elementor-post elementor-grid-item post-15055 post type-post status-publish format-standard has-post-thumbnail hentry category-blog\" role=\"listitem\">\n\t\t\t\t<a class=\"elementor-post__thumbnail__link\" href=\"https:\/\/aderj.com.br\/index.php\/2026\/04\/10\/aderj-conclui-programa-de-capacitacao-sobre-a-reforma-tributaria\/\" tabindex=\"-1\" target=&quot;_blank&quot;>\n\t\t\t<div class=\"elementor-post__thumbnail\"><img loading=\"lazy\" decoding=\"async\" width=\"2000\" height=\"2000\" src=\"https:\/\/aderj.com.br\/wp-content\/uploads\/2026\/04\/Design-sem-nome-4.png\" class=\"attachment-full size-full wp-image-15056\" alt=\"\" srcset=\"https:\/\/aderj.com.br\/wp-content\/uploads\/2026\/04\/Design-sem-nome-4.png 2000w, https:\/\/aderj.com.br\/wp-content\/uploads\/2026\/04\/Design-sem-nome-4-300x300.png 300w, https:\/\/aderj.com.br\/wp-content\/uploads\/2026\/04\/Design-sem-nome-4-1024x1024.png 1024w, https:\/\/aderj.com.br\/wp-content\/uploads\/2026\/04\/Design-sem-nome-4-150x150.png 150w, https:\/\/aderj.com.br\/wp-content\/uploads\/2026\/04\/Design-sem-nome-4-768x768.png 768w, https:\/\/aderj.com.br\/wp-content\/uploads\/2026\/04\/Design-sem-nome-4-1536x1536.png 1536w\" sizes=\"(max-width: 2000px) 100vw, 2000px\" \/><\/div>\n\t\t<\/a>\n\t\t\t\t<div class=\"elementor-post__text\">\n\t\t\t\t<h3 class=\"elementor-post__title\">\n\t\t\t<a href=\"https:\/\/aderj.com.br\/index.php\/2026\/04\/10\/aderj-conclui-programa-de-capacitacao-sobre-a-reforma-tributaria\/\" target=&quot;_blank&quot;>\n\t\t\t\tADERJ conclui Programa de Capacita\u00e7\u00e3o sobre a Reforma Tribut\u00e1ria\t\t\t<\/a>\n\t\t<\/h3>\n\t\t\t\t<div class=\"elementor-post__meta-data\">\n\t\t\t\t\t<span class=\"elementor-post-date\">\n\t\t\t10\/04\/2026\t\t<\/span>\n\t\t\t\t<\/div>\n\t\t\n\t\t<a class=\"elementor-post__read-more\" href=\"https:\/\/aderj.com.br\/index.php\/2026\/04\/10\/aderj-conclui-programa-de-capacitacao-sobre-a-reforma-tributaria\/\" aria-label=\"Read more about ADERJ conclui Programa de Capacita\u00e7\u00e3o sobre a Reforma Tribut\u00e1ria\" tabindex=\"-1\" target=\"_blank\">\n\t\t\tLer not\u00edcia \u00bb\t\t<\/a>\n\n\t\t\t\t<\/div>\n\t\t\t\t<\/article>\n\t\t\t\t<article class=\"elementor-post elementor-grid-item post-15025 post type-post status-publish format-standard has-post-thumbnail hentry category-blog\" role=\"listitem\">\n\t\t\t\t<a class=\"elementor-post__thumbnail__link\" href=\"https:\/\/aderj.com.br\/index.php\/2026\/03\/20\/portaria-codin-no-98-de-19-de-marco-de-2026\/\" tabindex=\"-1\" target=&quot;_blank&quot;>\n\t\t\t<div class=\"elementor-post__thumbnail\"><img loading=\"lazy\" decoding=\"async\" width=\"2000\" height=\"2000\" src=\"https:\/\/aderj.com.br\/wp-content\/uploads\/2026\/03\/A-Resolucao-SEFAZ-no-816-de-09-de-setembro-de-2025-trouxe-alteracoes-na-Resolucao-SEFAZ-no-7202014-que-trata-da-inscricao-e-da-situacao-cadastral-dos-contribuintes-do-ICMS-no-Estado-do-Rio-de-J-1.png\" class=\"attachment-full size-full wp-image-15028\" alt=\"\" srcset=\"https:\/\/aderj.com.br\/wp-content\/uploads\/2026\/03\/A-Resolucao-SEFAZ-no-816-de-09-de-setembro-de-2025-trouxe-alteracoes-na-Resolucao-SEFAZ-no-7202014-que-trata-da-inscricao-e-da-situacao-cadastral-dos-contribuintes-do-ICMS-no-Estado-do-Rio-de-J-1.png 2000w, https:\/\/aderj.com.br\/wp-content\/uploads\/2026\/03\/A-Resolucao-SEFAZ-no-816-de-09-de-setembro-de-2025-trouxe-alteracoes-na-Resolucao-SEFAZ-no-7202014-que-trata-da-inscricao-e-da-situacao-cadastral-dos-contribuintes-do-ICMS-no-Estado-do-Rio-de-J-1-300x300.png 300w, https:\/\/aderj.com.br\/wp-content\/uploads\/2026\/03\/A-Resolucao-SEFAZ-no-816-de-09-de-setembro-de-2025-trouxe-alteracoes-na-Resolucao-SEFAZ-no-7202014-que-trata-da-inscricao-e-da-situacao-cadastral-dos-contribuintes-do-ICMS-no-Estado-do-Rio-de-J-1-1024x1024.png 1024w, https:\/\/aderj.com.br\/wp-content\/uploads\/2026\/03\/A-Resolucao-SEFAZ-no-816-de-09-de-setembro-de-2025-trouxe-alteracoes-na-Resolucao-SEFAZ-no-7202014-que-trata-da-inscricao-e-da-situacao-cadastral-dos-contribuintes-do-ICMS-no-Estado-do-Rio-de-J-1-150x150.png 150w, https:\/\/aderj.com.br\/wp-content\/uploads\/2026\/03\/A-Resolucao-SEFAZ-no-816-de-09-de-setembro-de-2025-trouxe-alteracoes-na-Resolucao-SEFAZ-no-7202014-que-trata-da-inscricao-e-da-situacao-cadastral-dos-contribuintes-do-ICMS-no-Estado-do-Rio-de-J-1-768x768.png 768w, https:\/\/aderj.com.br\/wp-content\/uploads\/2026\/03\/A-Resolucao-SEFAZ-no-816-de-09-de-setembro-de-2025-trouxe-alteracoes-na-Resolucao-SEFAZ-no-7202014-que-trata-da-inscricao-e-da-situacao-cadastral-dos-contribuintes-do-ICMS-no-Estado-do-Rio-de-J-1-1536x1536.png 1536w\" sizes=\"(max-width: 2000px) 100vw, 2000px\" \/><\/div>\n\t\t<\/a>\n\t\t\t\t<div class=\"elementor-post__text\">\n\t\t\t\t<h3 class=\"elementor-post__title\">\n\t\t\t<a href=\"https:\/\/aderj.com.br\/index.php\/2026\/03\/20\/portaria-codin-no-98-de-19-de-marco-de-2026\/\" target=&quot;_blank&quot;>\n\t\t\t\tPORTARIA CODIN N\u00ba 98 DE 19 DE MAR\u00c7O DE 2026\t\t\t<\/a>\n\t\t<\/h3>\n\t\t\t\t<div class=\"elementor-post__meta-data\">\n\t\t\t\t\t<span class=\"elementor-post-date\">\n\t\t\t20\/03\/2026\t\t<\/span>\n\t\t\t\t<\/div>\n\t\t\n\t\t<a class=\"elementor-post__read-more\" href=\"https:\/\/aderj.com.br\/index.php\/2026\/03\/20\/portaria-codin-no-98-de-19-de-marco-de-2026\/\" aria-label=\"Read more about PORTARIA CODIN N\u00ba 98 DE 19 DE MAR\u00c7O DE 2026\" tabindex=\"-1\" target=\"_blank\">\n\t\t\tLer not\u00edcia \u00bb\t\t<\/a>\n\n\t\t\t\t<\/div>\n\t\t\t\t<\/article>\n\t\t\t\t<article class=\"elementor-post elementor-grid-item post-15018 post type-post status-publish format-standard has-post-thumbnail hentry category-blog\" role=\"listitem\">\n\t\t\t\t<a class=\"elementor-post__thumbnail__link\" href=\"https:\/\/aderj.com.br\/index.php\/2026\/03\/05\/clausulas-de-responsabilidade-nas-empresas-distribuidoras\/\" tabindex=\"-1\" target=&quot;_blank&quot;>\n\t\t\t<div class=\"elementor-post__thumbnail\"><img loading=\"lazy\" decoding=\"async\" width=\"1080\" height=\"1080\" src=\"https:\/\/aderj.com.br\/wp-content\/uploads\/2026\/03\/NOVEMBRO-DE-2025-1-e1772629875466.png\" class=\"attachment-full size-full wp-image-15017\" alt=\"\" srcset=\"https:\/\/aderj.com.br\/wp-content\/uploads\/2026\/03\/NOVEMBRO-DE-2025-1-e1772629875466.png 1080w, https:\/\/aderj.com.br\/wp-content\/uploads\/2026\/03\/NOVEMBRO-DE-2025-1-e1772629875466-300x300.png 300w, https:\/\/aderj.com.br\/wp-content\/uploads\/2026\/03\/NOVEMBRO-DE-2025-1-e1772629875466-1024x1024.png 1024w, https:\/\/aderj.com.br\/wp-content\/uploads\/2026\/03\/NOVEMBRO-DE-2025-1-e1772629875466-150x150.png 150w, https:\/\/aderj.com.br\/wp-content\/uploads\/2026\/03\/NOVEMBRO-DE-2025-1-e1772629875466-768x768.png 768w\" sizes=\"(max-width: 1080px) 100vw, 1080px\" \/><\/div>\n\t\t<\/a>\n\t\t\t\t<div class=\"elementor-post__text\">\n\t\t\t\t<h3 class=\"elementor-post__title\">\n\t\t\t<a href=\"https:\/\/aderj.com.br\/index.php\/2026\/03\/05\/clausulas-de-responsabilidade-nas-empresas-distribuidoras\/\" target=&quot;_blank&quot;>\n\t\t\t\tCL\u00c1USULAS DE RESPONSABILIDADE NAS EMPRESAS DISTRIBUIDORAS\t\t\t<\/a>\n\t\t<\/h3>\n\t\t\t\t<div class=\"elementor-post__meta-data\">\n\t\t\t\t\t<span class=\"elementor-post-date\">\n\t\t\t05\/03\/2026\t\t<\/span>\n\t\t\t\t<\/div>\n\t\t\n\t\t<a class=\"elementor-post__read-more\" href=\"https:\/\/aderj.com.br\/index.php\/2026\/03\/05\/clausulas-de-responsabilidade-nas-empresas-distribuidoras\/\" aria-label=\"Read more about CL\u00c1USULAS DE RESPONSABILIDADE NAS EMPRESAS DISTRIBUIDORAS\" tabindex=\"-1\" target=\"_blank\">\n\t\t\tLer not\u00edcia \u00bb\t\t<\/a>\n\n\t\t\t\t<\/div>\n\t\t\t\t<\/article>\n\t\t\t\t<article class=\"elementor-post elementor-grid-item post-14999 post type-post status-publish format-standard has-post-thumbnail hentry category-blog\" role=\"listitem\">\n\t\t\t\t<a class=\"elementor-post__thumbnail__link\" href=\"https:\/\/aderj.com.br\/index.php\/2026\/02\/26\/resolucao-sefaz-no-867-de-24-de-fevereiro-de-2026\/\" tabindex=\"-1\" target=&quot;_blank&quot;>\n\t\t\t<div class=\"elementor-post__thumbnail\"><img loading=\"lazy\" decoding=\"async\" width=\"2000\" height=\"2000\" src=\"https:\/\/aderj.com.br\/wp-content\/uploads\/2026\/02\/A-Resolucao-SEFAZ-no-816-de-09-de-setembro-de-2025-trouxe-alteracoes-na-Resolucao-SEFAZ-no-7202014-que-trata-da-inscricao-e-da-situacao-cadastral-dos-contribuintes-do-ICMS-no-Estado-do-Rio-de-J.png\" class=\"attachment-full size-full wp-image-15000\" alt=\"\" srcset=\"https:\/\/aderj.com.br\/wp-content\/uploads\/2026\/02\/A-Resolucao-SEFAZ-no-816-de-09-de-setembro-de-2025-trouxe-alteracoes-na-Resolucao-SEFAZ-no-7202014-que-trata-da-inscricao-e-da-situacao-cadastral-dos-contribuintes-do-ICMS-no-Estado-do-Rio-de-J.png 2000w, https:\/\/aderj.com.br\/wp-content\/uploads\/2026\/02\/A-Resolucao-SEFAZ-no-816-de-09-de-setembro-de-2025-trouxe-alteracoes-na-Resolucao-SEFAZ-no-7202014-que-trata-da-inscricao-e-da-situacao-cadastral-dos-contribuintes-do-ICMS-no-Estado-do-Rio-de-J-300x300.png 300w, https:\/\/aderj.com.br\/wp-content\/uploads\/2026\/02\/A-Resolucao-SEFAZ-no-816-de-09-de-setembro-de-2025-trouxe-alteracoes-na-Resolucao-SEFAZ-no-7202014-que-trata-da-inscricao-e-da-situacao-cadastral-dos-contribuintes-do-ICMS-no-Estado-do-Rio-de-J-1024x1024.png 1024w, https:\/\/aderj.com.br\/wp-content\/uploads\/2026\/02\/A-Resolucao-SEFAZ-no-816-de-09-de-setembro-de-2025-trouxe-alteracoes-na-Resolucao-SEFAZ-no-7202014-que-trata-da-inscricao-e-da-situacao-cadastral-dos-contribuintes-do-ICMS-no-Estado-do-Rio-de-J-150x150.png 150w, https:\/\/aderj.com.br\/wp-content\/uploads\/2026\/02\/A-Resolucao-SEFAZ-no-816-de-09-de-setembro-de-2025-trouxe-alteracoes-na-Resolucao-SEFAZ-no-7202014-que-trata-da-inscricao-e-da-situacao-cadastral-dos-contribuintes-do-ICMS-no-Estado-do-Rio-de-J-768x768.png 768w, https:\/\/aderj.com.br\/wp-content\/uploads\/2026\/02\/A-Resolucao-SEFAZ-no-816-de-09-de-setembro-de-2025-trouxe-alteracoes-na-Resolucao-SEFAZ-no-7202014-que-trata-da-inscricao-e-da-situacao-cadastral-dos-contribuintes-do-ICMS-no-Estado-do-Rio-de-J-1536x1536.png 1536w\" sizes=\"(max-width: 2000px) 100vw, 2000px\" \/><\/div>\n\t\t<\/a>\n\t\t\t\t<div class=\"elementor-post__text\">\n\t\t\t\t<h3 class=\"elementor-post__title\">\n\t\t\t<a href=\"https:\/\/aderj.com.br\/index.php\/2026\/02\/26\/resolucao-sefaz-no-867-de-24-de-fevereiro-de-2026\/\" target=&quot;_blank&quot;>\n\t\t\t\tRESOLU\u00c7\u00c3O SEFAZ N\u00ba 867 DE 24 DE FEVEREIRO DE 2026\t\t\t<\/a>\n\t\t<\/h3>\n\t\t\t\t<div class=\"elementor-post__meta-data\">\n\t\t\t\t\t<span class=\"elementor-post-date\">\n\t\t\t26\/02\/2026\t\t<\/span>\n\t\t\t\t<\/div>\n\t\t\n\t\t<a class=\"elementor-post__read-more\" href=\"https:\/\/aderj.com.br\/index.php\/2026\/02\/26\/resolucao-sefaz-no-867-de-24-de-fevereiro-de-2026\/\" aria-label=\"Read more about RESOLU\u00c7\u00c3O SEFAZ N\u00ba 867 DE 24 DE FEVEREIRO DE 2026\" tabindex=\"-1\" target=\"_blank\">\n\t\t\tLer not\u00edcia \u00bb\t\t<\/a>\n\n\t\t\t\t<\/div>\n\t\t\t\t<\/article>\n\t\t\t\t<article class=\"elementor-post elementor-grid-item post-14989 post type-post status-publish format-standard has-post-thumbnail hentry category-blog\" role=\"listitem\">\n\t\t\t\t<a class=\"elementor-post__thumbnail__link\" href=\"https:\/\/aderj.com.br\/index.php\/2026\/02\/09\/como-garantir-que-toda-a-empresa-esteja-alinhada-em-seus-objetivos\/\" tabindex=\"-1\" target=&quot;_blank&quot;>\n\t\t\t<div class=\"elementor-post__thumbnail\"><img loading=\"lazy\" decoding=\"async\" width=\"2000\" height=\"2000\" src=\"https:\/\/aderj.com.br\/wp-content\/uploads\/2026\/01\/3.png\" class=\"attachment-full size-full wp-image-14976\" alt=\"\" srcset=\"https:\/\/aderj.com.br\/wp-content\/uploads\/2026\/01\/3.png 2000w, https:\/\/aderj.com.br\/wp-content\/uploads\/2026\/01\/3-300x300.png 300w, https:\/\/aderj.com.br\/wp-content\/uploads\/2026\/01\/3-1024x1024.png 1024w, https:\/\/aderj.com.br\/wp-content\/uploads\/2026\/01\/3-150x150.png 150w, https:\/\/aderj.com.br\/wp-content\/uploads\/2026\/01\/3-768x768.png 768w, https:\/\/aderj.com.br\/wp-content\/uploads\/2026\/01\/3-1536x1536.png 1536w\" sizes=\"(max-width: 2000px) 100vw, 2000px\" \/><\/div>\n\t\t<\/a>\n\t\t\t\t<div class=\"elementor-post__text\">\n\t\t\t\t<h3 class=\"elementor-post__title\">\n\t\t\t<a href=\"https:\/\/aderj.com.br\/index.php\/2026\/02\/09\/como-garantir-que-toda-a-empresa-esteja-alinhada-em-seus-objetivos\/\" target=&quot;_blank&quot;>\n\t\t\t\tComo garantir que toda a empresa esteja alinhada em seus objetivos?\t\t\t<\/a>\n\t\t<\/h3>\n\t\t\t\t<div class=\"elementor-post__meta-data\">\n\t\t\t\t\t<span class=\"elementor-post-date\">\n\t\t\t09\/02\/2026\t\t<\/span>\n\t\t\t\t<\/div>\n\t\t\n\t\t<a class=\"elementor-post__read-more\" href=\"https:\/\/aderj.com.br\/index.php\/2026\/02\/09\/como-garantir-que-toda-a-empresa-esteja-alinhada-em-seus-objetivos\/\" aria-label=\"Read more about Como garantir que toda a empresa esteja alinhada em seus objetivos?\" tabindex=\"-1\" target=\"_blank\">\n\t\t\tLer not\u00edcia \u00bb\t\t<\/a>\n\n\t\t\t\t<\/div>\n\t\t\t\t<\/article>\n\t\t\t\t<article class=\"elementor-post elementor-grid-item post-14982 post type-post status-publish format-standard has-post-thumbnail hentry category-blog\" role=\"listitem\">\n\t\t\t\t<a class=\"elementor-post__thumbnail__link\" href=\"https:\/\/aderj.com.br\/index.php\/2026\/01\/23\/conexao-juridica-custos-invisiveis-que-impactam-o-caixa-das-empresas-atacadistas\/\" tabindex=\"-1\" target=&quot;_blank&quot;>\n\t\t\t<div class=\"elementor-post__thumbnail\"><img loading=\"lazy\" decoding=\"async\" width=\"1080\" height=\"1080\" src=\"https:\/\/aderj.com.br\/wp-content\/uploads\/2026\/01\/NOVEMBRO-DE-2025-3-e1769184401313.png\" class=\"attachment-full size-full wp-image-14983\" alt=\"\" srcset=\"https:\/\/aderj.com.br\/wp-content\/uploads\/2026\/01\/NOVEMBRO-DE-2025-3-e1769184401313.png 1080w, https:\/\/aderj.com.br\/wp-content\/uploads\/2026\/01\/NOVEMBRO-DE-2025-3-e1769184401313-300x300.png 300w, https:\/\/aderj.com.br\/wp-content\/uploads\/2026\/01\/NOVEMBRO-DE-2025-3-e1769184401313-1024x1024.png 1024w, https:\/\/aderj.com.br\/wp-content\/uploads\/2026\/01\/NOVEMBRO-DE-2025-3-e1769184401313-150x150.png 150w, https:\/\/aderj.com.br\/wp-content\/uploads\/2026\/01\/NOVEMBRO-DE-2025-3-e1769184401313-768x768.png 768w\" sizes=\"(max-width: 1080px) 100vw, 1080px\" \/><\/div>\n\t\t<\/a>\n\t\t\t\t<div class=\"elementor-post__text\">\n\t\t\t\t<h3 class=\"elementor-post__title\">\n\t\t\t<a href=\"https:\/\/aderj.com.br\/index.php\/2026\/01\/23\/conexao-juridica-custos-invisiveis-que-impactam-o-caixa-das-empresas-atacadistas\/\" target=&quot;_blank&quot;>\n\t\t\t\tCONEX\u00c3O JUR\u00cdDICA: CUSTOS INVIS\u00cdVEIS QUE IMPACTAM O CAIXA DAS EMPRESAS ATACADISTAS\t\t\t<\/a>\n\t\t<\/h3>\n\t\t\t\t<div class=\"elementor-post__meta-data\">\n\t\t\t\t\t<span class=\"elementor-post-date\">\n\t\t\t23\/01\/2026\t\t<\/span>\n\t\t\t\t<\/div>\n\t\t\n\t\t<a class=\"elementor-post__read-more\" href=\"https:\/\/aderj.com.br\/index.php\/2026\/01\/23\/conexao-juridica-custos-invisiveis-que-impactam-o-caixa-das-empresas-atacadistas\/\" aria-label=\"Read more about CONEX\u00c3O JUR\u00cdDICA: CUSTOS INVIS\u00cdVEIS QUE IMPACTAM O CAIXA DAS EMPRESAS ATACADISTAS\" tabindex=\"-1\" target=\"_blank\">\n\t\t\tLer not\u00edcia \u00bb\t\t<\/a>\n\n\t\t\t\t<\/div>\n\t\t\t\t<\/article>\n\t\t\t\t<article class=\"elementor-post elementor-grid-item post-14972 post type-post status-publish format-standard has-post-thumbnail hentry category-blog tag-rota-da-gestao\" role=\"listitem\">\n\t\t\t\t<a class=\"elementor-post__thumbnail__link\" href=\"https:\/\/aderj.com.br\/index.php\/2026\/01\/16\/gestao-de-categorias\/\" tabindex=\"-1\" target=&quot;_blank&quot;>\n\t\t\t<div class=\"elementor-post__thumbnail\"><img loading=\"lazy\" decoding=\"async\" width=\"2000\" height=\"2000\" src=\"https:\/\/aderj.com.br\/wp-content\/uploads\/2026\/01\/3.png\" class=\"attachment-full size-full wp-image-14976\" alt=\"\" srcset=\"https:\/\/aderj.com.br\/wp-content\/uploads\/2026\/01\/3.png 2000w, https:\/\/aderj.com.br\/wp-content\/uploads\/2026\/01\/3-300x300.png 300w, https:\/\/aderj.com.br\/wp-content\/uploads\/2026\/01\/3-1024x1024.png 1024w, https:\/\/aderj.com.br\/wp-content\/uploads\/2026\/01\/3-150x150.png 150w, https:\/\/aderj.com.br\/wp-content\/uploads\/2026\/01\/3-768x768.png 768w, https:\/\/aderj.com.br\/wp-content\/uploads\/2026\/01\/3-1536x1536.png 1536w\" sizes=\"(max-width: 2000px) 100vw, 2000px\" \/><\/div>\n\t\t<\/a>\n\t\t\t\t<div class=\"elementor-post__text\">\n\t\t\t\t<h3 class=\"elementor-post__title\">\n\t\t\t<a href=\"https:\/\/aderj.com.br\/index.php\/2026\/01\/16\/gestao-de-categorias\/\" target=&quot;_blank&quot;>\n\t\t\t\tGest\u00e3o de Categorias\t\t\t<\/a>\n\t\t<\/h3>\n\t\t\t\t<div class=\"elementor-post__meta-data\">\n\t\t\t\t\t<span class=\"elementor-post-date\">\n\t\t\t16\/01\/2026\t\t<\/span>\n\t\t\t\t<\/div>\n\t\t\n\t\t<a class=\"elementor-post__read-more\" href=\"https:\/\/aderj.com.br\/index.php\/2026\/01\/16\/gestao-de-categorias\/\" aria-label=\"Read more about Gest\u00e3o de Categorias\" tabindex=\"-1\" target=\"_blank\">\n\t\t\tLer not\u00edcia \u00bb\t\t<\/a>\n\n\t\t\t\t<\/div>\n\t\t\t\t<\/article>\n\t\t\t\t<article class=\"elementor-post elementor-grid-item post-14962 post type-post status-publish format-standard has-post-thumbnail hentry category-blog\" role=\"listitem\">\n\t\t\t\t<a class=\"elementor-post__thumbnail__link\" href=\"https:\/\/aderj.com.br\/index.php\/2026\/01\/15\/nr-16-anexo-v-atividades-com-uso-de-motocicleta\/\" tabindex=\"-1\" target=&quot;_blank&quot;>\n\t\t\t<div class=\"elementor-post__thumbnail\"><img loading=\"lazy\" decoding=\"async\" width=\"2000\" height=\"2000\" src=\"https:\/\/aderj.com.br\/wp-content\/uploads\/2026\/01\/A-Resolucao-SEFAZ-no-816-de-09-de-setembro-de-2025-trouxe-alteracoes-na-Resolucao-SEFAZ-no-7202014-que-trata-da-inscricao-e-da-situacao-cadastral-dos-contribuintes-do-ICMS-no-Estado-do-Rio-de-J-1.png\" class=\"attachment-full size-full wp-image-14963\" alt=\"\" srcset=\"https:\/\/aderj.com.br\/wp-content\/uploads\/2026\/01\/A-Resolucao-SEFAZ-no-816-de-09-de-setembro-de-2025-trouxe-alteracoes-na-Resolucao-SEFAZ-no-7202014-que-trata-da-inscricao-e-da-situacao-cadastral-dos-contribuintes-do-ICMS-no-Estado-do-Rio-de-J-1.png 2000w, https:\/\/aderj.com.br\/wp-content\/uploads\/2026\/01\/A-Resolucao-SEFAZ-no-816-de-09-de-setembro-de-2025-trouxe-alteracoes-na-Resolucao-SEFAZ-no-7202014-que-trata-da-inscricao-e-da-situacao-cadastral-dos-contribuintes-do-ICMS-no-Estado-do-Rio-de-J-1-300x300.png 300w, https:\/\/aderj.com.br\/wp-content\/uploads\/2026\/01\/A-Resolucao-SEFAZ-no-816-de-09-de-setembro-de-2025-trouxe-alteracoes-na-Resolucao-SEFAZ-no-7202014-que-trata-da-inscricao-e-da-situacao-cadastral-dos-contribuintes-do-ICMS-no-Estado-do-Rio-de-J-1-1024x1024.png 1024w, https:\/\/aderj.com.br\/wp-content\/uploads\/2026\/01\/A-Resolucao-SEFAZ-no-816-de-09-de-setembro-de-2025-trouxe-alteracoes-na-Resolucao-SEFAZ-no-7202014-que-trata-da-inscricao-e-da-situacao-cadastral-dos-contribuintes-do-ICMS-no-Estado-do-Rio-de-J-1-150x150.png 150w, https:\/\/aderj.com.br\/wp-content\/uploads\/2026\/01\/A-Resolucao-SEFAZ-no-816-de-09-de-setembro-de-2025-trouxe-alteracoes-na-Resolucao-SEFAZ-no-7202014-que-trata-da-inscricao-e-da-situacao-cadastral-dos-contribuintes-do-ICMS-no-Estado-do-Rio-de-J-1-768x768.png 768w, https:\/\/aderj.com.br\/wp-content\/uploads\/2026\/01\/A-Resolucao-SEFAZ-no-816-de-09-de-setembro-de-2025-trouxe-alteracoes-na-Resolucao-SEFAZ-no-7202014-que-trata-da-inscricao-e-da-situacao-cadastral-dos-contribuintes-do-ICMS-no-Estado-do-Rio-de-J-1-1536x1536.png 1536w\" sizes=\"(max-width: 2000px) 100vw, 2000px\" \/><\/div>\n\t\t<\/a>\n\t\t\t\t<div class=\"elementor-post__text\">\n\t\t\t\t<h3 class=\"elementor-post__title\">\n\t\t\t<a href=\"https:\/\/aderj.com.br\/index.php\/2026\/01\/15\/nr-16-anexo-v-atividades-com-uso-de-motocicleta\/\" target=&quot;_blank&quot;>\n\t\t\t\tNR-16 \u2013 Anexo V | Atividades com uso de motocicleta\t\t\t<\/a>\n\t\t<\/h3>\n\t\t\t\t<div class=\"elementor-post__meta-data\">\n\t\t\t\t\t<span class=\"elementor-post-date\">\n\t\t\t15\/01\/2026\t\t<\/span>\n\t\t\t\t<\/div>\n\t\t\n\t\t<a class=\"elementor-post__read-more\" href=\"https:\/\/aderj.com.br\/index.php\/2026\/01\/15\/nr-16-anexo-v-atividades-com-uso-de-motocicleta\/\" aria-label=\"Read more about NR-16 \u2013 Anexo V | Atividades com uso de motocicleta\" tabindex=\"-1\" target=\"_blank\">\n\t\t\tLer not\u00edcia \u00bb\t\t<\/a>\n\n\t\t\t\t<\/div>\n\t\t\t\t<\/article>\n\t\t\t\t<article class=\"elementor-post elementor-grid-item post-14926 post type-post status-publish format-standard has-post-thumbnail hentry category-blog\" role=\"listitem\">\n\t\t\t\t<a class=\"elementor-post__thumbnail__link\" href=\"https:\/\/aderj.com.br\/index.php\/2026\/01\/07\/resolucao-sefaz-no-852-de-06-de-janeiro-de-2026\/\" tabindex=\"-1\" target=&quot;_blank&quot;>\n\t\t\t<div class=\"elementor-post__thumbnail\"><img loading=\"lazy\" decoding=\"async\" width=\"2000\" height=\"2000\" src=\"https:\/\/aderj.com.br\/wp-content\/uploads\/2026\/01\/A-Resolucao-SEFAZ-no-816-de-09-de-setembro-de-2025-trouxe-alteracoes-na-Resolucao-SEFAZ-no-7202014-que-trata-da-inscricao-e-da-situacao-cadastral-dos-contribuintes-do-ICMS-no-Estado-do-Rio-de-J.png\" class=\"attachment-full size-full wp-image-14929\" alt=\"\" srcset=\"https:\/\/aderj.com.br\/wp-content\/uploads\/2026\/01\/A-Resolucao-SEFAZ-no-816-de-09-de-setembro-de-2025-trouxe-alteracoes-na-Resolucao-SEFAZ-no-7202014-que-trata-da-inscricao-e-da-situacao-cadastral-dos-contribuintes-do-ICMS-no-Estado-do-Rio-de-J.png 2000w, https:\/\/aderj.com.br\/wp-content\/uploads\/2026\/01\/A-Resolucao-SEFAZ-no-816-de-09-de-setembro-de-2025-trouxe-alteracoes-na-Resolucao-SEFAZ-no-7202014-que-trata-da-inscricao-e-da-situacao-cadastral-dos-contribuintes-do-ICMS-no-Estado-do-Rio-de-J-300x300.png 300w, https:\/\/aderj.com.br\/wp-content\/uploads\/2026\/01\/A-Resolucao-SEFAZ-no-816-de-09-de-setembro-de-2025-trouxe-alteracoes-na-Resolucao-SEFAZ-no-7202014-que-trata-da-inscricao-e-da-situacao-cadastral-dos-contribuintes-do-ICMS-no-Estado-do-Rio-de-J-1024x1024.png 1024w, https:\/\/aderj.com.br\/wp-content\/uploads\/2026\/01\/A-Resolucao-SEFAZ-no-816-de-09-de-setembro-de-2025-trouxe-alteracoes-na-Resolucao-SEFAZ-no-7202014-que-trata-da-inscricao-e-da-situacao-cadastral-dos-contribuintes-do-ICMS-no-Estado-do-Rio-de-J-150x150.png 150w, https:\/\/aderj.com.br\/wp-content\/uploads\/2026\/01\/A-Resolucao-SEFAZ-no-816-de-09-de-setembro-de-2025-trouxe-alteracoes-na-Resolucao-SEFAZ-no-7202014-que-trata-da-inscricao-e-da-situacao-cadastral-dos-contribuintes-do-ICMS-no-Estado-do-Rio-de-J-768x768.png 768w, https:\/\/aderj.com.br\/wp-content\/uploads\/2026\/01\/A-Resolucao-SEFAZ-no-816-de-09-de-setembro-de-2025-trouxe-alteracoes-na-Resolucao-SEFAZ-no-7202014-que-trata-da-inscricao-e-da-situacao-cadastral-dos-contribuintes-do-ICMS-no-Estado-do-Rio-de-J-1536x1536.png 1536w\" sizes=\"(max-width: 2000px) 100vw, 2000px\" \/><\/div>\n\t\t<\/a>\n\t\t\t\t<div class=\"elementor-post__text\">\n\t\t\t\t<h3 class=\"elementor-post__title\">\n\t\t\t<a href=\"https:\/\/aderj.com.br\/index.php\/2026\/01\/07\/resolucao-sefaz-no-852-de-06-de-janeiro-de-2026\/\" target=&quot;_blank&quot;>\n\t\t\t\tRESOLU\u00c7\u00c3O SEFAZ N\u00ba 852 DE 06 DE JANEIRO DE 2026\t\t\t<\/a>\n\t\t<\/h3>\n\t\t\t\t<div class=\"elementor-post__meta-data\">\n\t\t\t\t\t<span class=\"elementor-post-date\">\n\t\t\t07\/01\/2026\t\t<\/span>\n\t\t\t\t<\/div>\n\t\t\n\t\t<a class=\"elementor-post__read-more\" href=\"https:\/\/aderj.com.br\/index.php\/2026\/01\/07\/resolucao-sefaz-no-852-de-06-de-janeiro-de-2026\/\" aria-label=\"Read more about RESOLU\u00c7\u00c3O SEFAZ N\u00ba 852 DE 06 DE JANEIRO DE 2026\" tabindex=\"-1\" target=\"_blank\">\n\t\t\tLer not\u00edcia \u00bb\t\t<\/a>\n\n\t\t\t\t<\/div>\n\t\t\t\t<\/article>\n\t\t\t\t<article class=\"elementor-post elementor-grid-item post-14894 post type-post status-publish format-standard has-post-thumbnail hentry category-blog tag-rota-da-gestao\" role=\"listitem\">\n\t\t\t\t<a class=\"elementor-post__thumbnail__link\" href=\"https:\/\/aderj.com.br\/index.php\/2025\/12\/15\/compras-e-armazenagem-de-altaperformance-blindando-margens-efortalecendo-a-liquidez-da-operacao\/\" tabindex=\"-1\" target=&quot;_blank&quot;>\n\t\t\t<div class=\"elementor-post__thumbnail\"><img loading=\"lazy\" decoding=\"async\" width=\"2000\" height=\"2000\" src=\"https:\/\/aderj.com.br\/wp-content\/uploads\/2025\/09\/Newsletter-Aquila-quadrado-1.png\" class=\"attachment-full size-full wp-image-14654\" alt=\"\" srcset=\"https:\/\/aderj.com.br\/wp-content\/uploads\/2025\/09\/Newsletter-Aquila-quadrado-1.png 2000w, https:\/\/aderj.com.br\/wp-content\/uploads\/2025\/09\/Newsletter-Aquila-quadrado-1-300x300.png 300w, https:\/\/aderj.com.br\/wp-content\/uploads\/2025\/09\/Newsletter-Aquila-quadrado-1-1024x1024.png 1024w, https:\/\/aderj.com.br\/wp-content\/uploads\/2025\/09\/Newsletter-Aquila-quadrado-1-150x150.png 150w, https:\/\/aderj.com.br\/wp-content\/uploads\/2025\/09\/Newsletter-Aquila-quadrado-1-768x768.png 768w, https:\/\/aderj.com.br\/wp-content\/uploads\/2025\/09\/Newsletter-Aquila-quadrado-1-1536x1536.png 1536w\" sizes=\"(max-width: 2000px) 100vw, 2000px\" \/><\/div>\n\t\t<\/a>\n\t\t\t\t<div class=\"elementor-post__text\">\n\t\t\t\t<h3 class=\"elementor-post__title\">\n\t\t\t<a href=\"https:\/\/aderj.com.br\/index.php\/2025\/12\/15\/compras-e-armazenagem-de-altaperformance-blindando-margens-efortalecendo-a-liquidez-da-operacao\/\" target=&quot;_blank&quot;>\n\t\t\t\tCompras e Armazenagem de Alta Performance: blindando margens efortalecendo a liquidez da opera\u00e7\u00e3o\t\t\t<\/a>\n\t\t<\/h3>\n\t\t\t\t<div class=\"elementor-post__meta-data\">\n\t\t\t\t\t<span class=\"elementor-post-date\">\n\t\t\t15\/12\/2025\t\t<\/span>\n\t\t\t\t<\/div>\n\t\t\n\t\t<a class=\"elementor-post__read-more\" href=\"https:\/\/aderj.com.br\/index.php\/2025\/12\/15\/compras-e-armazenagem-de-altaperformance-blindando-margens-efortalecendo-a-liquidez-da-operacao\/\" aria-label=\"Read more about Compras e Armazenagem de Alta Performance: blindando margens efortalecendo a liquidez da opera\u00e7\u00e3o\" tabindex=\"-1\" target=\"_blank\">\n\t\t\tLer not\u00edcia \u00bb\t\t<\/a>\n\n\t\t\t\t<\/div>\n\t\t\t\t<\/article>\n\t\t\t\t<article class=\"elementor-post elementor-grid-item post-14918 post type-post status-publish format-standard has-post-thumbnail hentry category-blog\" role=\"listitem\">\n\t\t\t\t<a class=\"elementor-post__thumbnail__link\" href=\"https:\/\/aderj.com.br\/index.php\/2025\/12\/12\/cado-crescimento-com-controle-na-distribuicao-b2b\/\" tabindex=\"-1\" target=&quot;_blank&quot;>\n\t\t\t<div class=\"elementor-post__thumbnail\"><img loading=\"lazy\" decoding=\"async\" width=\"1000\" height=\"1000\" src=\"https:\/\/aderj.com.br\/wp-content\/uploads\/2025\/12\/Design-sem-nome-12.png\" class=\"attachment-full size-full wp-image-14919\" alt=\"\" srcset=\"https:\/\/aderj.com.br\/wp-content\/uploads\/2025\/12\/Design-sem-nome-12.png 1000w, https:\/\/aderj.com.br\/wp-content\/uploads\/2025\/12\/Design-sem-nome-12-300x300.png 300w, https:\/\/aderj.com.br\/wp-content\/uploads\/2025\/12\/Design-sem-nome-12-150x150.png 150w, https:\/\/aderj.com.br\/wp-content\/uploads\/2025\/12\/Design-sem-nome-12-768x768.png 768w\" sizes=\"(max-width: 1000px) 100vw, 1000px\" \/><\/div>\n\t\t<\/a>\n\t\t\t\t<div class=\"elementor-post__text\">\n\t\t\t\t<h3 class=\"elementor-post__title\">\n\t\t\t<a href=\"https:\/\/aderj.com.br\/index.php\/2025\/12\/12\/cado-crescimento-com-controle-na-distribuicao-b2b\/\" target=&quot;_blank&quot;>\n\t\t\t\tCado: Crescimento com Controle na Distribui\u00e7\u00e3o B2B\t\t\t<\/a>\n\t\t<\/h3>\n\t\t\t\t<div class=\"elementor-post__meta-data\">\n\t\t\t\t\t<span class=\"elementor-post-date\">\n\t\t\t12\/12\/2025\t\t<\/span>\n\t\t\t\t<\/div>\n\t\t\n\t\t<a class=\"elementor-post__read-more\" href=\"https:\/\/aderj.com.br\/index.php\/2025\/12\/12\/cado-crescimento-com-controle-na-distribuicao-b2b\/\" aria-label=\"Read more about Cado: Crescimento com Controle na Distribui\u00e7\u00e3o B2B\" tabindex=\"-1\" target=\"_blank\">\n\t\t\tLer not\u00edcia \u00bb\t\t<\/a>\n\n\t\t\t\t<\/div>\n\t\t\t\t<\/article>\n\t\t\t\t<article class=\"elementor-post elementor-grid-item post-14909 post type-post status-publish format-standard has-post-thumbnail hentry category-blog\" role=\"listitem\">\n\t\t\t\t<a class=\"elementor-post__thumbnail__link\" href=\"https:\/\/aderj.com.br\/index.php\/2025\/12\/11\/sua-nf-esta-preparada-para-a-reforma-tributaria\/\" tabindex=\"-1\" target=&quot;_blank&quot;>\n\t\t\t<div class=\"elementor-post__thumbnail\"><img loading=\"lazy\" decoding=\"async\" width=\"400\" height=\"400\" src=\"https:\/\/aderj.com.br\/wp-content\/uploads\/2025\/12\/Design-sem-nome-9.png\" class=\"attachment-full size-full wp-image-14911\" alt=\"\" srcset=\"https:\/\/aderj.com.br\/wp-content\/uploads\/2025\/12\/Design-sem-nome-9.png 400w, https:\/\/aderj.com.br\/wp-content\/uploads\/2025\/12\/Design-sem-nome-9-300x300.png 300w, https:\/\/aderj.com.br\/wp-content\/uploads\/2025\/12\/Design-sem-nome-9-150x150.png 150w\" sizes=\"(max-width: 400px) 100vw, 400px\" \/><\/div>\n\t\t<\/a>\n\t\t\t\t<div class=\"elementor-post__text\">\n\t\t\t\t<h3 class=\"elementor-post__title\">\n\t\t\t<a href=\"https:\/\/aderj.com.br\/index.php\/2025\/12\/11\/sua-nf-esta-preparada-para-a-reforma-tributaria\/\" target=&quot;_blank&quot;>\n\t\t\t\tSua NF est\u00e1 preparada para a Reforma Tribut\u00e1ria?\t\t\t<\/a>\n\t\t<\/h3>\n\t\t\t\t<div class=\"elementor-post__meta-data\">\n\t\t\t\t\t<span class=\"elementor-post-date\">\n\t\t\t11\/12\/2025\t\t<\/span>\n\t\t\t\t<\/div>\n\t\t\n\t\t<a class=\"elementor-post__read-more\" href=\"https:\/\/aderj.com.br\/index.php\/2025\/12\/11\/sua-nf-esta-preparada-para-a-reforma-tributaria\/\" aria-label=\"Read more about Sua NF est\u00e1 preparada para a Reforma Tribut\u00e1ria?\" tabindex=\"-1\" target=\"_blank\">\n\t\t\tLer not\u00edcia \u00bb\t\t<\/a>\n\n\t\t\t\t<\/div>\n\t\t\t\t<\/article>\n\t\t\t\t<article class=\"elementor-post elementor-grid-item post-14903 post type-post status-publish format-standard has-post-thumbnail hentry category-blog\" role=\"listitem\">\n\t\t\t\t<a class=\"elementor-post__thumbnail__link\" href=\"https:\/\/aderj.com.br\/index.php\/2025\/12\/08\/dr-rogerio-dias-correia-e-o-novo-diretor-juridico-da-aderj\/\" tabindex=\"-1\" target=&quot;_blank&quot;>\n\t\t\t<div class=\"elementor-post__thumbnail\"><img loading=\"lazy\" decoding=\"async\" width=\"400\" height=\"400\" src=\"https:\/\/aderj.com.br\/wp-content\/uploads\/2025\/12\/Design-sem-nome-8.png\" class=\"attachment-full size-full wp-image-14905\" alt=\"\" srcset=\"https:\/\/aderj.com.br\/wp-content\/uploads\/2025\/12\/Design-sem-nome-8.png 400w, https:\/\/aderj.com.br\/wp-content\/uploads\/2025\/12\/Design-sem-nome-8-300x300.png 300w, https:\/\/aderj.com.br\/wp-content\/uploads\/2025\/12\/Design-sem-nome-8-150x150.png 150w\" sizes=\"(max-width: 400px) 100vw, 400px\" \/><\/div>\n\t\t<\/a>\n\t\t\t\t<div class=\"elementor-post__text\">\n\t\t\t\t<h3 class=\"elementor-post__title\">\n\t\t\t<a href=\"https:\/\/aderj.com.br\/index.php\/2025\/12\/08\/dr-rogerio-dias-correia-e-o-novo-diretor-juridico-da-aderj\/\" target=&quot;_blank&quot;>\n\t\t\t\tDr. Rog\u00e9rio Dias Correia \u00e9 o novo Diretor Jur\u00eddico da ADERJ\t\t\t<\/a>\n\t\t<\/h3>\n\t\t\t\t<div class=\"elementor-post__meta-data\">\n\t\t\t\t\t<span class=\"elementor-post-date\">\n\t\t\t08\/12\/2025\t\t<\/span>\n\t\t\t\t<\/div>\n\t\t\n\t\t<a class=\"elementor-post__read-more\" href=\"https:\/\/aderj.com.br\/index.php\/2025\/12\/08\/dr-rogerio-dias-correia-e-o-novo-diretor-juridico-da-aderj\/\" aria-label=\"Read more about Dr. Rog\u00e9rio Dias Correia \u00e9 o novo Diretor Jur\u00eddico da ADERJ\" tabindex=\"-1\" target=\"_blank\">\n\t\t\tLer not\u00edcia \u00bb\t\t<\/a>\n\n\t\t\t\t<\/div>\n\t\t\t\t<\/article>\n\t\t\t\t<article class=\"elementor-post elementor-grid-item post-14896 post type-post status-publish format-standard has-post-thumbnail hentry category-blog\" role=\"listitem\">\n\t\t\t\t<a class=\"elementor-post__thumbnail__link\" href=\"https:\/\/aderj.com.br\/index.php\/2025\/12\/08\/conexao-juridica-contratos-de-fornecimento\/\" tabindex=\"-1\" target=&quot;_blank&quot;>\n\t\t\t<div class=\"elementor-post__thumbnail\"><img loading=\"lazy\" decoding=\"async\" width=\"1080\" height=\"1080\" src=\"https:\/\/aderj.com.br\/wp-content\/uploads\/2025\/12\/NOVEMBRO-DE-2025-2-e1765199747453.png\" class=\"attachment-full size-full wp-image-14897\" alt=\"\" srcset=\"https:\/\/aderj.com.br\/wp-content\/uploads\/2025\/12\/NOVEMBRO-DE-2025-2-e1765199747453.png 1080w, https:\/\/aderj.com.br\/wp-content\/uploads\/2025\/12\/NOVEMBRO-DE-2025-2-e1765199747453-300x300.png 300w, https:\/\/aderj.com.br\/wp-content\/uploads\/2025\/12\/NOVEMBRO-DE-2025-2-e1765199747453-1024x1024.png 1024w, https:\/\/aderj.com.br\/wp-content\/uploads\/2025\/12\/NOVEMBRO-DE-2025-2-e1765199747453-150x150.png 150w, https:\/\/aderj.com.br\/wp-content\/uploads\/2025\/12\/NOVEMBRO-DE-2025-2-e1765199747453-768x768.png 768w\" sizes=\"(max-width: 1080px) 100vw, 1080px\" \/><\/div>\n\t\t<\/a>\n\t\t\t\t<div class=\"elementor-post__text\">\n\t\t\t\t<h3 class=\"elementor-post__title\">\n\t\t\t<a href=\"https:\/\/aderj.com.br\/index.php\/2025\/12\/08\/conexao-juridica-contratos-de-fornecimento\/\" target=&quot;_blank&quot;>\n\t\t\t\tCONEX\u00c3O JUR\u00cdDICA: CONTRATOS DE FORNECIMENTO\t\t\t<\/a>\n\t\t<\/h3>\n\t\t\t\t<div class=\"elementor-post__meta-data\">\n\t\t\t\t\t<span class=\"elementor-post-date\">\n\t\t\t08\/12\/2025\t\t<\/span>\n\t\t\t\t<\/div>\n\t\t\n\t\t<a class=\"elementor-post__read-more\" href=\"https:\/\/aderj.com.br\/index.php\/2025\/12\/08\/conexao-juridica-contratos-de-fornecimento\/\" aria-label=\"Read more about CONEX\u00c3O JUR\u00cdDICA: CONTRATOS DE FORNECIMENTO\" tabindex=\"-1\" target=\"_blank\">\n\t\t\tLer not\u00edcia \u00bb\t\t<\/a>\n\n\t\t\t\t<\/div>\n\t\t\t\t<\/article>\n\t\t\t\t<article class=\"elementor-post elementor-grid-item post-14890 post type-post status-publish format-standard has-post-thumbnail hentry category-blog\" role=\"listitem\">\n\t\t\t\t<a class=\"elementor-post__thumbnail__link\" href=\"https:\/\/aderj.com.br\/index.php\/2025\/12\/03\/reflexao-sobre-a-protecao-familiar-e-patrimonial\/\" tabindex=\"-1\" target=&quot;_blank&quot;>\n\t\t\t<div class=\"elementor-post__thumbnail\"><img loading=\"lazy\" decoding=\"async\" width=\"400\" height=\"400\" src=\"https:\/\/aderj.com.br\/wp-content\/uploads\/2025\/12\/Design-sem-nome-7.png\" class=\"attachment-full size-full wp-image-14892\" alt=\"\" srcset=\"https:\/\/aderj.com.br\/wp-content\/uploads\/2025\/12\/Design-sem-nome-7.png 400w, https:\/\/aderj.com.br\/wp-content\/uploads\/2025\/12\/Design-sem-nome-7-300x300.png 300w, https:\/\/aderj.com.br\/wp-content\/uploads\/2025\/12\/Design-sem-nome-7-150x150.png 150w\" sizes=\"(max-width: 400px) 100vw, 400px\" \/><\/div>\n\t\t<\/a>\n\t\t\t\t<div class=\"elementor-post__text\">\n\t\t\t\t<h3 class=\"elementor-post__title\">\n\t\t\t<a href=\"https:\/\/aderj.com.br\/index.php\/2025\/12\/03\/reflexao-sobre-a-protecao-familiar-e-patrimonial\/\" target=&quot;_blank&quot;>\n\t\t\t\tReflex\u00e3o sobre a Prote\u00e7\u00e3o Familiar e Patrimonial\t\t\t<\/a>\n\t\t<\/h3>\n\t\t\t\t<div class=\"elementor-post__meta-data\">\n\t\t\t\t\t<span class=\"elementor-post-date\">\n\t\t\t03\/12\/2025\t\t<\/span>\n\t\t\t\t<\/div>\n\t\t\n\t\t<a class=\"elementor-post__read-more\" href=\"https:\/\/aderj.com.br\/index.php\/2025\/12\/03\/reflexao-sobre-a-protecao-familiar-e-patrimonial\/\" aria-label=\"Read more about Reflex\u00e3o sobre a Prote\u00e7\u00e3o Familiar e Patrimonial\" tabindex=\"-1\" target=\"_blank\">\n\t\t\tLer not\u00edcia \u00bb\t\t<\/a>\n\n\t\t\t\t<\/div>\n\t\t\t\t<\/article>\n\t\t\t\t<article class=\"elementor-post elementor-grid-item post-14878 post type-post status-publish format-standard has-post-thumbnail hentry category-blog\" role=\"listitem\">\n\t\t\t\t<a class=\"elementor-post__thumbnail__link\" href=\"https:\/\/aderj.com.br\/index.php\/2025\/11\/24\/presidente-da-aderj-sr-jorge-menendes-prestigia-o-lancamento-do-novo-livro-do-dr-rogerio-dias-correia\/\" tabindex=\"-1\" target=&quot;_blank&quot;>\n\t\t\t<div class=\"elementor-post__thumbnail\"><img loading=\"lazy\" decoding=\"async\" width=\"853\" height=\"853\" src=\"https:\/\/aderj.com.br\/wp-content\/uploads\/2025\/11\/WhatsApp-Image-2025-11-20-at-11.55.09-e1764005668887.jpeg\" class=\"attachment-full size-full wp-image-14879\" alt=\"\" srcset=\"https:\/\/aderj.com.br\/wp-content\/uploads\/2025\/11\/WhatsApp-Image-2025-11-20-at-11.55.09-e1764005668887.jpeg 853w, https:\/\/aderj.com.br\/wp-content\/uploads\/2025\/11\/WhatsApp-Image-2025-11-20-at-11.55.09-e1764005668887-300x300.jpeg 300w, https:\/\/aderj.com.br\/wp-content\/uploads\/2025\/11\/WhatsApp-Image-2025-11-20-at-11.55.09-e1764005668887-150x150.jpeg 150w, https:\/\/aderj.com.br\/wp-content\/uploads\/2025\/11\/WhatsApp-Image-2025-11-20-at-11.55.09-e1764005668887-768x768.jpeg 768w\" sizes=\"(max-width: 853px) 100vw, 853px\" \/><\/div>\n\t\t<\/a>\n\t\t\t\t<div class=\"elementor-post__text\">\n\t\t\t\t<h3 class=\"elementor-post__title\">\n\t\t\t<a href=\"https:\/\/aderj.com.br\/index.php\/2025\/11\/24\/presidente-da-aderj-sr-jorge-menendes-prestigia-o-lancamento-do-novo-livro-do-dr-rogerio-dias-correia\/\" target=&quot;_blank&quot;>\n\t\t\t\tPresidente da ADERJ, Sr. Jorge Menendes, prestigia o lan\u00e7amento do novo livro do Dr. Rog\u00e9rio Dias Correia\t\t\t<\/a>\n\t\t<\/h3>\n\t\t\t\t<div class=\"elementor-post__meta-data\">\n\t\t\t\t\t<span class=\"elementor-post-date\">\n\t\t\t24\/11\/2025\t\t<\/span>\n\t\t\t\t<\/div>\n\t\t\n\t\t<a class=\"elementor-post__read-more\" href=\"https:\/\/aderj.com.br\/index.php\/2025\/11\/24\/presidente-da-aderj-sr-jorge-menendes-prestigia-o-lancamento-do-novo-livro-do-dr-rogerio-dias-correia\/\" aria-label=\"Read more about Presidente da ADERJ, Sr. Jorge Menendes, prestigia o lan\u00e7amento do novo livro do Dr. Rog\u00e9rio Dias Correia\" tabindex=\"-1\" target=\"_blank\">\n\t\t\tLer not\u00edcia \u00bb\t\t<\/a>\n\n\t\t\t\t<\/div>\n\t\t\t\t<\/article>\n\t\t\t\t<article class=\"elementor-post elementor-grid-item post-14864 post type-post status-publish format-standard has-post-thumbnail hentry category-blog tag-rota-da-gestao\" role=\"listitem\">\n\t\t\t\t<a class=\"elementor-post__thumbnail__link\" href=\"https:\/\/aderj.com.br\/index.php\/2025\/11\/18\/voce-conhece-de-verdade-o-obz-orcamento-base-zero\/\" tabindex=\"-1\" target=&quot;_blank&quot;>\n\t\t\t<div class=\"elementor-post__thumbnail\"><img loading=\"lazy\" decoding=\"async\" width=\"2000\" height=\"2000\" src=\"https:\/\/aderj.com.br\/wp-content\/uploads\/2025\/09\/Newsletter-Aquila-quadrado-1.png\" class=\"attachment-full size-full wp-image-14654\" alt=\"\" srcset=\"https:\/\/aderj.com.br\/wp-content\/uploads\/2025\/09\/Newsletter-Aquila-quadrado-1.png 2000w, https:\/\/aderj.com.br\/wp-content\/uploads\/2025\/09\/Newsletter-Aquila-quadrado-1-300x300.png 300w, https:\/\/aderj.com.br\/wp-content\/uploads\/2025\/09\/Newsletter-Aquila-quadrado-1-1024x1024.png 1024w, https:\/\/aderj.com.br\/wp-content\/uploads\/2025\/09\/Newsletter-Aquila-quadrado-1-150x150.png 150w, https:\/\/aderj.com.br\/wp-content\/uploads\/2025\/09\/Newsletter-Aquila-quadrado-1-768x768.png 768w, https:\/\/aderj.com.br\/wp-content\/uploads\/2025\/09\/Newsletter-Aquila-quadrado-1-1536x1536.png 1536w\" sizes=\"(max-width: 2000px) 100vw, 2000px\" \/><\/div>\n\t\t<\/a>\n\t\t\t\t<div class=\"elementor-post__text\">\n\t\t\t\t<h3 class=\"elementor-post__title\">\n\t\t\t<a href=\"https:\/\/aderj.com.br\/index.php\/2025\/11\/18\/voce-conhece-de-verdade-o-obz-orcamento-base-zero\/\" target=&quot;_blank&quot;>\n\t\t\t\tVoc\u00ea conhece de verdade o OBZ (Or\u00e7amento Base Zero)?\t\t\t<\/a>\n\t\t<\/h3>\n\t\t\t\t<div class=\"elementor-post__meta-data\">\n\t\t\t\t\t<span class=\"elementor-post-date\">\n\t\t\t18\/11\/2025\t\t<\/span>\n\t\t\t\t<\/div>\n\t\t\n\t\t<a class=\"elementor-post__read-more\" href=\"https:\/\/aderj.com.br\/index.php\/2025\/11\/18\/voce-conhece-de-verdade-o-obz-orcamento-base-zero\/\" aria-label=\"Read more about Voc\u00ea conhece de verdade o OBZ (Or\u00e7amento Base Zero)?\" tabindex=\"-1\" target=\"_blank\">\n\t\t\tLer not\u00edcia \u00bb\t\t<\/a>\n\n\t\t\t\t<\/div>\n\t\t\t\t<\/article>\n\t\t\t\t<article class=\"elementor-post elementor-grid-item post-14858 post type-post status-publish format-standard has-post-thumbnail hentry category-blog\" role=\"listitem\">\n\t\t\t\t<a class=\"elementor-post__thumbnail__link\" href=\"https:\/\/aderj.com.br\/index.php\/2025\/11\/14\/resolucao-conjunta-sefaz-sedeics-no-70-2025de-11-de-novembro-de-2025\/\" tabindex=\"-1\" target=&quot;_blank&quot;>\n\t\t\t<div class=\"elementor-post__thumbnail\"><img loading=\"lazy\" decoding=\"async\" width=\"2000\" height=\"2000\" src=\"https:\/\/aderj.com.br\/wp-content\/uploads\/2025\/11\/A-Resolucao-SEFAZ-no-816-de-09-de-setembro-de-2025-trouxe-alteracoes-na-Resolucao-SEFAZ-no-7202014-que-trata-da-inscricao-e-da-situacao-cadastral-dos-contribuintes-do-ICMS-no-Estado-do-Rio-de-J.png\" class=\"attachment-full size-full wp-image-14859\" alt=\"\" srcset=\"https:\/\/aderj.com.br\/wp-content\/uploads\/2025\/11\/A-Resolucao-SEFAZ-no-816-de-09-de-setembro-de-2025-trouxe-alteracoes-na-Resolucao-SEFAZ-no-7202014-que-trata-da-inscricao-e-da-situacao-cadastral-dos-contribuintes-do-ICMS-no-Estado-do-Rio-de-J.png 2000w, https:\/\/aderj.com.br\/wp-content\/uploads\/2025\/11\/A-Resolucao-SEFAZ-no-816-de-09-de-setembro-de-2025-trouxe-alteracoes-na-Resolucao-SEFAZ-no-7202014-que-trata-da-inscricao-e-da-situacao-cadastral-dos-contribuintes-do-ICMS-no-Estado-do-Rio-de-J-300x300.png 300w, https:\/\/aderj.com.br\/wp-content\/uploads\/2025\/11\/A-Resolucao-SEFAZ-no-816-de-09-de-setembro-de-2025-trouxe-alteracoes-na-Resolucao-SEFAZ-no-7202014-que-trata-da-inscricao-e-da-situacao-cadastral-dos-contribuintes-do-ICMS-no-Estado-do-Rio-de-J-1024x1024.png 1024w, https:\/\/aderj.com.br\/wp-content\/uploads\/2025\/11\/A-Resolucao-SEFAZ-no-816-de-09-de-setembro-de-2025-trouxe-alteracoes-na-Resolucao-SEFAZ-no-7202014-que-trata-da-inscricao-e-da-situacao-cadastral-dos-contribuintes-do-ICMS-no-Estado-do-Rio-de-J-150x150.png 150w, https:\/\/aderj.com.br\/wp-content\/uploads\/2025\/11\/A-Resolucao-SEFAZ-no-816-de-09-de-setembro-de-2025-trouxe-alteracoes-na-Resolucao-SEFAZ-no-7202014-que-trata-da-inscricao-e-da-situacao-cadastral-dos-contribuintes-do-ICMS-no-Estado-do-Rio-de-J-768x768.png 768w, https:\/\/aderj.com.br\/wp-content\/uploads\/2025\/11\/A-Resolucao-SEFAZ-no-816-de-09-de-setembro-de-2025-trouxe-alteracoes-na-Resolucao-SEFAZ-no-7202014-que-trata-da-inscricao-e-da-situacao-cadastral-dos-contribuintes-do-ICMS-no-Estado-do-Rio-de-J-1536x1536.png 1536w\" sizes=\"(max-width: 2000px) 100vw, 2000px\" \/><\/div>\n\t\t<\/a>\n\t\t\t\t<div class=\"elementor-post__text\">\n\t\t\t\t<h3 class=\"elementor-post__title\">\n\t\t\t<a href=\"https:\/\/aderj.com.br\/index.php\/2025\/11\/14\/resolucao-conjunta-sefaz-sedeics-no-70-2025de-11-de-novembro-de-2025\/\" target=&quot;_blank&quot;>\n\t\t\t\tRESOLU\u00c7\u00c3O CONJUNTA SEFAZ\/SEDEICS N\u00ba 70\/2025DE 11 DE NOVEMBRO DE 2025\t\t\t<\/a>\n\t\t<\/h3>\n\t\t\t\t<div class=\"elementor-post__meta-data\">\n\t\t\t\t\t<span class=\"elementor-post-date\">\n\t\t\t14\/11\/2025\t\t<\/span>\n\t\t\t\t<\/div>\n\t\t\n\t\t<a class=\"elementor-post__read-more\" href=\"https:\/\/aderj.com.br\/index.php\/2025\/11\/14\/resolucao-conjunta-sefaz-sedeics-no-70-2025de-11-de-novembro-de-2025\/\" aria-label=\"Read more about RESOLU\u00c7\u00c3O CONJUNTA SEFAZ\/SEDEICS N\u00ba 70\/2025DE 11 DE NOVEMBRO DE 2025\" tabindex=\"-1\" target=\"_blank\">\n\t\t\tLer not\u00edcia \u00bb\t\t<\/a>\n\n\t\t\t\t<\/div>\n\t\t\t\t<\/article>\n\t\t\t\t<article class=\"elementor-post elementor-grid-item post-14844 post type-post status-publish format-standard has-post-thumbnail hentry category-blog\" role=\"listitem\">\n\t\t\t\t<a class=\"elementor-post__thumbnail__link\" href=\"https:\/\/aderj.com.br\/index.php\/2025\/11\/05\/conexao-juridica-gestao-de-passivo-trabalhista\/\" tabindex=\"-1\" target=&quot;_blank&quot;>\n\t\t\t<div class=\"elementor-post__thumbnail\"><img loading=\"lazy\" decoding=\"async\" width=\"2000\" height=\"2000\" src=\"https:\/\/aderj.com.br\/wp-content\/uploads\/2025\/11\/Design-sem-nome-3.png\" class=\"attachment-full size-full wp-image-14848\" alt=\"\" srcset=\"https:\/\/aderj.com.br\/wp-content\/uploads\/2025\/11\/Design-sem-nome-3.png 2000w, https:\/\/aderj.com.br\/wp-content\/uploads\/2025\/11\/Design-sem-nome-3-300x300.png 300w, https:\/\/aderj.com.br\/wp-content\/uploads\/2025\/11\/Design-sem-nome-3-1024x1024.png 1024w, https:\/\/aderj.com.br\/wp-content\/uploads\/2025\/11\/Design-sem-nome-3-150x150.png 150w, https:\/\/aderj.com.br\/wp-content\/uploads\/2025\/11\/Design-sem-nome-3-768x768.png 768w, https:\/\/aderj.com.br\/wp-content\/uploads\/2025\/11\/Design-sem-nome-3-1536x1536.png 1536w\" sizes=\"(max-width: 2000px) 100vw, 2000px\" \/><\/div>\n\t\t<\/a>\n\t\t\t\t<div class=\"elementor-post__text\">\n\t\t\t\t<h3 class=\"elementor-post__title\">\n\t\t\t<a href=\"https:\/\/aderj.com.br\/index.php\/2025\/11\/05\/conexao-juridica-gestao-de-passivo-trabalhista\/\" target=&quot;_blank&quot;>\n\t\t\t\tCONEX\u00c3O JUR\u00cdDICA: GEST\u00c3O DE PASSIVO TRABALHISTA\t\t\t<\/a>\n\t\t<\/h3>\n\t\t\t\t<div class=\"elementor-post__meta-data\">\n\t\t\t\t\t<span class=\"elementor-post-date\">\n\t\t\t05\/11\/2025\t\t<\/span>\n\t\t\t\t<\/div>\n\t\t\n\t\t<a class=\"elementor-post__read-more\" href=\"https:\/\/aderj.com.br\/index.php\/2025\/11\/05\/conexao-juridica-gestao-de-passivo-trabalhista\/\" aria-label=\"Read more about CONEX\u00c3O JUR\u00cdDICA: GEST\u00c3O DE PASSIVO TRABALHISTA\" tabindex=\"-1\" target=\"_blank\">\n\t\t\tLer not\u00edcia \u00bb\t\t<\/a>\n\n\t\t\t\t<\/div>\n\t\t\t\t<\/article>\n\t\t\t\t<article class=\"elementor-post elementor-grid-item post-14838 post type-post status-publish format-standard has-post-thumbnail hentry category-blog\" role=\"listitem\">\n\t\t\t\t<a class=\"elementor-post__thumbnail__link\" href=\"https:\/\/aderj.com.br\/index.php\/2025\/10\/30\/comecou-a-campanha-do-natal-solidario-aderj-2025\/\" tabindex=\"-1\" target=&quot;_blank&quot;>\n\t\t\t<div class=\"elementor-post__thumbnail\"><img loading=\"lazy\" decoding=\"async\" width=\"1080\" height=\"1350\" src=\"https:\/\/aderj.com.br\/wp-content\/uploads\/2025\/10\/0eb82a9b-240e-4be5-8512-67af6748f142-1.jpg\" class=\"attachment-full size-full wp-image-14843\" alt=\"\" \/><\/div>\n\t\t<\/a>\n\t\t\t\t<div class=\"elementor-post__text\">\n\t\t\t\t<h3 class=\"elementor-post__title\">\n\t\t\t<a href=\"https:\/\/aderj.com.br\/index.php\/2025\/10\/30\/comecou-a-campanha-do-natal-solidario-aderj-2025\/\" target=&quot;_blank&quot;>\n\t\t\t\tCome\u00e7ou a Campanha do Natal Solid\u00e1rio ADERJ 2025\t\t\t<\/a>\n\t\t<\/h3>\n\t\t\t\t<div class=\"elementor-post__meta-data\">\n\t\t\t\t\t<span class=\"elementor-post-date\">\n\t\t\t30\/10\/2025\t\t<\/span>\n\t\t\t\t<\/div>\n\t\t\n\t\t<a class=\"elementor-post__read-more\" href=\"https:\/\/aderj.com.br\/index.php\/2025\/10\/30\/comecou-a-campanha-do-natal-solidario-aderj-2025\/\" aria-label=\"Read more about Come\u00e7ou a Campanha do Natal Solid\u00e1rio ADERJ 2025\" tabindex=\"-1\" target=\"_blank\">\n\t\t\tLer not\u00edcia \u00bb\t\t<\/a>\n\n\t\t\t\t<\/div>\n\t\t\t\t<\/article>\n\t\t\t\t<article class=\"elementor-post elementor-grid-item post-14820 post type-post status-publish format-standard has-post-thumbnail hentry category-blog\" role=\"listitem\">\n\t\t\t\t<a class=\"elementor-post__thumbnail__link\" href=\"https:\/\/aderj.com.br\/index.php\/2025\/10\/29\/um-marco-na-historia-do-mercado-sao-sebastiao\/\" tabindex=\"-1\" target=&quot;_blank&quot;>\n\t\t\t<div class=\"elementor-post__thumbnail\"><img loading=\"lazy\" decoding=\"async\" width=\"2560\" height=\"1707\" src=\"https:\/\/aderj.com.br\/wp-content\/uploads\/2025\/10\/DSCF0118-scaled.jpg\" class=\"attachment-full size-full wp-image-14821\" alt=\"\" srcset=\"https:\/\/aderj.com.br\/wp-content\/uploads\/2025\/10\/DSCF0118-scaled.jpg 2560w, https:\/\/aderj.com.br\/wp-content\/uploads\/2025\/10\/DSCF0118-1536x1024.jpg 1536w, https:\/\/aderj.com.br\/wp-content\/uploads\/2025\/10\/DSCF0118-2048x1365.jpg 2048w\" sizes=\"(max-width: 2560px) 100vw, 2560px\" \/><\/div>\n\t\t<\/a>\n\t\t\t\t<div class=\"elementor-post__text\">\n\t\t\t\t<h3 class=\"elementor-post__title\">\n\t\t\t<a href=\"https:\/\/aderj.com.br\/index.php\/2025\/10\/29\/um-marco-na-historia-do-mercado-sao-sebastiao\/\" target=&quot;_blank&quot;>\n\t\t\t\tUm marco na hist\u00f3ria do Mercado S\u00e3o Sebasti\u00e3o!\t\t\t<\/a>\n\t\t<\/h3>\n\t\t\t\t<div class=\"elementor-post__meta-data\">\n\t\t\t\t\t<span class=\"elementor-post-date\">\n\t\t\t29\/10\/2025\t\t<\/span>\n\t\t\t\t<\/div>\n\t\t\n\t\t<a class=\"elementor-post__read-more\" href=\"https:\/\/aderj.com.br\/index.php\/2025\/10\/29\/um-marco-na-historia-do-mercado-sao-sebastiao\/\" aria-label=\"Read more about Um marco na hist\u00f3ria do Mercado S\u00e3o Sebasti\u00e3o!\" tabindex=\"-1\" target=\"_blank\">\n\t\t\tLer not\u00edcia \u00bb\t\t<\/a>\n\n\t\t\t\t<\/div>\n\t\t\t\t<\/article>\n\t\t\t\t<article class=\"elementor-post elementor-grid-item post-14810 post type-post status-publish format-standard has-post-thumbnail hentry category-blog\" role=\"listitem\">\n\t\t\t\t<a class=\"elementor-post__thumbnail__link\" href=\"https:\/\/aderj.com.br\/index.php\/2025\/10\/22\/dr-andre-chianca-vice-presidente-da-aderj-representa-a-entidade-em-evento-sobre-reforma-tributaria-em-nova-friburgo\/\" tabindex=\"-1\" target=&quot;_blank&quot;>\n\t\t\t<div class=\"elementor-post__thumbnail\"><img loading=\"lazy\" decoding=\"async\" width=\"960\" height=\"880\" src=\"https:\/\/aderj.com.br\/wp-content\/uploads\/2025\/10\/Imagem-do-WhatsApp-de-2025-10-16-as-15.55.36_6bad78dd-e1761158082209.jpg\" class=\"attachment-full size-full wp-image-14811\" alt=\"\" \/><\/div>\n\t\t<\/a>\n\t\t\t\t<div class=\"elementor-post__text\">\n\t\t\t\t<h3 class=\"elementor-post__title\">\n\t\t\t<a href=\"https:\/\/aderj.com.br\/index.php\/2025\/10\/22\/dr-andre-chianca-vice-presidente-da-aderj-representa-a-entidade-em-evento-sobre-reforma-tributaria-em-nova-friburgo\/\" target=&quot;_blank&quot;>\n\t\t\t\tDr. Andr\u00e9 Chianca, Vice-Presidente da ADERJ, representa a entidade em evento sobre Reforma Tribut\u00e1ria em Nova Friburgo.\t\t\t<\/a>\n\t\t<\/h3>\n\t\t\t\t<div class=\"elementor-post__meta-data\">\n\t\t\t\t\t<span class=\"elementor-post-date\">\n\t\t\t22\/10\/2025\t\t<\/span>\n\t\t\t\t<\/div>\n\t\t\n\t\t<a class=\"elementor-post__read-more\" href=\"https:\/\/aderj.com.br\/index.php\/2025\/10\/22\/dr-andre-chianca-vice-presidente-da-aderj-representa-a-entidade-em-evento-sobre-reforma-tributaria-em-nova-friburgo\/\" aria-label=\"Read more about Dr. Andr\u00e9 Chianca, Vice-Presidente da ADERJ, representa a entidade em evento sobre Reforma Tribut\u00e1ria em Nova Friburgo.\" tabindex=\"-1\" target=\"_blank\">\n\t\t\tLer not\u00edcia \u00bb\t\t<\/a>\n\n\t\t\t\t<\/div>\n\t\t\t\t<\/article>\n\t\t\t\t<article class=\"elementor-post elementor-grid-item post-14800 post type-post status-publish format-standard has-post-thumbnail hentry category-blog tag-rota-da-gestao\" role=\"listitem\">\n\t\t\t\t<a class=\"elementor-post__thumbnail__link\" href=\"https:\/\/aderj.com.br\/index.php\/2025\/10\/17\/maquinas-preditivas-de-demandafortalecendo-sua-cadeia-de-valor\/\" tabindex=\"-1\" target=&quot;_blank&quot;>\n\t\t\t<div class=\"elementor-post__thumbnail\"><img loading=\"lazy\" decoding=\"async\" width=\"2000\" height=\"2000\" src=\"https:\/\/aderj.com.br\/wp-content\/uploads\/2025\/09\/Newsletter-Aquila-quadrado-1.png\" class=\"attachment-full size-full wp-image-14654\" alt=\"\" srcset=\"https:\/\/aderj.com.br\/wp-content\/uploads\/2025\/09\/Newsletter-Aquila-quadrado-1.png 2000w, https:\/\/aderj.com.br\/wp-content\/uploads\/2025\/09\/Newsletter-Aquila-quadrado-1-300x300.png 300w, https:\/\/aderj.com.br\/wp-content\/uploads\/2025\/09\/Newsletter-Aquila-quadrado-1-1024x1024.png 1024w, https:\/\/aderj.com.br\/wp-content\/uploads\/2025\/09\/Newsletter-Aquila-quadrado-1-150x150.png 150w, https:\/\/aderj.com.br\/wp-content\/uploads\/2025\/09\/Newsletter-Aquila-quadrado-1-768x768.png 768w, https:\/\/aderj.com.br\/wp-content\/uploads\/2025\/09\/Newsletter-Aquila-quadrado-1-1536x1536.png 1536w\" sizes=\"(max-width: 2000px) 100vw, 2000px\" \/><\/div>\n\t\t<\/a>\n\t\t\t\t<div class=\"elementor-post__text\">\n\t\t\t\t<h3 class=\"elementor-post__title\">\n\t\t\t<a href=\"https:\/\/aderj.com.br\/index.php\/2025\/10\/17\/maquinas-preditivas-de-demandafortalecendo-sua-cadeia-de-valor\/\" target=&quot;_blank&quot;>\n\t\t\t\tM\u00e1quinas Preditivas de demanda: fortalecendo sua cadeia de valor\t\t\t<\/a>\n\t\t<\/h3>\n\t\t\t\t<div class=\"elementor-post__meta-data\">\n\t\t\t\t\t<span class=\"elementor-post-date\">\n\t\t\t17\/10\/2025\t\t<\/span>\n\t\t\t\t<\/div>\n\t\t\n\t\t<a class=\"elementor-post__read-more\" href=\"https:\/\/aderj.com.br\/index.php\/2025\/10\/17\/maquinas-preditivas-de-demandafortalecendo-sua-cadeia-de-valor\/\" aria-label=\"Read more about M\u00e1quinas Preditivas de demanda: fortalecendo sua cadeia de valor\" tabindex=\"-1\" target=\"_blank\">\n\t\t\tLer not\u00edcia \u00bb\t\t<\/a>\n\n\t\t\t\t<\/div>\n\t\t\t\t<\/article>\n\t\t\t\t<article class=\"elementor-post elementor-grid-item post-14705 post type-post status-publish format-standard has-post-thumbnail hentry category-blog\" role=\"listitem\">\n\t\t\t\t<a class=\"elementor-post__thumbnail__link\" href=\"https:\/\/aderj.com.br\/index.php\/2025\/09\/26\/aderj-realiza-mais-uma-edicao-do-faz-amigos-um-encontro-de-negocios\/\" tabindex=\"-1\" target=&quot;_blank&quot;>\n\t\t\t<div class=\"elementor-post__thumbnail\"><img loading=\"lazy\" decoding=\"async\" width=\"1710\" height=\"1706\" src=\"https:\/\/aderj.com.br\/wp-content\/uploads\/2025\/09\/DSCF1331-scaled-e1758909631966.jpg\" class=\"attachment-full size-full wp-image-14707\" alt=\"\" srcset=\"https:\/\/aderj.com.br\/wp-content\/uploads\/2025\/09\/DSCF1331-scaled-e1758909631966.jpg 1710w, https:\/\/aderj.com.br\/wp-content\/uploads\/2025\/09\/DSCF1331-scaled-e1758909631966-300x300.jpg 300w, https:\/\/aderj.com.br\/wp-content\/uploads\/2025\/09\/DSCF1331-scaled-e1758909631966-150x150.jpg 150w, https:\/\/aderj.com.br\/wp-content\/uploads\/2025\/09\/DSCF1331-scaled-e1758909631966-1536x1532.jpg 1536w\" sizes=\"(max-width: 1710px) 100vw, 1710px\" \/><\/div>\n\t\t<\/a>\n\t\t\t\t<div class=\"elementor-post__text\">\n\t\t\t\t<h3 class=\"elementor-post__title\">\n\t\t\t<a href=\"https:\/\/aderj.com.br\/index.php\/2025\/09\/26\/aderj-realiza-mais-uma-edicao-do-faz-amigos-um-encontro-de-negocios\/\" target=&quot;_blank&quot;>\n\t\t\t\tADERJ realiza mais uma edi\u00e7\u00e3o do Faz Amigos: Um Encontro de Neg\u00f3cios\t\t\t<\/a>\n\t\t<\/h3>\n\t\t\t\t<div class=\"elementor-post__meta-data\">\n\t\t\t\t\t<span class=\"elementor-post-date\">\n\t\t\t26\/09\/2025\t\t<\/span>\n\t\t\t\t<\/div>\n\t\t\n\t\t<a class=\"elementor-post__read-more\" href=\"https:\/\/aderj.com.br\/index.php\/2025\/09\/26\/aderj-realiza-mais-uma-edicao-do-faz-amigos-um-encontro-de-negocios\/\" aria-label=\"Read more about ADERJ realiza mais uma edi\u00e7\u00e3o do Faz Amigos: Um Encontro de Neg\u00f3cios\" tabindex=\"-1\" target=\"_blank\">\n\t\t\tLer not\u00edcia \u00bb\t\t<\/a>\n\n\t\t\t\t<\/div>\n\t\t\t\t<\/article>\n\t\t\t\t<article class=\"elementor-post elementor-grid-item post-14696 post type-post status-publish format-standard has-post-thumbnail hentry category-blog\" role=\"listitem\">\n\t\t\t\t<a class=\"elementor-post__thumbnail__link\" href=\"https:\/\/aderj.com.br\/index.php\/2025\/09\/18\/reforma\/\" tabindex=\"-1\" target=&quot;_blank&quot;>\n\t\t\t<div class=\"elementor-post__thumbnail\"><img loading=\"lazy\" decoding=\"async\" width=\"1024\" height=\"1024\" src=\"https:\/\/aderj.com.br\/wp-content\/uploads\/2025\/09\/ChatGPT-Image-17-de-set.-de-2025-14_39_18.png\" class=\"attachment-full size-full wp-image-14678\" alt=\"\" srcset=\"https:\/\/aderj.com.br\/wp-content\/uploads\/2025\/09\/ChatGPT-Image-17-de-set.-de-2025-14_39_18.png 1024w, https:\/\/aderj.com.br\/wp-content\/uploads\/2025\/09\/ChatGPT-Image-17-de-set.-de-2025-14_39_18-300x300.png 300w, https:\/\/aderj.com.br\/wp-content\/uploads\/2025\/09\/ChatGPT-Image-17-de-set.-de-2025-14_39_18-150x150.png 150w, https:\/\/aderj.com.br\/wp-content\/uploads\/2025\/09\/ChatGPT-Image-17-de-set.-de-2025-14_39_18-768x768.png 768w\" sizes=\"(max-width: 1024px) 100vw, 1024px\" \/><\/div>\n\t\t<\/a>\n\t\t\t\t<div class=\"elementor-post__text\">\n\t\t\t\t<h3 class=\"elementor-post__title\">\n\t\t\t<a href=\"https:\/\/aderj.com.br\/index.php\/2025\/09\/18\/reforma\/\" target=&quot;_blank&quot;>\n\t\t\t\tREFORMA TRIBUT\u00c1RIA: AJUSTES NA NOTA FISCAL ELETR\u00d4NIC\u0410 E PREPARA\u00c7\u00c3O DAS EMPRESAS\t\t\t<\/a>\n\t\t<\/h3>\n\t\t\t\t<div class=\"elementor-post__meta-data\">\n\t\t\t\t\t<span class=\"elementor-post-date\">\n\t\t\t18\/09\/2025\t\t<\/span>\n\t\t\t\t<\/div>\n\t\t\n\t\t<a class=\"elementor-post__read-more\" href=\"https:\/\/aderj.com.br\/index.php\/2025\/09\/18\/reforma\/\" aria-label=\"Read more about REFORMA TRIBUT\u00c1RIA: AJUSTES NA NOTA FISCAL ELETR\u00d4NIC\u0410 E PREPARA\u00c7\u00c3O DAS EMPRESAS\" tabindex=\"-1\" target=\"_blank\">\n\t\t\tLer not\u00edcia \u00bb\t\t<\/a>\n\n\t\t\t\t<\/div>\n\t\t\t\t<\/article>\n\t\t\t\t<article class=\"elementor-post elementor-grid-item post-14663 post type-post status-publish format-standard has-post-thumbnail hentry category-blog\" role=\"listitem\">\n\t\t\t\t<a class=\"elementor-post__thumbnail__link\" href=\"https:\/\/aderj.com.br\/index.php\/2025\/09\/12\/resolucao-sefaz-no-816-de-09-de-setembro-de-2025\/\" tabindex=\"-1\" target=&quot;_blank&quot;>\n\t\t\t<div class=\"elementor-post__thumbnail\"><img loading=\"lazy\" decoding=\"async\" width=\"2000\" height=\"2000\" src=\"https:\/\/aderj.com.br\/wp-content\/uploads\/2025\/09\/A-Resolucao-SEFAZ-no-816-de-09-de-setembro-de-2025-trouxe-alteracoes-na-Resolucao-SEFAZ-no-7202014-que-trata-da-inscricao-e-da-situacao-cadastral-dos-contribuintes-do-ICMS-no-Estado-do-Rio-de-J.png\" class=\"attachment-full size-full wp-image-14665\" alt=\"\" srcset=\"https:\/\/aderj.com.br\/wp-content\/uploads\/2025\/09\/A-Resolucao-SEFAZ-no-816-de-09-de-setembro-de-2025-trouxe-alteracoes-na-Resolucao-SEFAZ-no-7202014-que-trata-da-inscricao-e-da-situacao-cadastral-dos-contribuintes-do-ICMS-no-Estado-do-Rio-de-J.png 2000w, https:\/\/aderj.com.br\/wp-content\/uploads\/2025\/09\/A-Resolucao-SEFAZ-no-816-de-09-de-setembro-de-2025-trouxe-alteracoes-na-Resolucao-SEFAZ-no-7202014-que-trata-da-inscricao-e-da-situacao-cadastral-dos-contribuintes-do-ICMS-no-Estado-do-Rio-de-J-300x300.png 300w, https:\/\/aderj.com.br\/wp-content\/uploads\/2025\/09\/A-Resolucao-SEFAZ-no-816-de-09-de-setembro-de-2025-trouxe-alteracoes-na-Resolucao-SEFAZ-no-7202014-que-trata-da-inscricao-e-da-situacao-cadastral-dos-contribuintes-do-ICMS-no-Estado-do-Rio-de-J-1024x1024.png 1024w, https:\/\/aderj.com.br\/wp-content\/uploads\/2025\/09\/A-Resolucao-SEFAZ-no-816-de-09-de-setembro-de-2025-trouxe-alteracoes-na-Resolucao-SEFAZ-no-7202014-que-trata-da-inscricao-e-da-situacao-cadastral-dos-contribuintes-do-ICMS-no-Estado-do-Rio-de-J-150x150.png 150w, https:\/\/aderj.com.br\/wp-content\/uploads\/2025\/09\/A-Resolucao-SEFAZ-no-816-de-09-de-setembro-de-2025-trouxe-alteracoes-na-Resolucao-SEFAZ-no-7202014-que-trata-da-inscricao-e-da-situacao-cadastral-dos-contribuintes-do-ICMS-no-Estado-do-Rio-de-J-768x768.png 768w, https:\/\/aderj.com.br\/wp-content\/uploads\/2025\/09\/A-Resolucao-SEFAZ-no-816-de-09-de-setembro-de-2025-trouxe-alteracoes-na-Resolucao-SEFAZ-no-7202014-que-trata-da-inscricao-e-da-situacao-cadastral-dos-contribuintes-do-ICMS-no-Estado-do-Rio-de-J-1536x1536.png 1536w\" sizes=\"(max-width: 2000px) 100vw, 2000px\" \/><\/div>\n\t\t<\/a>\n\t\t\t\t<div class=\"elementor-post__text\">\n\t\t\t\t<h3 class=\"elementor-post__title\">\n\t\t\t<a href=\"https:\/\/aderj.com.br\/index.php\/2025\/09\/12\/resolucao-sefaz-no-816-de-09-de-setembro-de-2025\/\" target=&quot;_blank&quot;>\n\t\t\t\tRESOLU\u00c7\u00c3O SEFAZ N\u00ba 816 DE 09 DE SETEMBRO DE 2025\t\t\t<\/a>\n\t\t<\/h3>\n\t\t\t\t<div class=\"elementor-post__meta-data\">\n\t\t\t\t\t<span class=\"elementor-post-date\">\n\t\t\t12\/09\/2025\t\t<\/span>\n\t\t\t\t<\/div>\n\t\t\n\t\t<a class=\"elementor-post__read-more\" href=\"https:\/\/aderj.com.br\/index.php\/2025\/09\/12\/resolucao-sefaz-no-816-de-09-de-setembro-de-2025\/\" aria-label=\"Read more about RESOLU\u00c7\u00c3O SEFAZ N\u00ba 816 DE 09 DE SETEMBRO DE 2025\" tabindex=\"-1\" target=\"_blank\">\n\t\t\tLer not\u00edcia \u00bb\t\t<\/a>\n\n\t\t\t\t<\/div>\n\t\t\t\t<\/article>\n\t\t\t\t<article class=\"elementor-post elementor-grid-item post-14648 post type-post status-publish format-standard has-post-thumbnail hentry category-blog tag-rota-da-gestao\" role=\"listitem\">\n\t\t\t\t<a class=\"elementor-post__thumbnail__link\" href=\"https:\/\/aderj.com.br\/index.php\/2025\/09\/03\/ambicao-estrategica-da-visao-ao-plano-tatico-quecapitaliza-oportunidades-e-acelera-o-crescimento\/\" tabindex=\"-1\" target=&quot;_blank&quot;>\n\t\t\t<div class=\"elementor-post__thumbnail\"><img loading=\"lazy\" decoding=\"async\" width=\"2000\" height=\"2000\" src=\"https:\/\/aderj.com.br\/wp-content\/uploads\/2025\/09\/Newsletter-Aquila-quadrado-1.png\" class=\"attachment-full size-full wp-image-14654\" alt=\"\" srcset=\"https:\/\/aderj.com.br\/wp-content\/uploads\/2025\/09\/Newsletter-Aquila-quadrado-1.png 2000w, https:\/\/aderj.com.br\/wp-content\/uploads\/2025\/09\/Newsletter-Aquila-quadrado-1-300x300.png 300w, https:\/\/aderj.com.br\/wp-content\/uploads\/2025\/09\/Newsletter-Aquila-quadrado-1-1024x1024.png 1024w, https:\/\/aderj.com.br\/wp-content\/uploads\/2025\/09\/Newsletter-Aquila-quadrado-1-150x150.png 150w, https:\/\/aderj.com.br\/wp-content\/uploads\/2025\/09\/Newsletter-Aquila-quadrado-1-768x768.png 768w, https:\/\/aderj.com.br\/wp-content\/uploads\/2025\/09\/Newsletter-Aquila-quadrado-1-1536x1536.png 1536w\" sizes=\"(max-width: 2000px) 100vw, 2000px\" \/><\/div>\n\t\t<\/a>\n\t\t\t\t<div class=\"elementor-post__text\">\n\t\t\t\t<h3 class=\"elementor-post__title\">\n\t\t\t<a href=\"https:\/\/aderj.com.br\/index.php\/2025\/09\/03\/ambicao-estrategica-da-visao-ao-plano-tatico-quecapitaliza-oportunidades-e-acelera-o-crescimento\/\" target=&quot;_blank&quot;>\n\t\t\t\tAmbi\u00e7\u00e3o estrat\u00e9gica: da vis\u00e3o ao plano t\u00e1tico que capitaliza oportunidades e acelera o crescimento\t\t\t<\/a>\n\t\t<\/h3>\n\t\t\t\t<div class=\"elementor-post__meta-data\">\n\t\t\t\t\t<span class=\"elementor-post-date\">\n\t\t\t03\/09\/2025\t\t<\/span>\n\t\t\t\t<\/div>\n\t\t\n\t\t<a class=\"elementor-post__read-more\" href=\"https:\/\/aderj.com.br\/index.php\/2025\/09\/03\/ambicao-estrategica-da-visao-ao-plano-tatico-quecapitaliza-oportunidades-e-acelera-o-crescimento\/\" aria-label=\"Read more about Ambi\u00e7\u00e3o estrat\u00e9gica: da vis\u00e3o ao plano t\u00e1tico que capitaliza oportunidades e acelera o crescimento\" tabindex=\"-1\" target=\"_blank\">\n\t\t\tLer not\u00edcia \u00bb\t\t<\/a>\n\n\t\t\t\t<\/div>\n\t\t\t\t<\/article>\n\t\t\t\t<article class=\"elementor-post elementor-grid-item post-14615 post type-post status-publish format-standard has-post-thumbnail hentry category-blog tag-5o-forum-de-lideres tag-os-impactos-da-reforma-tributaria-no-setor-produtivo-do-estado-do-rio-de-janeiro\" role=\"listitem\">\n\t\t\t\t<a class=\"elementor-post__thumbnail__link\" href=\"https:\/\/aderj.com.br\/index.php\/2025\/08\/27\/5o-forum-de-lideres-aderj-reune-especialistas-para-discutir-sobre-a-reforma-tributaria\/\" tabindex=\"-1\" target=&quot;_blank&quot;>\n\t\t\t<div class=\"elementor-post__thumbnail\"><img loading=\"lazy\" decoding=\"async\" width=\"2560\" height=\"1706\" src=\"https:\/\/aderj.com.br\/wp-content\/uploads\/2025\/08\/ADERJ-43-scaled.jpg\" class=\"attachment-full size-full wp-image-14616\" alt=\"\" srcset=\"https:\/\/aderj.com.br\/wp-content\/uploads\/2025\/08\/ADERJ-43-scaled.jpg 2560w, https:\/\/aderj.com.br\/wp-content\/uploads\/2025\/08\/ADERJ-43-1536x1024.jpg 1536w, https:\/\/aderj.com.br\/wp-content\/uploads\/2025\/08\/ADERJ-43-2048x1365.jpg 2048w\" sizes=\"(max-width: 2560px) 100vw, 2560px\" \/><\/div>\n\t\t<\/a>\n\t\t\t\t<div class=\"elementor-post__text\">\n\t\t\t\t<h3 class=\"elementor-post__title\">\n\t\t\t<a href=\"https:\/\/aderj.com.br\/index.php\/2025\/08\/27\/5o-forum-de-lideres-aderj-reune-especialistas-para-discutir-sobre-a-reforma-tributaria\/\" target=&quot;_blank&quot;>\n\t\t\t\t5\u00ba F\u00f3rum de L\u00edderes ADERJ re\u00fane especialistas para discutir sobre a Reforma Tribut\u00e1ria\t\t\t<\/a>\n\t\t<\/h3>\n\t\t\t\t<div class=\"elementor-post__meta-data\">\n\t\t\t\t\t<span class=\"elementor-post-date\">\n\t\t\t27\/08\/2025\t\t<\/span>\n\t\t\t\t<\/div>\n\t\t\n\t\t<a class=\"elementor-post__read-more\" href=\"https:\/\/aderj.com.br\/index.php\/2025\/08\/27\/5o-forum-de-lideres-aderj-reune-especialistas-para-discutir-sobre-a-reforma-tributaria\/\" aria-label=\"Read more about 5\u00ba F\u00f3rum de L\u00edderes ADERJ re\u00fane especialistas para discutir sobre a Reforma Tribut\u00e1ria\" tabindex=\"-1\" target=\"_blank\">\n\t\t\tLer not\u00edcia \u00bb\t\t<\/a>\n\n\t\t\t\t<\/div>\n\t\t\t\t<\/article>\n\t\t\t\t<article class=\"elementor-post elementor-grid-item post-14575 post type-post status-publish format-standard has-post-thumbnail hentry category-blog\" role=\"listitem\">\n\t\t\t\t<a class=\"elementor-post__thumbnail__link\" href=\"https:\/\/aderj.com.br\/index.php\/2025\/08\/06\/primeiro-encontro-pcda-programa-de-capacitacao-e-desenvolvimento-aderj\/\" tabindex=\"-1\" target=&quot;_blank&quot;>\n\t\t\t<div class=\"elementor-post__thumbnail\"><img loading=\"lazy\" decoding=\"async\" width=\"1080\" height=\"1080\" src=\"https:\/\/aderj.com.br\/wp-content\/uploads\/2025\/08\/pcda.jpg\" class=\"attachment-full size-full wp-image-14607\" alt=\"\" srcset=\"https:\/\/aderj.com.br\/wp-content\/uploads\/2025\/08\/pcda.jpg 1080w, https:\/\/aderj.com.br\/wp-content\/uploads\/2025\/08\/pcda-300x300.jpg 300w, https:\/\/aderj.com.br\/wp-content\/uploads\/2025\/08\/pcda-1024x1024.jpg 1024w, https:\/\/aderj.com.br\/wp-content\/uploads\/2025\/08\/pcda-150x150.jpg 150w, https:\/\/aderj.com.br\/wp-content\/uploads\/2025\/08\/pcda-768x768.jpg 768w\" sizes=\"(max-width: 1080px) 100vw, 1080px\" \/><\/div>\n\t\t<\/a>\n\t\t\t\t<div class=\"elementor-post__text\">\n\t\t\t\t<h3 class=\"elementor-post__title\">\n\t\t\t<a href=\"https:\/\/aderj.com.br\/index.php\/2025\/08\/06\/primeiro-encontro-pcda-programa-de-capacitacao-e-desenvolvimento-aderj\/\" target=&quot;_blank&quot;>\n\t\t\t\tPRIMEIRO ENCONTRO: PCDA &#8211; PROGRAMA DE CAPACITA\u00c7\u00c3O E DESENVOLVIMENTO ADERJ\t\t\t<\/a>\n\t\t<\/h3>\n\t\t\t\t<div class=\"elementor-post__meta-data\">\n\t\t\t\t\t<span class=\"elementor-post-date\">\n\t\t\t06\/08\/2025\t\t<\/span>\n\t\t\t\t<\/div>\n\t\t\n\t\t<a class=\"elementor-post__read-more\" href=\"https:\/\/aderj.com.br\/index.php\/2025\/08\/06\/primeiro-encontro-pcda-programa-de-capacitacao-e-desenvolvimento-aderj\/\" aria-label=\"Read more about PRIMEIRO ENCONTRO: PCDA &#8211; PROGRAMA DE CAPACITA\u00c7\u00c3O E DESENVOLVIMENTO ADERJ\" tabindex=\"-1\" target=\"_blank\">\n\t\t\tLer not\u00edcia \u00bb\t\t<\/a>\n\n\t\t\t\t<\/div>\n\t\t\t\t<\/article>\n\t\t\t\t<article class=\"elementor-post elementor-grid-item post-14584 post type-post status-publish format-standard has-post-thumbnail hentry category-blog\" role=\"listitem\">\n\t\t\t\t<a class=\"elementor-post__thumbnail__link\" href=\"https:\/\/aderj.com.br\/index.php\/2025\/03\/14\/pcda-programa-de-capacitacao-e-desenvolvimento-da-aderj\/\" tabindex=\"-1\" target=&quot;_blank&quot;>\n\t\t\t<div class=\"elementor-post__thumbnail\"><img loading=\"lazy\" decoding=\"async\" width=\"1280\" height=\"1280\" src=\"https:\/\/aderj.com.br\/wp-content\/uploads\/2025\/08\/WhatsApp-Image-2025-08-04-at-22.12.22.jpeg\" class=\"attachment-full size-full wp-image-14585\" alt=\"\" srcset=\"https:\/\/aderj.com.br\/wp-content\/uploads\/2025\/08\/WhatsApp-Image-2025-08-04-at-22.12.22.jpeg 1280w, https:\/\/aderj.com.br\/wp-content\/uploads\/2025\/08\/WhatsApp-Image-2025-08-04-at-22.12.22-300x300.jpeg 300w, https:\/\/aderj.com.br\/wp-content\/uploads\/2025\/08\/WhatsApp-Image-2025-08-04-at-22.12.22-1024x1024.jpeg 1024w, https:\/\/aderj.com.br\/wp-content\/uploads\/2025\/08\/WhatsApp-Image-2025-08-04-at-22.12.22-150x150.jpeg 150w, https:\/\/aderj.com.br\/wp-content\/uploads\/2025\/08\/WhatsApp-Image-2025-08-04-at-22.12.22-768x768.jpeg 768w\" sizes=\"(max-width: 1280px) 100vw, 1280px\" \/><\/div>\n\t\t<\/a>\n\t\t\t\t<div class=\"elementor-post__text\">\n\t\t\t\t<h3 class=\"elementor-post__title\">\n\t\t\t<a href=\"https:\/\/aderj.com.br\/index.php\/2025\/03\/14\/pcda-programa-de-capacitacao-e-desenvolvimento-da-aderj\/\" target=&quot;_blank&quot;>\n\t\t\t\tPCDA- Programa de Capacita\u00e7\u00e3o e Desenvolvimento da ADERJ\t\t\t<\/a>\n\t\t<\/h3>\n\t\t\t\t<div class=\"elementor-post__meta-data\">\n\t\t\t\t\t<span class=\"elementor-post-date\">\n\t\t\t14\/03\/2025\t\t<\/span>\n\t\t\t\t<\/div>\n\t\t\n\t\t<a class=\"elementor-post__read-more\" href=\"https:\/\/aderj.com.br\/index.php\/2025\/03\/14\/pcda-programa-de-capacitacao-e-desenvolvimento-da-aderj\/\" aria-label=\"Read more about PCDA- Programa de Capacita\u00e7\u00e3o e Desenvolvimento da ADERJ\" tabindex=\"-1\" target=\"_blank\">\n\t\t\tLer not\u00edcia \u00bb\t\t<\/a>\n\n\t\t\t\t<\/div>\n\t\t\t\t<\/article>\n\t\t\t\t<article class=\"elementor-post elementor-grid-item post-14581 post type-post status-publish format-standard has-post-thumbnail hentry category-blog\" role=\"listitem\">\n\t\t\t\t<a class=\"elementor-post__thumbnail__link\" href=\"https:\/\/aderj.com.br\/index.php\/2025\/03\/11\/finalizamos-o-ranking-abad-nielseniq-2025\/\" tabindex=\"-1\" target=&quot;_blank&quot;>\n\t\t\t<div class=\"elementor-post__thumbnail\"><img loading=\"lazy\" decoding=\"async\" width=\"1080\" height=\"1080\" src=\"https:\/\/aderj.com.br\/wp-content\/uploads\/2025\/08\/ranking1.jpg\" class=\"attachment-full size-full wp-image-14609\" alt=\"\" srcset=\"https:\/\/aderj.com.br\/wp-content\/uploads\/2025\/08\/ranking1.jpg 1080w, https:\/\/aderj.com.br\/wp-content\/uploads\/2025\/08\/ranking1-300x300.jpg 300w, https:\/\/aderj.com.br\/wp-content\/uploads\/2025\/08\/ranking1-1024x1024.jpg 1024w, https:\/\/aderj.com.br\/wp-content\/uploads\/2025\/08\/ranking1-150x150.jpg 150w, https:\/\/aderj.com.br\/wp-content\/uploads\/2025\/08\/ranking1-768x768.jpg 768w\" sizes=\"(max-width: 1080px) 100vw, 1080px\" \/><\/div>\n\t\t<\/a>\n\t\t\t\t<div class=\"elementor-post__text\">\n\t\t\t\t<h3 class=\"elementor-post__title\">\n\t\t\t<a href=\"https:\/\/aderj.com.br\/index.php\/2025\/03\/11\/finalizamos-o-ranking-abad-nielseniq-2025\/\" target=&quot;_blank&quot;>\n\t\t\t\tFinalizamos o Ranking Abad\/NielsenIQ 2025!\t\t\t<\/a>\n\t\t<\/h3>\n\t\t\t\t<div class=\"elementor-post__meta-data\">\n\t\t\t\t\t<span class=\"elementor-post-date\">\n\t\t\t11\/03\/2025\t\t<\/span>\n\t\t\t\t<\/div>\n\t\t\n\t\t<a class=\"elementor-post__read-more\" href=\"https:\/\/aderj.com.br\/index.php\/2025\/03\/11\/finalizamos-o-ranking-abad-nielseniq-2025\/\" aria-label=\"Read more about Finalizamos o Ranking Abad\/NielsenIQ 2025!\" tabindex=\"-1\" target=\"_blank\">\n\t\t\tLer not\u00edcia \u00bb\t\t<\/a>\n\n\t\t\t\t<\/div>\n\t\t\t\t<\/article>\n\t\t\t\t<article class=\"elementor-post elementor-grid-item post-14578 post type-post status-publish format-standard has-post-thumbnail hentry category-blog\" role=\"listitem\">\n\t\t\t\t<a class=\"elementor-post__thumbnail__link\" href=\"https:\/\/aderj.com.br\/index.php\/2025\/03\/08\/08-de-marco-dia-internacional-da-mulher\/\" tabindex=\"-1\" target=&quot;_blank&quot;>\n\t\t\t<div class=\"elementor-post__thumbnail\"><img loading=\"lazy\" decoding=\"async\" width=\"1080\" height=\"1080\" src=\"https:\/\/aderj.com.br\/wp-content\/uploads\/2025\/08\/muie-1.jpg\" class=\"attachment-full size-full wp-image-14608\" alt=\"\" srcset=\"https:\/\/aderj.com.br\/wp-content\/uploads\/2025\/08\/muie-1.jpg 1080w, https:\/\/aderj.com.br\/wp-content\/uploads\/2025\/08\/muie-1-300x300.jpg 300w, https:\/\/aderj.com.br\/wp-content\/uploads\/2025\/08\/muie-1-1024x1024.jpg 1024w, https:\/\/aderj.com.br\/wp-content\/uploads\/2025\/08\/muie-1-150x150.jpg 150w, https:\/\/aderj.com.br\/wp-content\/uploads\/2025\/08\/muie-1-768x768.jpg 768w\" sizes=\"(max-width: 1080px) 100vw, 1080px\" \/><\/div>\n\t\t<\/a>\n\t\t\t\t<div class=\"elementor-post__text\">\n\t\t\t\t<h3 class=\"elementor-post__title\">\n\t\t\t<a href=\"https:\/\/aderj.com.br\/index.php\/2025\/03\/08\/08-de-marco-dia-internacional-da-mulher\/\" target=&quot;_blank&quot;>\n\t\t\t\t08 DE MAR\u00c7O: DIA INTERNACIONAL DA MULHER\t\t\t<\/a>\n\t\t<\/h3>\n\t\t\t\t<div class=\"elementor-post__meta-data\">\n\t\t\t\t\t<span class=\"elementor-post-date\">\n\t\t\t08\/03\/2025\t\t<\/span>\n\t\t\t\t<\/div>\n\t\t\n\t\t<a class=\"elementor-post__read-more\" href=\"https:\/\/aderj.com.br\/index.php\/2025\/03\/08\/08-de-marco-dia-internacional-da-mulher\/\" aria-label=\"Read more about 08 DE MAR\u00c7O: DIA INTERNACIONAL DA MULHER\" tabindex=\"-1\" target=\"_blank\">\n\t\t\tLer not\u00edcia \u00bb\t\t<\/a>\n\n\t\t\t\t<\/div>\n\t\t\t\t<\/article>\n\t\t\t\t<article class=\"elementor-post elementor-grid-item post-14572 post type-post status-publish format-standard has-post-thumbnail hentry category-blog\" role=\"listitem\">\n\t\t\t\t<a class=\"elementor-post__thumbnail__link\" href=\"https:\/\/aderj.com.br\/index.php\/2025\/03\/01\/rio-460-anos-de-historia-beleza-e-paixao\/\" tabindex=\"-1\" target=&quot;_blank&quot;>\n\t\t\t<div class=\"elementor-post__thumbnail\"><img loading=\"lazy\" decoding=\"async\" width=\"1080\" height=\"1080\" src=\"https:\/\/aderj.com.br\/wp-content\/uploads\/2025\/08\/rio1.jpg\" class=\"attachment-full size-full wp-image-14605\" alt=\"\" srcset=\"https:\/\/aderj.com.br\/wp-content\/uploads\/2025\/08\/rio1.jpg 1080w, https:\/\/aderj.com.br\/wp-content\/uploads\/2025\/08\/rio1-300x300.jpg 300w, https:\/\/aderj.com.br\/wp-content\/uploads\/2025\/08\/rio1-1024x1024.jpg 1024w, https:\/\/aderj.com.br\/wp-content\/uploads\/2025\/08\/rio1-150x150.jpg 150w, https:\/\/aderj.com.br\/wp-content\/uploads\/2025\/08\/rio1-768x768.jpg 768w\" sizes=\"(max-width: 1080px) 100vw, 1080px\" \/><\/div>\n\t\t<\/a>\n\t\t\t\t<div class=\"elementor-post__text\">\n\t\t\t\t<h3 class=\"elementor-post__title\">\n\t\t\t<a href=\"https:\/\/aderj.com.br\/index.php\/2025\/03\/01\/rio-460-anos-de-historia-beleza-e-paixao\/\" target=&quot;_blank&quot;>\n\t\t\t\tRIO, 460 ANOS DE HIST\u00d3RIA, BELEZA E PAIX\u00c3O\t\t\t<\/a>\n\t\t<\/h3>\n\t\t\t\t<div class=\"elementor-post__meta-data\">\n\t\t\t\t\t<span class=\"elementor-post-date\">\n\t\t\t01\/03\/2025\t\t<\/span>\n\t\t\t\t<\/div>\n\t\t\n\t\t<a class=\"elementor-post__read-more\" href=\"https:\/\/aderj.com.br\/index.php\/2025\/03\/01\/rio-460-anos-de-historia-beleza-e-paixao\/\" aria-label=\"Read more about RIO, 460 ANOS DE HIST\u00d3RIA, BELEZA E PAIX\u00c3O\" tabindex=\"-1\" target=\"_blank\">\n\t\t\tLer not\u00edcia \u00bb\t\t<\/a>\n\n\t\t\t\t<\/div>\n\t\t\t\t<\/article>\n\t\t\t\t<article class=\"elementor-post elementor-grid-item post-14349 post type-post status-publish format-standard has-post-thumbnail hentry category-blog\" role=\"listitem\">\n\t\t\t\t<a class=\"elementor-post__thumbnail__link\" href=\"https:\/\/aderj.com.br\/index.php\/2025\/03\/01\/no-ritmo-do-rio-o-carnaval-nao-para\/\" tabindex=\"-1\" target=&quot;_blank&quot;>\n\t\t\t<div class=\"elementor-post__thumbnail\"><img loading=\"lazy\" decoding=\"async\" width=\"1080\" height=\"1080\" src=\"https:\/\/aderj.com.br\/wp-content\/uploads\/2025\/03\/carnaval_ok2.jpg\" class=\"attachment-full size-full wp-image-14569\" alt=\"\" srcset=\"https:\/\/aderj.com.br\/wp-content\/uploads\/2025\/03\/carnaval_ok2.jpg 1080w, https:\/\/aderj.com.br\/wp-content\/uploads\/2025\/03\/carnaval_ok2-300x300.jpg 300w, https:\/\/aderj.com.br\/wp-content\/uploads\/2025\/03\/carnaval_ok2-1024x1024.jpg 1024w, https:\/\/aderj.com.br\/wp-content\/uploads\/2025\/03\/carnaval_ok2-150x150.jpg 150w, https:\/\/aderj.com.br\/wp-content\/uploads\/2025\/03\/carnaval_ok2-768x768.jpg 768w\" sizes=\"(max-width: 1080px) 100vw, 1080px\" \/><\/div>\n\t\t<\/a>\n\t\t\t\t<div class=\"elementor-post__text\">\n\t\t\t\t<h3 class=\"elementor-post__title\">\n\t\t\t<a href=\"https:\/\/aderj.com.br\/index.php\/2025\/03\/01\/no-ritmo-do-rio-o-carnaval-nao-para\/\" target=&quot;_blank&quot;>\n\t\t\t\tNO RITMO DO RIO, O CARNAVAL N\u00c3O PARA!\t\t\t<\/a>\n\t\t<\/h3>\n\t\t\t\t<div class=\"elementor-post__meta-data\">\n\t\t\t\t\t<span class=\"elementor-post-date\">\n\t\t\t01\/03\/2025\t\t<\/span>\n\t\t\t\t<\/div>\n\t\t\n\t\t<a class=\"elementor-post__read-more\" href=\"https:\/\/aderj.com.br\/index.php\/2025\/03\/01\/no-ritmo-do-rio-o-carnaval-nao-para\/\" aria-label=\"Read more about NO RITMO DO RIO, O CARNAVAL N\u00c3O PARA!\" tabindex=\"-1\" target=\"_blank\">\n\t\t\tLer not\u00edcia \u00bb\t\t<\/a>\n\n\t\t\t\t<\/div>\n\t\t\t\t<\/article>\n\t\t\t\t<article class=\"elementor-post elementor-grid-item post-14343 post type-post status-publish format-standard has-post-thumbnail hentry category-blog\" role=\"listitem\">\n\t\t\t\t<a class=\"elementor-post__thumbnail__link\" href=\"https:\/\/aderj.com.br\/index.php\/2025\/02\/28\/pcda-programa-de-capacitacao-e-desenvolvimento-aderj\/\" tabindex=\"-1\" target=&quot;_blank&quot;>\n\t\t\t<div class=\"elementor-post__thumbnail\"><img loading=\"lazy\" decoding=\"async\" width=\"1280\" height=\"1280\" src=\"https:\/\/aderj.com.br\/wp-content\/uploads\/2025\/02\/pcda2.jpg\" class=\"attachment-full size-full wp-image-14566\" alt=\"\" srcset=\"https:\/\/aderj.com.br\/wp-content\/uploads\/2025\/02\/pcda2.jpg 1280w, https:\/\/aderj.com.br\/wp-content\/uploads\/2025\/02\/pcda2-300x300.jpg 300w, https:\/\/aderj.com.br\/wp-content\/uploads\/2025\/02\/pcda2-1024x1024.jpg 1024w, https:\/\/aderj.com.br\/wp-content\/uploads\/2025\/02\/pcda2-150x150.jpg 150w, https:\/\/aderj.com.br\/wp-content\/uploads\/2025\/02\/pcda2-768x768.jpg 768w\" sizes=\"(max-width: 1280px) 100vw, 1280px\" \/><\/div>\n\t\t<\/a>\n\t\t\t\t<div class=\"elementor-post__text\">\n\t\t\t\t<h3 class=\"elementor-post__title\">\n\t\t\t<a href=\"https:\/\/aderj.com.br\/index.php\/2025\/02\/28\/pcda-programa-de-capacitacao-e-desenvolvimento-aderj\/\" target=&quot;_blank&quot;>\n\t\t\t\tPCDA- PROGRAMA DE CAPACITA\u00c7\u00c3O E DESENVOLVIMENTO ADERJ\t\t\t<\/a>\n\t\t<\/h3>\n\t\t\t\t<div class=\"elementor-post__meta-data\">\n\t\t\t\t\t<span class=\"elementor-post-date\">\n\t\t\t28\/02\/2025\t\t<\/span>\n\t\t\t\t<\/div>\n\t\t\n\t\t<a class=\"elementor-post__read-more\" href=\"https:\/\/aderj.com.br\/index.php\/2025\/02\/28\/pcda-programa-de-capacitacao-e-desenvolvimento-aderj\/\" aria-label=\"Read more about PCDA- PROGRAMA DE CAPACITA\u00c7\u00c3O E DESENVOLVIMENTO ADERJ\" tabindex=\"-1\" target=\"_blank\">\n\t\t\tLer not\u00edcia \u00bb\t\t<\/a>\n\n\t\t\t\t<\/div>\n\t\t\t\t<\/article>\n\t\t\t\t<article class=\"elementor-post elementor-grid-item post-14337 post type-post status-publish format-standard has-post-thumbnail hentry category-blog\" role=\"listitem\">\n\t\t\t\t<a class=\"elementor-post__thumbnail__link\" href=\"https:\/\/aderj.com.br\/index.php\/2025\/02\/27\/ranking-abad-nielseniq-2025-ano-base-2024-ultimo-dia\/\" tabindex=\"-1\" target=&quot;_blank&quot;>\n\t\t\t<div class=\"elementor-post__thumbnail\"><img loading=\"lazy\" decoding=\"async\" width=\"1080\" height=\"1080\" src=\"https:\/\/aderj.com.br\/wp-content\/uploads\/2025\/02\/desingn1.jpg\" class=\"attachment-full size-full wp-image-14562\" alt=\"\" srcset=\"https:\/\/aderj.com.br\/wp-content\/uploads\/2025\/02\/desingn1.jpg 1080w, https:\/\/aderj.com.br\/wp-content\/uploads\/2025\/02\/desingn1-300x300.jpg 300w, https:\/\/aderj.com.br\/wp-content\/uploads\/2025\/02\/desingn1-1024x1024.jpg 1024w, https:\/\/aderj.com.br\/wp-content\/uploads\/2025\/02\/desingn1-150x150.jpg 150w, https:\/\/aderj.com.br\/wp-content\/uploads\/2025\/02\/desingn1-768x768.jpg 768w\" sizes=\"(max-width: 1080px) 100vw, 1080px\" \/><\/div>\n\t\t<\/a>\n\t\t\t\t<div class=\"elementor-post__text\">\n\t\t\t\t<h3 class=\"elementor-post__title\">\n\t\t\t<a href=\"https:\/\/aderj.com.br\/index.php\/2025\/02\/27\/ranking-abad-nielseniq-2025-ano-base-2024-ultimo-dia\/\" target=&quot;_blank&quot;>\n\t\t\t\tRanking ABAD\/NielsenIQ 2025 &#8211; Ano Base 2024: \u00daLTIMO DIA!\t\t\t<\/a>\n\t\t<\/h3>\n\t\t\t\t<div class=\"elementor-post__meta-data\">\n\t\t\t\t\t<span class=\"elementor-post-date\">\n\t\t\t27\/02\/2025\t\t<\/span>\n\t\t\t\t<\/div>\n\t\t\n\t\t<a class=\"elementor-post__read-more\" href=\"https:\/\/aderj.com.br\/index.php\/2025\/02\/27\/ranking-abad-nielseniq-2025-ano-base-2024-ultimo-dia\/\" aria-label=\"Read more about Ranking ABAD\/NielsenIQ 2025 &#8211; Ano Base 2024: \u00daLTIMO DIA!\" tabindex=\"-1\" target=\"_blank\">\n\t\t\tLer not\u00edcia \u00bb\t\t<\/a>\n\n\t\t\t\t<\/div>\n\t\t\t\t<\/article>\n\t\t\t\t<article class=\"elementor-post elementor-grid-item post-14334 post type-post status-publish format-standard has-post-thumbnail hentry category-blog\" role=\"listitem\">\n\t\t\t\t<a class=\"elementor-post__thumbnail__link\" href=\"https:\/\/aderj.com.br\/index.php\/2025\/02\/26\/comunicado-de-recesso-de-carnaval\/\" tabindex=\"-1\" target=&quot;_blank&quot;>\n\t\t\t<div class=\"elementor-post__thumbnail\"><img loading=\"lazy\" decoding=\"async\" width=\"1080\" height=\"1080\" src=\"https:\/\/aderj.com.br\/wp-content\/uploads\/2025\/02\/carnaval4.jpg\" class=\"attachment-full size-full wp-image-14559\" alt=\"\" srcset=\"https:\/\/aderj.com.br\/wp-content\/uploads\/2025\/02\/carnaval4.jpg 1080w, https:\/\/aderj.com.br\/wp-content\/uploads\/2025\/02\/carnaval4-300x300.jpg 300w, https:\/\/aderj.com.br\/wp-content\/uploads\/2025\/02\/carnaval4-1024x1024.jpg 1024w, https:\/\/aderj.com.br\/wp-content\/uploads\/2025\/02\/carnaval4-150x150.jpg 150w, https:\/\/aderj.com.br\/wp-content\/uploads\/2025\/02\/carnaval4-768x768.jpg 768w\" sizes=\"(max-width: 1080px) 100vw, 1080px\" \/><\/div>\n\t\t<\/a>\n\t\t\t\t<div class=\"elementor-post__text\">\n\t\t\t\t<h3 class=\"elementor-post__title\">\n\t\t\t<a href=\"https:\/\/aderj.com.br\/index.php\/2025\/02\/26\/comunicado-de-recesso-de-carnaval\/\" target=&quot;_blank&quot;>\n\t\t\t\tCOMUNICADO DE RECESSO DE CARNAVAL.\t\t\t<\/a>\n\t\t<\/h3>\n\t\t\t\t<div class=\"elementor-post__meta-data\">\n\t\t\t\t\t<span class=\"elementor-post-date\">\n\t\t\t26\/02\/2025\t\t<\/span>\n\t\t\t\t<\/div>\n\t\t\n\t\t<a class=\"elementor-post__read-more\" href=\"https:\/\/aderj.com.br\/index.php\/2025\/02\/26\/comunicado-de-recesso-de-carnaval\/\" aria-label=\"Read more about COMUNICADO DE RECESSO DE CARNAVAL.\" tabindex=\"-1\" target=\"_blank\">\n\t\t\tLer not\u00edcia \u00bb\t\t<\/a>\n\n\t\t\t\t<\/div>\n\t\t\t\t<\/article>\n\t\t\t\t<article class=\"elementor-post elementor-grid-item post-14331 post type-post status-publish format-standard has-post-thumbnail hentry category-blog\" role=\"listitem\">\n\t\t\t\t<a class=\"elementor-post__thumbnail__link\" href=\"https:\/\/aderj.com.br\/index.php\/2025\/02\/26\/manifesto-do-instituto-todos-pelo-rio-pela-seguranca-publica-no-estado-do-rio-de-janeiro\/\" tabindex=\"-1\" target=&quot;_blank&quot;>\n\t\t\t<div class=\"elementor-post__thumbnail\"><img loading=\"lazy\" decoding=\"async\" width=\"1052\" height=\"1052\" src=\"https:\/\/aderj.com.br\/wp-content\/uploads\/2025\/02\/manifesto1.jpg\" class=\"attachment-full size-full wp-image-14555\" alt=\"\" srcset=\"https:\/\/aderj.com.br\/wp-content\/uploads\/2025\/02\/manifesto1.jpg 1052w, https:\/\/aderj.com.br\/wp-content\/uploads\/2025\/02\/manifesto1-300x300.jpg 300w, https:\/\/aderj.com.br\/wp-content\/uploads\/2025\/02\/manifesto1-1024x1024.jpg 1024w, https:\/\/aderj.com.br\/wp-content\/uploads\/2025\/02\/manifesto1-150x150.jpg 150w, https:\/\/aderj.com.br\/wp-content\/uploads\/2025\/02\/manifesto1-768x768.jpg 768w\" sizes=\"(max-width: 1052px) 100vw, 1052px\" \/><\/div>\n\t\t<\/a>\n\t\t\t\t<div class=\"elementor-post__text\">\n\t\t\t\t<h3 class=\"elementor-post__title\">\n\t\t\t<a href=\"https:\/\/aderj.com.br\/index.php\/2025\/02\/26\/manifesto-do-instituto-todos-pelo-rio-pela-seguranca-publica-no-estado-do-rio-de-janeiro\/\" target=&quot;_blank&quot;>\n\t\t\t\tMANIFESTO DO INSTITUTO &#8220;TODOS PELO RIO&#8221; PELA SEGURAN\u00c7A P\u00daBLICA NO ESTADO DO RIO DE JANEIRO\t\t\t<\/a>\n\t\t<\/h3>\n\t\t\t\t<div class=\"elementor-post__meta-data\">\n\t\t\t\t\t<span class=\"elementor-post-date\">\n\t\t\t26\/02\/2025\t\t<\/span>\n\t\t\t\t<\/div>\n\t\t\n\t\t<a class=\"elementor-post__read-more\" href=\"https:\/\/aderj.com.br\/index.php\/2025\/02\/26\/manifesto-do-instituto-todos-pelo-rio-pela-seguranca-publica-no-estado-do-rio-de-janeiro\/\" aria-label=\"Read more about MANIFESTO DO INSTITUTO &#8220;TODOS PELO RIO&#8221; PELA SEGURAN\u00c7A P\u00daBLICA NO ESTADO DO RIO DE JANEIRO\" tabindex=\"-1\" target=\"_blank\">\n\t\t\tLer not\u00edcia \u00bb\t\t<\/a>\n\n\t\t\t\t<\/div>\n\t\t\t\t<\/article>\n\t\t\t\t<article class=\"elementor-post elementor-grid-item post-14328 post type-post status-publish format-standard has-post-thumbnail hentry category-blog\" role=\"listitem\">\n\t\t\t\t<a class=\"elementor-post__thumbnail__link\" href=\"https:\/\/aderj.com.br\/index.php\/2025\/02\/13\/ranking-abad-nielseniq-2025-resta-uma-semana\/\" tabindex=\"-1\" target=&quot;_blank&quot;>\n\t\t\t<div class=\"elementor-post__thumbnail\"><img loading=\"lazy\" decoding=\"async\" width=\"848\" height=\"848\" src=\"https:\/\/aderj.com.br\/wp-content\/uploads\/2025\/07\/8d7dae2d-bf5c-490b-901d-21701fd51196.jpeg\" class=\"attachment-full size-full wp-image-14329\" alt=\"\" srcset=\"https:\/\/aderj.com.br\/wp-content\/uploads\/2025\/07\/8d7dae2d-bf5c-490b-901d-21701fd51196.jpeg 848w, https:\/\/aderj.com.br\/wp-content\/uploads\/2025\/07\/8d7dae2d-bf5c-490b-901d-21701fd51196-300x300.jpeg 300w, https:\/\/aderj.com.br\/wp-content\/uploads\/2025\/07\/8d7dae2d-bf5c-490b-901d-21701fd51196-150x150.jpeg 150w, https:\/\/aderj.com.br\/wp-content\/uploads\/2025\/07\/8d7dae2d-bf5c-490b-901d-21701fd51196-768x768.jpeg 768w\" sizes=\"(max-width: 848px) 100vw, 848px\" \/><\/div>\n\t\t<\/a>\n\t\t\t\t<div class=\"elementor-post__text\">\n\t\t\t\t<h3 class=\"elementor-post__title\">\n\t\t\t<a href=\"https:\/\/aderj.com.br\/index.php\/2025\/02\/13\/ranking-abad-nielseniq-2025-resta-uma-semana\/\" target=&quot;_blank&quot;>\n\t\t\t\tRanking ABAD\/NielsenIQ 2025 &#8211; Ano Base 2024: RESTA UMA SEMANA!\t\t\t<\/a>\n\t\t<\/h3>\n\t\t\t\t<div class=\"elementor-post__meta-data\">\n\t\t\t\t\t<span class=\"elementor-post-date\">\n\t\t\t13\/02\/2025\t\t<\/span>\n\t\t\t\t<\/div>\n\t\t\n\t\t<a class=\"elementor-post__read-more\" href=\"https:\/\/aderj.com.br\/index.php\/2025\/02\/13\/ranking-abad-nielseniq-2025-resta-uma-semana\/\" aria-label=\"Read more about Ranking ABAD\/NielsenIQ 2025 &#8211; Ano Base 2024: RESTA UMA SEMANA!\" tabindex=\"-1\" target=\"_blank\">\n\t\t\tLer not\u00edcia \u00bb\t\t<\/a>\n\n\t\t\t\t<\/div>\n\t\t\t\t<\/article>\n\t\t\t\t<article class=\"elementor-post elementor-grid-item post-14325 post type-post status-publish format-standard has-post-thumbnail hentry category-blog\" role=\"listitem\">\n\t\t\t\t<a class=\"elementor-post__thumbnail__link\" href=\"https:\/\/aderj.com.br\/index.php\/2025\/02\/12\/aderj-informa-leonardo-miguel-severini-eleito-presidente-da-unecs\/\" tabindex=\"-1\" target=&quot;_blank&quot;>\n\t\t\t<div class=\"elementor-post__thumbnail\"><img loading=\"lazy\" decoding=\"async\" width=\"1280\" height=\"1280\" src=\"https:\/\/aderj.com.br\/wp-content\/uploads\/2025\/07\/6b731e7e-cd6a-47ca-9407-b205a0567bc4.jpeg\" class=\"attachment-full size-full wp-image-14326\" alt=\"\" srcset=\"https:\/\/aderj.com.br\/wp-content\/uploads\/2025\/07\/6b731e7e-cd6a-47ca-9407-b205a0567bc4.jpeg 1280w, https:\/\/aderj.com.br\/wp-content\/uploads\/2025\/07\/6b731e7e-cd6a-47ca-9407-b205a0567bc4-300x300.jpeg 300w, https:\/\/aderj.com.br\/wp-content\/uploads\/2025\/07\/6b731e7e-cd6a-47ca-9407-b205a0567bc4-1024x1024.jpeg 1024w, https:\/\/aderj.com.br\/wp-content\/uploads\/2025\/07\/6b731e7e-cd6a-47ca-9407-b205a0567bc4-150x150.jpeg 150w, https:\/\/aderj.com.br\/wp-content\/uploads\/2025\/07\/6b731e7e-cd6a-47ca-9407-b205a0567bc4-768x768.jpeg 768w\" sizes=\"(max-width: 1280px) 100vw, 1280px\" \/><\/div>\n\t\t<\/a>\n\t\t\t\t<div class=\"elementor-post__text\">\n\t\t\t\t<h3 class=\"elementor-post__title\">\n\t\t\t<a href=\"https:\/\/aderj.com.br\/index.php\/2025\/02\/12\/aderj-informa-leonardo-miguel-severini-eleito-presidente-da-unecs\/\" target=&quot;_blank&quot;>\n\t\t\t\tADERJ INFORMA: LEONARDO MIGUEL SEVERINI ELEITO PRESIDENTE DA UNECS.\t\t\t<\/a>\n\t\t<\/h3>\n\t\t\t\t<div class=\"elementor-post__meta-data\">\n\t\t\t\t\t<span class=\"elementor-post-date\">\n\t\t\t12\/02\/2025\t\t<\/span>\n\t\t\t\t<\/div>\n\t\t\n\t\t<a class=\"elementor-post__read-more\" href=\"https:\/\/aderj.com.br\/index.php\/2025\/02\/12\/aderj-informa-leonardo-miguel-severini-eleito-presidente-da-unecs\/\" aria-label=\"Read more about ADERJ INFORMA: LEONARDO MIGUEL SEVERINI ELEITO PRESIDENTE DA UNECS.\" tabindex=\"-1\" target=\"_blank\">\n\t\t\tLer not\u00edcia \u00bb\t\t<\/a>\n\n\t\t\t\t<\/div>\n\t\t\t\t<\/article>\n\t\t\t\t<article class=\"elementor-post elementor-grid-item post-14322 post type-post status-publish format-standard has-post-thumbnail hentry category-blog\" role=\"listitem\">\n\t\t\t\t<a class=\"elementor-post__thumbnail__link\" href=\"https:\/\/aderj.com.br\/index.php\/2025\/02\/11\/ranking-abad-nielseniq-2025-responda-agora-mesmo\/\" tabindex=\"-1\" target=&quot;_blank&quot;>\n\t\t\t<div class=\"elementor-post__thumbnail\"><img loading=\"lazy\" decoding=\"async\" width=\"848\" height=\"848\" src=\"https:\/\/aderj.com.br\/wp-content\/uploads\/2025\/07\/e04e7b2f-692b-4d94-bf94-178fce418919.jpeg\" class=\"attachment-full size-full wp-image-14323\" alt=\"\" srcset=\"https:\/\/aderj.com.br\/wp-content\/uploads\/2025\/07\/e04e7b2f-692b-4d94-bf94-178fce418919.jpeg 848w, https:\/\/aderj.com.br\/wp-content\/uploads\/2025\/07\/e04e7b2f-692b-4d94-bf94-178fce418919-300x300.jpeg 300w, https:\/\/aderj.com.br\/wp-content\/uploads\/2025\/07\/e04e7b2f-692b-4d94-bf94-178fce418919-150x150.jpeg 150w, https:\/\/aderj.com.br\/wp-content\/uploads\/2025\/07\/e04e7b2f-692b-4d94-bf94-178fce418919-768x768.jpeg 768w\" sizes=\"(max-width: 848px) 100vw, 848px\" \/><\/div>\n\t\t<\/a>\n\t\t\t\t<div class=\"elementor-post__text\">\n\t\t\t\t<h3 class=\"elementor-post__title\">\n\t\t\t<a href=\"https:\/\/aderj.com.br\/index.php\/2025\/02\/11\/ranking-abad-nielseniq-2025-responda-agora-mesmo\/\" target=&quot;_blank&quot;>\n\t\t\t\tRanking ABAD\/NielsenIQ 2025 &#8211; Ano Base 2024: RESPONDA AGORA MESMO!\t\t\t<\/a>\n\t\t<\/h3>\n\t\t\t\t<div class=\"elementor-post__meta-data\">\n\t\t\t\t\t<span class=\"elementor-post-date\">\n\t\t\t11\/02\/2025\t\t<\/span>\n\t\t\t\t<\/div>\n\t\t\n\t\t<a class=\"elementor-post__read-more\" href=\"https:\/\/aderj.com.br\/index.php\/2025\/02\/11\/ranking-abad-nielseniq-2025-responda-agora-mesmo\/\" aria-label=\"Read more about Ranking ABAD\/NielsenIQ 2025 &#8211; Ano Base 2024: RESPONDA AGORA MESMO!\" tabindex=\"-1\" target=\"_blank\">\n\t\t\tLer not\u00edcia \u00bb\t\t<\/a>\n\n\t\t\t\t<\/div>\n\t\t\t\t<\/article>\n\t\t\t\t<article class=\"elementor-post elementor-grid-item post-14319 post type-post status-publish format-standard has-post-thumbnail hentry category-blog\" role=\"listitem\">\n\t\t\t\t<a class=\"elementor-post__thumbnail__link\" href=\"https:\/\/aderj.com.br\/index.php\/2025\/02\/10\/super-rio-expofood-35o-edicao\/\" tabindex=\"-1\" target=&quot;_blank&quot;>\n\t\t\t<div class=\"elementor-post__thumbnail\"><img loading=\"lazy\" decoding=\"async\" width=\"1080\" height=\"1080\" src=\"https:\/\/aderj.com.br\/wp-content\/uploads\/2025\/07\/0b3088f4-fd06-452a-9201-72ba2325a4b1.jpeg\" class=\"attachment-full size-full wp-image-14320\" alt=\"\" srcset=\"https:\/\/aderj.com.br\/wp-content\/uploads\/2025\/07\/0b3088f4-fd06-452a-9201-72ba2325a4b1.jpeg 1080w, https:\/\/aderj.com.br\/wp-content\/uploads\/2025\/07\/0b3088f4-fd06-452a-9201-72ba2325a4b1-300x300.jpeg 300w, https:\/\/aderj.com.br\/wp-content\/uploads\/2025\/07\/0b3088f4-fd06-452a-9201-72ba2325a4b1-1024x1024.jpeg 1024w, https:\/\/aderj.com.br\/wp-content\/uploads\/2025\/07\/0b3088f4-fd06-452a-9201-72ba2325a4b1-150x150.jpeg 150w, https:\/\/aderj.com.br\/wp-content\/uploads\/2025\/07\/0b3088f4-fd06-452a-9201-72ba2325a4b1-768x768.jpeg 768w\" sizes=\"(max-width: 1080px) 100vw, 1080px\" \/><\/div>\n\t\t<\/a>\n\t\t\t\t<div class=\"elementor-post__text\">\n\t\t\t\t<h3 class=\"elementor-post__title\">\n\t\t\t<a href=\"https:\/\/aderj.com.br\/index.php\/2025\/02\/10\/super-rio-expofood-35o-edicao\/\" target=&quot;_blank&quot;>\n\t\t\t\tSUPER RIO EXPOFOOD: 35\u00ba EDI\u00c7\u00c3O\t\t\t<\/a>\n\t\t<\/h3>\n\t\t\t\t<div class=\"elementor-post__meta-data\">\n\t\t\t\t\t<span class=\"elementor-post-date\">\n\t\t\t10\/02\/2025\t\t<\/span>\n\t\t\t\t<\/div>\n\t\t\n\t\t<a class=\"elementor-post__read-more\" href=\"https:\/\/aderj.com.br\/index.php\/2025\/02\/10\/super-rio-expofood-35o-edicao\/\" aria-label=\"Read more about SUPER RIO EXPOFOOD: 35\u00ba EDI\u00c7\u00c3O\" tabindex=\"-1\" target=\"_blank\">\n\t\t\tLer not\u00edcia \u00bb\t\t<\/a>\n\n\t\t\t\t<\/div>\n\t\t\t\t<\/article>\n\t\t\t\t<article class=\"elementor-post elementor-grid-item post-14274 post type-post status-publish format-standard has-post-thumbnail hentry category-blog\" role=\"listitem\">\n\t\t\t\t<a class=\"elementor-post__thumbnail__link\" href=\"https:\/\/aderj.com.br\/index.php\/2025\/02\/07\/14274\/\" tabindex=\"-1\" target=&quot;_blank&quot;>\n\t\t\t<div class=\"elementor-post__thumbnail\"><img loading=\"lazy\" decoding=\"async\" width=\"1600\" height=\"1600\" src=\"https:\/\/aderj.com.br\/wp-content\/uploads\/2025\/02\/Imagem-do-WhatsApp-de-2025-02-07-as-14.42.38_d5e62b27.jpg\" class=\"attachment-full size-full wp-image-14289\" alt=\"\" srcset=\"https:\/\/aderj.com.br\/wp-content\/uploads\/2025\/02\/Imagem-do-WhatsApp-de-2025-02-07-as-14.42.38_d5e62b27.jpg 1600w, https:\/\/aderj.com.br\/wp-content\/uploads\/2025\/02\/Imagem-do-WhatsApp-de-2025-02-07-as-14.42.38_d5e62b27-300x300.jpg 300w, https:\/\/aderj.com.br\/wp-content\/uploads\/2025\/02\/Imagem-do-WhatsApp-de-2025-02-07-as-14.42.38_d5e62b27-1024x1024.jpg 1024w, https:\/\/aderj.com.br\/wp-content\/uploads\/2025\/02\/Imagem-do-WhatsApp-de-2025-02-07-as-14.42.38_d5e62b27-150x150.jpg 150w, https:\/\/aderj.com.br\/wp-content\/uploads\/2025\/02\/Imagem-do-WhatsApp-de-2025-02-07-as-14.42.38_d5e62b27-768x768.jpg 768w, https:\/\/aderj.com.br\/wp-content\/uploads\/2025\/02\/Imagem-do-WhatsApp-de-2025-02-07-as-14.42.38_d5e62b27-1536x1536.jpg 1536w\" sizes=\"(max-width: 1600px) 100vw, 1600px\" \/><\/div>\n\t\t<\/a>\n\t\t\t\t<div class=\"elementor-post__text\">\n\t\t\t\t<h3 class=\"elementor-post__title\">\n\t\t\t<a href=\"https:\/\/aderj.com.br\/index.php\/2025\/02\/07\/14274\/\" target=&quot;_blank&quot;>\n\t\t\t\tSAIBA COMO ACESSAR O DOMIC\u00cdLIO ELETR\u00d4NICO DO CONTRIBUINTE (DEC) DA SEFAZ RJ\t\t\t<\/a>\n\t\t<\/h3>\n\t\t\t\t<div class=\"elementor-post__meta-data\">\n\t\t\t\t\t<span class=\"elementor-post-date\">\n\t\t\t07\/02\/2025\t\t<\/span>\n\t\t\t\t<\/div>\n\t\t\n\t\t<a class=\"elementor-post__read-more\" href=\"https:\/\/aderj.com.br\/index.php\/2025\/02\/07\/14274\/\" aria-label=\"Read more about SAIBA COMO ACESSAR O DOMIC\u00cdLIO ELETR\u00d4NICO DO CONTRIBUINTE (DEC) DA SEFAZ RJ\" tabindex=\"-1\" target=\"_blank\">\n\t\t\tLer not\u00edcia \u00bb\t\t<\/a>\n\n\t\t\t\t<\/div>\n\t\t\t\t<\/article>\n\t\t\t\t<article class=\"elementor-post elementor-grid-item post-14316 post type-post status-publish format-standard has-post-thumbnail hentry category-blog\" role=\"listitem\">\n\t\t\t\t<a class=\"elementor-post__thumbnail__link\" href=\"https:\/\/aderj.com.br\/index.php\/2025\/02\/04\/fevereiro-roxo-e-laranja\/\" tabindex=\"-1\" target=&quot;_blank&quot;>\n\t\t\t<div class=\"elementor-post__thumbnail\"><img loading=\"lazy\" decoding=\"async\" width=\"1000\" height=\"1000\" src=\"https:\/\/aderj.com.br\/wp-content\/uploads\/2025\/07\/7f35881e-560f-4ea7-b2a5-0e747e201f27.jpeg\" class=\"attachment-full size-full wp-image-14317\" alt=\"\" srcset=\"https:\/\/aderj.com.br\/wp-content\/uploads\/2025\/07\/7f35881e-560f-4ea7-b2a5-0e747e201f27.jpeg 1000w, https:\/\/aderj.com.br\/wp-content\/uploads\/2025\/07\/7f35881e-560f-4ea7-b2a5-0e747e201f27-300x300.jpeg 300w, https:\/\/aderj.com.br\/wp-content\/uploads\/2025\/07\/7f35881e-560f-4ea7-b2a5-0e747e201f27-150x150.jpeg 150w, https:\/\/aderj.com.br\/wp-content\/uploads\/2025\/07\/7f35881e-560f-4ea7-b2a5-0e747e201f27-768x768.jpeg 768w\" sizes=\"(max-width: 1000px) 100vw, 1000px\" \/><\/div>\n\t\t<\/a>\n\t\t\t\t<div class=\"elementor-post__text\">\n\t\t\t\t<h3 class=\"elementor-post__title\">\n\t\t\t<a href=\"https:\/\/aderj.com.br\/index.php\/2025\/02\/04\/fevereiro-roxo-e-laranja\/\" target=&quot;_blank&quot;>\n\t\t\t\tFEVEREIRO ROXO E LARANJA.\t\t\t<\/a>\n\t\t<\/h3>\n\t\t\t\t<div class=\"elementor-post__meta-data\">\n\t\t\t\t\t<span class=\"elementor-post-date\">\n\t\t\t04\/02\/2025\t\t<\/span>\n\t\t\t\t<\/div>\n\t\t\n\t\t<a class=\"elementor-post__read-more\" href=\"https:\/\/aderj.com.br\/index.php\/2025\/02\/04\/fevereiro-roxo-e-laranja\/\" aria-label=\"Read more about FEVEREIRO ROXO E LARANJA.\" tabindex=\"-1\" target=\"_blank\">\n\t\t\tLer not\u00edcia \u00bb\t\t<\/a>\n\n\t\t\t\t<\/div>\n\t\t\t\t<\/article>\n\t\t\t\t<article class=\"elementor-post elementor-grid-item post-14312 post type-post status-publish format-standard has-post-thumbnail hentry category-blog\" role=\"listitem\">\n\t\t\t\t<a class=\"elementor-post__thumbnail__link\" href=\"https:\/\/aderj.com.br\/index.php\/2025\/01\/29\/aderj-informa-resolucao-sefaz-no-757-2025\/\" tabindex=\"-1\" target=&quot;_blank&quot;>\n\t\t\t<div class=\"elementor-post__thumbnail\"><img loading=\"lazy\" decoding=\"async\" width=\"1280\" height=\"1280\" src=\"https:\/\/aderj.com.br\/wp-content\/uploads\/2025\/07\/56cc5e7b-ff1d-4580-90f0-d70fd7c4dedb.jpeg\" class=\"attachment-full size-full wp-image-14313\" alt=\"\" srcset=\"https:\/\/aderj.com.br\/wp-content\/uploads\/2025\/07\/56cc5e7b-ff1d-4580-90f0-d70fd7c4dedb.jpeg 1280w, https:\/\/aderj.com.br\/wp-content\/uploads\/2025\/07\/56cc5e7b-ff1d-4580-90f0-d70fd7c4dedb-300x300.jpeg 300w, https:\/\/aderj.com.br\/wp-content\/uploads\/2025\/07\/56cc5e7b-ff1d-4580-90f0-d70fd7c4dedb-1024x1024.jpeg 1024w, https:\/\/aderj.com.br\/wp-content\/uploads\/2025\/07\/56cc5e7b-ff1d-4580-90f0-d70fd7c4dedb-150x150.jpeg 150w, https:\/\/aderj.com.br\/wp-content\/uploads\/2025\/07\/56cc5e7b-ff1d-4580-90f0-d70fd7c4dedb-768x768.jpeg 768w\" sizes=\"(max-width: 1280px) 100vw, 1280px\" \/><\/div>\n\t\t<\/a>\n\t\t\t\t<div class=\"elementor-post__text\">\n\t\t\t\t<h3 class=\"elementor-post__title\">\n\t\t\t<a href=\"https:\/\/aderj.com.br\/index.php\/2025\/01\/29\/aderj-informa-resolucao-sefaz-no-757-2025\/\" target=&quot;_blank&quot;>\n\t\t\t\tADERJ INFORMA: Resolu\u00e7\u00e3o SEFAZ n\u00ba 757\/2025.\t\t\t<\/a>\n\t\t<\/h3>\n\t\t\t\t<div class=\"elementor-post__meta-data\">\n\t\t\t\t\t<span class=\"elementor-post-date\">\n\t\t\t29\/01\/2025\t\t<\/span>\n\t\t\t\t<\/div>\n\t\t\n\t\t<a class=\"elementor-post__read-more\" href=\"https:\/\/aderj.com.br\/index.php\/2025\/01\/29\/aderj-informa-resolucao-sefaz-no-757-2025\/\" aria-label=\"Read more about ADERJ INFORMA: Resolu\u00e7\u00e3o SEFAZ n\u00ba 757\/2025.\" tabindex=\"-1\" target=\"_blank\">\n\t\t\tLer not\u00edcia \u00bb\t\t<\/a>\n\n\t\t\t\t<\/div>\n\t\t\t\t<\/article>\n\t\t\t\t<article class=\"elementor-post elementor-grid-item post-14309 post type-post status-publish format-standard has-post-thumbnail hentry category-blog\" role=\"listitem\">\n\t\t\t\t<a class=\"elementor-post__thumbnail__link\" href=\"https:\/\/aderj.com.br\/index.php\/2025\/01\/28\/ranking-abad-nielseniq-2025\/\" tabindex=\"-1\" target=&quot;_blank&quot;>\n\t\t\t<div class=\"elementor-post__thumbnail\"><img loading=\"lazy\" decoding=\"async\" width=\"848\" height=\"848\" src=\"https:\/\/aderj.com.br\/wp-content\/uploads\/2025\/07\/2bdda6b2-1576-4c56-b316-4c959290fab4.jpeg\" class=\"attachment-full size-full wp-image-14310\" alt=\"\" srcset=\"https:\/\/aderj.com.br\/wp-content\/uploads\/2025\/07\/2bdda6b2-1576-4c56-b316-4c959290fab4.jpeg 848w, https:\/\/aderj.com.br\/wp-content\/uploads\/2025\/07\/2bdda6b2-1576-4c56-b316-4c959290fab4-300x300.jpeg 300w, https:\/\/aderj.com.br\/wp-content\/uploads\/2025\/07\/2bdda6b2-1576-4c56-b316-4c959290fab4-150x150.jpeg 150w, https:\/\/aderj.com.br\/wp-content\/uploads\/2025\/07\/2bdda6b2-1576-4c56-b316-4c959290fab4-768x768.jpeg 768w\" sizes=\"(max-width: 848px) 100vw, 848px\" \/><\/div>\n\t\t<\/a>\n\t\t\t\t<div class=\"elementor-post__text\">\n\t\t\t\t<h3 class=\"elementor-post__title\">\n\t\t\t<a href=\"https:\/\/aderj.com.br\/index.php\/2025\/01\/28\/ranking-abad-nielseniq-2025\/\" target=&quot;_blank&quot;>\n\t\t\t\tRanking ABAD\/NielsenIQ 2025 &#8211; Ano Base 2024.\t\t\t<\/a>\n\t\t<\/h3>\n\t\t\t\t<div class=\"elementor-post__meta-data\">\n\t\t\t\t\t<span class=\"elementor-post-date\">\n\t\t\t28\/01\/2025\t\t<\/span>\n\t\t\t\t<\/div>\n\t\t\n\t\t<a class=\"elementor-post__read-more\" href=\"https:\/\/aderj.com.br\/index.php\/2025\/01\/28\/ranking-abad-nielseniq-2025\/\" aria-label=\"Read more about Ranking ABAD\/NielsenIQ 2025 &#8211; Ano Base 2024.\" tabindex=\"-1\" target=\"_blank\">\n\t\t\tLer not\u00edcia \u00bb\t\t<\/a>\n\n\t\t\t\t<\/div>\n\t\t\t\t<\/article>\n\t\t\t\t<article class=\"elementor-post elementor-grid-item post-14110 post type-post status-publish format-standard has-post-thumbnail hentry category-blog\" role=\"listitem\">\n\t\t\t\t<a class=\"elementor-post__thumbnail__link\" href=\"https:\/\/aderj.com.br\/index.php\/2024\/11\/25\/1o-curso-superior-de-tecnologia-em-gestao-de-vendas-logistica-e-distribuicao\/\" tabindex=\"-1\" target=&quot;_blank&quot;>\n\t\t\t<div class=\"elementor-post__thumbnail\"><img loading=\"lazy\" decoding=\"async\" width=\"1336\" height=\"1331\" src=\"https:\/\/aderj.com.br\/wp-content\/uploads\/2024\/11\/WhatsApp-Image-2024-11-22-at-17.51.29.jpeg\" class=\"attachment-full size-full wp-image-14117\" alt=\"\" srcset=\"https:\/\/aderj.com.br\/wp-content\/uploads\/2024\/11\/WhatsApp-Image-2024-11-22-at-17.51.29.jpeg 1336w, https:\/\/aderj.com.br\/wp-content\/uploads\/2024\/11\/WhatsApp-Image-2024-11-22-at-17.51.29-300x300.jpeg 300w, https:\/\/aderj.com.br\/wp-content\/uploads\/2024\/11\/WhatsApp-Image-2024-11-22-at-17.51.29-150x150.jpeg 150w\" sizes=\"(max-width: 1336px) 100vw, 1336px\" \/><\/div>\n\t\t<\/a>\n\t\t\t\t<div class=\"elementor-post__text\">\n\t\t\t\t<h3 class=\"elementor-post__title\">\n\t\t\t<a href=\"https:\/\/aderj.com.br\/index.php\/2024\/11\/25\/1o-curso-superior-de-tecnologia-em-gestao-de-vendas-logistica-e-distribuicao\/\" target=&quot;_blank&quot;>\n\t\t\t\t1\u00ba CURSO SUPERIOR DE TECNOLOGIA EM GEST\u00c3O DE VENDAS, LOG\u00cdSTICA E DISTRIBUI\u00c7\u00c3O.\t\t\t<\/a>\n\t\t<\/h3>\n\t\t\t\t<div class=\"elementor-post__meta-data\">\n\t\t\t\t\t<span class=\"elementor-post-date\">\n\t\t\t25\/11\/2024\t\t<\/span>\n\t\t\t\t<\/div>\n\t\t\n\t\t<a class=\"elementor-post__read-more\" href=\"https:\/\/aderj.com.br\/index.php\/2024\/11\/25\/1o-curso-superior-de-tecnologia-em-gestao-de-vendas-logistica-e-distribuicao\/\" aria-label=\"Read more about 1\u00ba CURSO SUPERIOR DE TECNOLOGIA EM GEST\u00c3O DE VENDAS, LOG\u00cdSTICA E DISTRIBUI\u00c7\u00c3O.\" tabindex=\"-1\" target=\"_blank\">\n\t\t\tLer not\u00edcia \u00bb\t\t<\/a>\n\n\t\t\t\t<\/div>\n\t\t\t\t<\/article>\n\t\t\t\t<article class=\"elementor-post elementor-grid-item post-14092 post type-post status-publish format-standard has-post-thumbnail hentry category-novidades-de-destaque\" role=\"listitem\">\n\t\t\t\t<a class=\"elementor-post__thumbnail__link\" href=\"https:\/\/aderj.com.br\/index.php\/2024\/11\/25\/uniabad\/\" tabindex=\"-1\" target=&quot;_blank&quot;>\n\t\t\t<div class=\"elementor-post__thumbnail\"><img loading=\"lazy\" decoding=\"async\" width=\"1600\" height=\"900\" src=\"https:\/\/aderj.com.br\/wp-content\/uploads\/2024\/11\/Imagem-do-WhatsApp-de-2024-11-25-as-10.45.35_5c244526.jpg\" class=\"attachment-full size-full wp-image-14104\" alt=\"\" srcset=\"https:\/\/aderj.com.br\/wp-content\/uploads\/2024\/11\/Imagem-do-WhatsApp-de-2024-11-25-as-10.45.35_5c244526.jpg 1600w, https:\/\/aderj.com.br\/wp-content\/uploads\/2024\/11\/Imagem-do-WhatsApp-de-2024-11-25-as-10.45.35_5c244526-1536x864.jpg 1536w\" sizes=\"(max-width: 1600px) 100vw, 1600px\" \/><\/div>\n\t\t<\/a>\n\t\t\t\t<div class=\"elementor-post__text\">\n\t\t\t\t<h3 class=\"elementor-post__title\">\n\t\t\t<a href=\"https:\/\/aderj.com.br\/index.php\/2024\/11\/25\/uniabad\/\" target=&quot;_blank&quot;>\n\t\t\t\t1\u00ba CURSO SUPERIOR DE TECNOLOGIA EM GEST\u00c3O DE VENDAS, LOG\u00cdSTICA E DISTRIBUI\u00c7\u00c3O\t\t\t<\/a>\n\t\t<\/h3>\n\t\t\t\t<div class=\"elementor-post__meta-data\">\n\t\t\t\t\t<span class=\"elementor-post-date\">\n\t\t\t25\/11\/2024\t\t<\/span>\n\t\t\t\t<\/div>\n\t\t\n\t\t<a class=\"elementor-post__read-more\" href=\"https:\/\/aderj.com.br\/index.php\/2024\/11\/25\/uniabad\/\" aria-label=\"Read more about 1\u00ba CURSO SUPERIOR DE TECNOLOGIA EM GEST\u00c3O DE VENDAS, LOG\u00cdSTICA E DISTRIBUI\u00c7\u00c3O\" tabindex=\"-1\" target=\"_blank\">\n\t\t\tLer not\u00edcia \u00bb\t\t<\/a>\n\n\t\t\t\t<\/div>\n\t\t\t\t<\/article>\n\t\t\t\t<article class=\"elementor-post elementor-grid-item post-14082 post type-post status-publish format-standard has-post-thumbnail hentry category-novidades-de-destaque\" role=\"listitem\">\n\t\t\t\t<a class=\"elementor-post__thumbnail__link\" href=\"https:\/\/aderj.com.br\/index.php\/2024\/11\/25\/seminario-abad-filiadas\/\" tabindex=\"-1\" target=&quot;_blank&quot;>\n\t\t\t<div class=\"elementor-post__thumbnail\"><img loading=\"lazy\" decoding=\"async\" width=\"1600\" height=\"900\" src=\"https:\/\/aderj.com.br\/wp-content\/uploads\/2024\/11\/Imagem-do-WhatsApp-de-2024-11-25-as-10.57.55_d7d71146.jpg\" class=\"attachment-full size-full wp-image-14116\" alt=\"\" srcset=\"https:\/\/aderj.com.br\/wp-content\/uploads\/2024\/11\/Imagem-do-WhatsApp-de-2024-11-25-as-10.57.55_d7d71146.jpg 1600w, https:\/\/aderj.com.br\/wp-content\/uploads\/2024\/11\/Imagem-do-WhatsApp-de-2024-11-25-as-10.57.55_d7d71146-1536x864.jpg 1536w\" sizes=\"(max-width: 1600px) 100vw, 1600px\" \/><\/div>\n\t\t<\/a>\n\t\t\t\t<div class=\"elementor-post__text\">\n\t\t\t\t<h3 class=\"elementor-post__title\">\n\t\t\t<a href=\"https:\/\/aderj.com.br\/index.php\/2024\/11\/25\/seminario-abad-filiadas\/\" target=&quot;_blank&quot;>\n\t\t\t\tSEMIN\u00c1RIO ABAD &amp; FILIADAS\t\t\t<\/a>\n\t\t<\/h3>\n\t\t\t\t<div class=\"elementor-post__meta-data\">\n\t\t\t\t\t<span class=\"elementor-post-date\">\n\t\t\t25\/11\/2024\t\t<\/span>\n\t\t\t\t<\/div>\n\t\t\n\t\t<a class=\"elementor-post__read-more\" href=\"https:\/\/aderj.com.br\/index.php\/2024\/11\/25\/seminario-abad-filiadas\/\" aria-label=\"Read more about SEMIN\u00c1RIO ABAD &amp; FILIADAS\" tabindex=\"-1\" target=\"_blank\">\n\t\t\tLer not\u00edcia \u00bb\t\t<\/a>\n\n\t\t\t\t<\/div>\n\t\t\t\t<\/article>\n\t\t\t\t<article class=\"elementor-post elementor-grid-item post-13902 post type-post status-publish format-standard has-post-thumbnail hentry category-blog\" role=\"listitem\">\n\t\t\t\t<a class=\"elementor-post__thumbnail__link\" href=\"https:\/\/aderj.com.br\/index.php\/2024\/11\/12\/ipva-em-dia-governo-do-rj-oferece-parcelamento-de-dividas-de-2020-a-2023-para-proprietarios-de-veiculos\/\" tabindex=\"-1\" target=&quot;_blank&quot;>\n\t\t\t<div class=\"elementor-post__thumbnail\"><img loading=\"lazy\" decoding=\"async\" width=\"1600\" height=\"1600\" src=\"https:\/\/aderj.com.br\/wp-content\/uploads\/2024\/11\/WhatsApp-Image-2024-11-11-at-16.16.43.jpeg\" class=\"attachment-full size-full wp-image-13915\" alt=\"\" srcset=\"https:\/\/aderj.com.br\/wp-content\/uploads\/2024\/11\/WhatsApp-Image-2024-11-11-at-16.16.43.jpeg 1600w, https:\/\/aderj.com.br\/wp-content\/uploads\/2024\/11\/WhatsApp-Image-2024-11-11-at-16.16.43-300x300.jpeg 300w, https:\/\/aderj.com.br\/wp-content\/uploads\/2024\/11\/WhatsApp-Image-2024-11-11-at-16.16.43-1024x1024.jpeg 1024w, https:\/\/aderj.com.br\/wp-content\/uploads\/2024\/11\/WhatsApp-Image-2024-11-11-at-16.16.43-150x150.jpeg 150w, https:\/\/aderj.com.br\/wp-content\/uploads\/2024\/11\/WhatsApp-Image-2024-11-11-at-16.16.43-768x768.jpeg 768w, https:\/\/aderj.com.br\/wp-content\/uploads\/2024\/11\/WhatsApp-Image-2024-11-11-at-16.16.43-1536x1536.jpeg 1536w\" sizes=\"(max-width: 1600px) 100vw, 1600px\" \/><\/div>\n\t\t<\/a>\n\t\t\t\t<div class=\"elementor-post__text\">\n\t\t\t\t<h3 class=\"elementor-post__title\">\n\t\t\t<a href=\"https:\/\/aderj.com.br\/index.php\/2024\/11\/12\/ipva-em-dia-governo-do-rj-oferece-parcelamento-de-dividas-de-2020-a-2023-para-proprietarios-de-veiculos\/\" target=&quot;_blank&quot;>\n\t\t\t\tIPVA em Dia: Governo do RJ oferece parcelamento de d\u00edvidas de 2020 a 2023 para propriet\u00e1rios de ve\u00edculos.\t\t\t<\/a>\n\t\t<\/h3>\n\t\t\t\t<div class=\"elementor-post__meta-data\">\n\t\t\t\t\t<span class=\"elementor-post-date\">\n\t\t\t12\/11\/2024\t\t<\/span>\n\t\t\t\t<\/div>\n\t\t\n\t\t<a class=\"elementor-post__read-more\" href=\"https:\/\/aderj.com.br\/index.php\/2024\/11\/12\/ipva-em-dia-governo-do-rj-oferece-parcelamento-de-dividas-de-2020-a-2023-para-proprietarios-de-veiculos\/\" aria-label=\"Read more about IPVA em Dia: Governo do RJ oferece parcelamento de d\u00edvidas de 2020 a 2023 para propriet\u00e1rios de ve\u00edculos.\" tabindex=\"-1\" target=\"_blank\">\n\t\t\tLer not\u00edcia \u00bb\t\t<\/a>\n\n\t\t\t\t<\/div>\n\t\t\t\t<\/article>\n\t\t\t\t<article class=\"elementor-post elementor-grid-item post-13890 post type-post status-publish format-standard has-post-thumbnail hentry category-blog\" role=\"listitem\">\n\t\t\t\t<a class=\"elementor-post__thumbnail__link\" href=\"https:\/\/aderj.com.br\/index.php\/2024\/11\/11\/plano-operacional-apresentado-pela-prefeitura-do-rio-de-janeiro-para-os-eventos-do-g20\/\" tabindex=\"-1\" target=&quot;_blank&quot;>\n\t\t\t<div class=\"elementor-post__thumbnail\"><img loading=\"lazy\" decoding=\"async\" width=\"1600\" height=\"1600\" src=\"https:\/\/aderj.com.br\/wp-content\/uploads\/2024\/11\/WhatsApp-Image-2024-11-08-at-16.57.56.jpeg\" class=\"attachment-full size-full wp-image-13891\" alt=\"\" srcset=\"https:\/\/aderj.com.br\/wp-content\/uploads\/2024\/11\/WhatsApp-Image-2024-11-08-at-16.57.56.jpeg 1600w, https:\/\/aderj.com.br\/wp-content\/uploads\/2024\/11\/WhatsApp-Image-2024-11-08-at-16.57.56-300x300.jpeg 300w, https:\/\/aderj.com.br\/wp-content\/uploads\/2024\/11\/WhatsApp-Image-2024-11-08-at-16.57.56-1024x1024.jpeg 1024w, https:\/\/aderj.com.br\/wp-content\/uploads\/2024\/11\/WhatsApp-Image-2024-11-08-at-16.57.56-150x150.jpeg 150w, https:\/\/aderj.com.br\/wp-content\/uploads\/2024\/11\/WhatsApp-Image-2024-11-08-at-16.57.56-768x768.jpeg 768w, https:\/\/aderj.com.br\/wp-content\/uploads\/2024\/11\/WhatsApp-Image-2024-11-08-at-16.57.56-1536x1536.jpeg 1536w\" sizes=\"(max-width: 1600px) 100vw, 1600px\" \/><\/div>\n\t\t<\/a>\n\t\t\t\t<div class=\"elementor-post__text\">\n\t\t\t\t<h3 class=\"elementor-post__title\">\n\t\t\t<a href=\"https:\/\/aderj.com.br\/index.php\/2024\/11\/11\/plano-operacional-apresentado-pela-prefeitura-do-rio-de-janeiro-para-os-eventos-do-g20\/\" target=&quot;_blank&quot;>\n\t\t\t\tPlano operacional apresentado pela prefeitura do Rio de Janeiro para os eventos do G20.\t\t\t<\/a>\n\t\t<\/h3>\n\t\t\t\t<div class=\"elementor-post__meta-data\">\n\t\t\t\t\t<span class=\"elementor-post-date\">\n\t\t\t11\/11\/2024\t\t<\/span>\n\t\t\t\t<\/div>\n\t\t\n\t\t<a class=\"elementor-post__read-more\" href=\"https:\/\/aderj.com.br\/index.php\/2024\/11\/11\/plano-operacional-apresentado-pela-prefeitura-do-rio-de-janeiro-para-os-eventos-do-g20\/\" aria-label=\"Read more about Plano operacional apresentado pela prefeitura do Rio de Janeiro para os eventos do G20.\" tabindex=\"-1\" target=\"_blank\">\n\t\t\tLer not\u00edcia \u00bb\t\t<\/a>\n\n\t\t\t\t<\/div>\n\t\t\t\t<\/article>\n\t\t\t\t<article class=\"elementor-post elementor-grid-item post-13770 post type-post status-publish format-standard has-post-thumbnail hentry category-blog\" role=\"listitem\">\n\t\t\t\t<a class=\"elementor-post__thumbnail__link\" href=\"https:\/\/aderj.com.br\/index.php\/2024\/10\/18\/aderj-participa-de-reuniao-com-excelentissimo-ministro-gilmar-mendes\/\" tabindex=\"-1\" target=&quot;_blank&quot;>\n\t\t\t<div class=\"elementor-post__thumbnail\"><img loading=\"lazy\" decoding=\"async\" width=\"1024\" height=\"1024\" src=\"https:\/\/aderj.com.br\/wp-content\/uploads\/2024\/10\/WhatsApp-Image-2024-10-17-at-16.21.50.jpeg\" class=\"attachment-full size-full wp-image-13788\" alt=\"\" srcset=\"https:\/\/aderj.com.br\/wp-content\/uploads\/2024\/10\/WhatsApp-Image-2024-10-17-at-16.21.50.jpeg 1024w, https:\/\/aderj.com.br\/wp-content\/uploads\/2024\/10\/WhatsApp-Image-2024-10-17-at-16.21.50-300x300.jpeg 300w, https:\/\/aderj.com.br\/wp-content\/uploads\/2024\/10\/WhatsApp-Image-2024-10-17-at-16.21.50-150x150.jpeg 150w, https:\/\/aderj.com.br\/wp-content\/uploads\/2024\/10\/WhatsApp-Image-2024-10-17-at-16.21.50-768x768.jpeg 768w\" sizes=\"(max-width: 1024px) 100vw, 1024px\" \/><\/div>\n\t\t<\/a>\n\t\t\t\t<div class=\"elementor-post__text\">\n\t\t\t\t<h3 class=\"elementor-post__title\">\n\t\t\t<a href=\"https:\/\/aderj.com.br\/index.php\/2024\/10\/18\/aderj-participa-de-reuniao-com-excelentissimo-ministro-gilmar-mendes\/\" target=&quot;_blank&quot;>\n\t\t\t\tADERJ participa de reuni\u00e3o com Excelent\u00edssimo Ministro Gilmar Mendes.\t\t\t<\/a>\n\t\t<\/h3>\n\t\t\t\t<div class=\"elementor-post__meta-data\">\n\t\t\t\t\t<span class=\"elementor-post-date\">\n\t\t\t18\/10\/2024\t\t<\/span>\n\t\t\t\t<\/div>\n\t\t\n\t\t<a class=\"elementor-post__read-more\" href=\"https:\/\/aderj.com.br\/index.php\/2024\/10\/18\/aderj-participa-de-reuniao-com-excelentissimo-ministro-gilmar-mendes\/\" aria-label=\"Read more about ADERJ participa de reuni\u00e3o com Excelent\u00edssimo Ministro Gilmar Mendes.\" tabindex=\"-1\" target=\"_blank\">\n\t\t\tLer not\u00edcia \u00bb\t\t<\/a>\n\n\t\t\t\t<\/div>\n\t\t\t\t<\/article>\n\t\t\t\t<article class=\"elementor-post elementor-grid-item post-1119 post type-post status-publish format-standard has-post-thumbnail hentry category-novidades-de-destaque\" role=\"listitem\">\n\t\t\t\t<a class=\"elementor-post__thumbnail__link\" href=\"https:\/\/aderj.com.br\/index.php\/2024\/07\/02\/seja-um-associado-da-aderj\/\" tabindex=\"-1\" target=&quot;_blank&quot;>\n\t\t\t<div class=\"elementor-post__thumbnail\"><img loading=\"lazy\" decoding=\"async\" width=\"1920\" height=\"1080\" src=\"https:\/\/aderj.com.br\/wp-content\/uploads\/2024\/02\/Banner-Seja-um-Associado.jpg\" class=\"attachment-full size-full wp-image-1801\" alt=\"\" srcset=\"https:\/\/aderj.com.br\/wp-content\/uploads\/2024\/02\/Banner-Seja-um-Associado.jpg 1920w, https:\/\/aderj.com.br\/wp-content\/uploads\/2024\/02\/Banner-Seja-um-Associado-1536x864.jpg 1536w\" sizes=\"(max-width: 1920px) 100vw, 1920px\" \/><\/div>\n\t\t<\/a>\n\t\t\t\t<div class=\"elementor-post__text\">\n\t\t\t\t<h3 class=\"elementor-post__title\">\n\t\t\t<a href=\"https:\/\/aderj.com.br\/index.php\/2024\/07\/02\/seja-um-associado-da-aderj\/\" target=&quot;_blank&quot;>\n\t\t\t\tSEJA UMA EMPRESA ASSOCIADA DA ADERJ\t\t\t<\/a>\n\t\t<\/h3>\n\t\t\t\t<div class=\"elementor-post__meta-data\">\n\t\t\t\t\t<span class=\"elementor-post-date\">\n\t\t\t02\/07\/2024\t\t<\/span>\n\t\t\t\t<\/div>\n\t\t\n\t\t<a class=\"elementor-post__read-more\" href=\"https:\/\/aderj.com.br\/index.php\/2024\/07\/02\/seja-um-associado-da-aderj\/\" aria-label=\"Read more about SEJA UMA EMPRESA ASSOCIADA DA ADERJ\" tabindex=\"-1\" target=\"_blank\">\n\t\t\tLer not\u00edcia \u00bb\t\t<\/a>\n\n\t\t\t\t<\/div>\n\t\t\t\t<\/article>\n\t\t\t\t<article class=\"elementor-post elementor-grid-item post-4669 post type-post status-publish format-standard has-post-thumbnail hentry category-novidades-de-destaque\" role=\"listitem\">\n\t\t\t\t<a class=\"elementor-post__thumbnail__link\" href=\"https:\/\/aderj.com.br\/index.php\/2024\/07\/02\/projeto-vidas-preciosas\/\" tabindex=\"-1\" target=&quot;_blank&quot;>\n\t\t\t<div class=\"elementor-post__thumbnail\"><img loading=\"lazy\" decoding=\"async\" width=\"1600\" height=\"900\" src=\"https:\/\/aderj.com.br\/wp-content\/uploads\/2024\/07\/Imagem-do-WhatsApp-de-2024-11-25-as-10.47.31_9be59b3b.jpg\" class=\"attachment-full size-full wp-image-14105\" alt=\"\" srcset=\"https:\/\/aderj.com.br\/wp-content\/uploads\/2024\/07\/Imagem-do-WhatsApp-de-2024-11-25-as-10.47.31_9be59b3b.jpg 1600w, https:\/\/aderj.com.br\/wp-content\/uploads\/2024\/07\/Imagem-do-WhatsApp-de-2024-11-25-as-10.47.31_9be59b3b-1536x864.jpg 1536w\" sizes=\"(max-width: 1600px) 100vw, 1600px\" \/><\/div>\n\t\t<\/a>\n\t\t\t\t<div class=\"elementor-post__text\">\n\t\t\t\t<h3 class=\"elementor-post__title\">\n\t\t\t<a href=\"https:\/\/aderj.com.br\/index.php\/2024\/07\/02\/projeto-vidas-preciosas\/\" target=&quot;_blank&quot;>\n\t\t\t\tPROJETO VIDAS PRECIOSAS\t\t\t<\/a>\n\t\t<\/h3>\n\t\t\t\t<div class=\"elementor-post__meta-data\">\n\t\t\t\t\t<span class=\"elementor-post-date\">\n\t\t\t02\/07\/2024\t\t<\/span>\n\t\t\t\t<\/div>\n\t\t\n\t\t<a class=\"elementor-post__read-more\" href=\"https:\/\/aderj.com.br\/index.php\/2024\/07\/02\/projeto-vidas-preciosas\/\" aria-label=\"Read more about PROJETO VIDAS PRECIOSAS\" tabindex=\"-1\" target=\"_blank\">\n\t\t\tLer not\u00edcia \u00bb\t\t<\/a>\n\n\t\t\t\t<\/div>\n\t\t\t\t<\/article>\n\t\t\t\t<article class=\"elementor-post elementor-grid-item post-8764 post type-post status-publish format-standard has-post-thumbnail hentry category-blog\" role=\"listitem\">\n\t\t\t\t<a class=\"elementor-post__thumbnail__link\" href=\"https:\/\/aderj.com.br\/index.php\/2024\/05\/28\/resolucao-sefaz-no-654-de-24-de-maio-de-2024\/\" tabindex=\"-1\" target=&quot;_blank&quot;>\n\t\t\t<div class=\"elementor-post__thumbnail\"><img loading=\"lazy\" decoding=\"async\" width=\"1600\" height=\"1600\" src=\"https:\/\/aderj.com.br\/wp-content\/uploads\/2024\/05\/IMG-20240528-WA0014-1.jpg\" class=\"attachment-full size-full wp-image-8763\" alt=\"\" srcset=\"https:\/\/aderj.com.br\/wp-content\/uploads\/2024\/05\/IMG-20240528-WA0014-1.jpg 1600w, https:\/\/aderj.com.br\/wp-content\/uploads\/2024\/05\/IMG-20240528-WA0014-1-300x300.jpg 300w, https:\/\/aderj.com.br\/wp-content\/uploads\/2024\/05\/IMG-20240528-WA0014-1-1024x1024.jpg 1024w, https:\/\/aderj.com.br\/wp-content\/uploads\/2024\/05\/IMG-20240528-WA0014-1-150x150.jpg 150w, https:\/\/aderj.com.br\/wp-content\/uploads\/2024\/05\/IMG-20240528-WA0014-1-768x768.jpg 768w, https:\/\/aderj.com.br\/wp-content\/uploads\/2024\/05\/IMG-20240528-WA0014-1-1536x1536.jpg 1536w\" sizes=\"(max-width: 1600px) 100vw, 1600px\" \/><\/div>\n\t\t<\/a>\n\t\t\t\t<div class=\"elementor-post__text\">\n\t\t\t\t<h3 class=\"elementor-post__title\">\n\t\t\t<a href=\"https:\/\/aderj.com.br\/index.php\/2024\/05\/28\/resolucao-sefaz-no-654-de-24-de-maio-de-2024\/\" target=&quot;_blank&quot;>\n\t\t\t\tResolu\u00e7\u00e3o SEFAZ N\u00ba 654 de 24 de Maio de 2024\t\t\t<\/a>\n\t\t<\/h3>\n\t\t\t\t<div class=\"elementor-post__meta-data\">\n\t\t\t\t\t<span class=\"elementor-post-date\">\n\t\t\t28\/05\/2024\t\t<\/span>\n\t\t\t\t<\/div>\n\t\t\n\t\t<a class=\"elementor-post__read-more\" href=\"https:\/\/aderj.com.br\/index.php\/2024\/05\/28\/resolucao-sefaz-no-654-de-24-de-maio-de-2024\/\" aria-label=\"Read more about Resolu\u00e7\u00e3o SEFAZ N\u00ba 654 de 24 de Maio de 2024\" tabindex=\"-1\" target=\"_blank\">\n\t\t\tLer not\u00edcia \u00bb\t\t<\/a>\n\n\t\t\t\t<\/div>\n\t\t\t\t<\/article>\n\t\t\t\t<article class=\"elementor-post elementor-grid-item post-8758 post type-post status-publish format-standard has-post-thumbnail hentry category-blog\" role=\"listitem\">\n\t\t\t\t<a class=\"elementor-post__thumbnail__link\" href=\"https:\/\/aderj.com.br\/index.php\/2024\/05\/24\/decreto-no-49-104-de-23-de-maio-de-2024\/\" tabindex=\"-1\" target=&quot;_blank&quot;>\n\t\t\t<div class=\"elementor-post__thumbnail\"><img loading=\"lazy\" decoding=\"async\" width=\"1600\" height=\"1600\" src=\"https:\/\/aderj.com.br\/wp-content\/uploads\/2024\/05\/WhatsApp-Image-2024-05-24-at-13.51.35.jpeg\" class=\"attachment-full size-full wp-image-8759\" alt=\"\" srcset=\"https:\/\/aderj.com.br\/wp-content\/uploads\/2024\/05\/WhatsApp-Image-2024-05-24-at-13.51.35.jpeg 1600w, https:\/\/aderj.com.br\/wp-content\/uploads\/2024\/05\/WhatsApp-Image-2024-05-24-at-13.51.35-300x300.jpeg 300w, https:\/\/aderj.com.br\/wp-content\/uploads\/2024\/05\/WhatsApp-Image-2024-05-24-at-13.51.35-1024x1024.jpeg 1024w, https:\/\/aderj.com.br\/wp-content\/uploads\/2024\/05\/WhatsApp-Image-2024-05-24-at-13.51.35-150x150.jpeg 150w, https:\/\/aderj.com.br\/wp-content\/uploads\/2024\/05\/WhatsApp-Image-2024-05-24-at-13.51.35-768x768.jpeg 768w, https:\/\/aderj.com.br\/wp-content\/uploads\/2024\/05\/WhatsApp-Image-2024-05-24-at-13.51.35-1536x1536.jpeg 1536w\" sizes=\"(max-width: 1600px) 100vw, 1600px\" \/><\/div>\n\t\t<\/a>\n\t\t\t\t<div class=\"elementor-post__text\">\n\t\t\t\t<h3 class=\"elementor-post__title\">\n\t\t\t<a href=\"https:\/\/aderj.com.br\/index.php\/2024\/05\/24\/decreto-no-49-104-de-23-de-maio-de-2024\/\" target=&quot;_blank&quot;>\n\t\t\t\tDecreto N\u00ba 49.104 de 23 de maio de 2024.\t\t\t<\/a>\n\t\t<\/h3>\n\t\t\t\t<div class=\"elementor-post__meta-data\">\n\t\t\t\t\t<span class=\"elementor-post-date\">\n\t\t\t24\/05\/2024\t\t<\/span>\n\t\t\t\t<\/div>\n\t\t\n\t\t<a class=\"elementor-post__read-more\" href=\"https:\/\/aderj.com.br\/index.php\/2024\/05\/24\/decreto-no-49-104-de-23-de-maio-de-2024\/\" aria-label=\"Read more about Decreto N\u00ba 49.104 de 23 de maio de 2024.\" tabindex=\"-1\" target=\"_blank\">\n\t\t\tLer not\u00edcia \u00bb\t\t<\/a>\n\n\t\t\t\t<\/div>\n\t\t\t\t<\/article>\n\t\t\t\t<article class=\"elementor-post elementor-grid-item post-8751 post type-post status-publish format-standard has-post-thumbnail hentry category-blog\" role=\"listitem\">\n\t\t\t\t<a class=\"elementor-post__thumbnail__link\" href=\"https:\/\/aderj.com.br\/index.php\/2024\/04\/04\/resolucao-sefaz-n-636-de-01-de-abril-de-2024\/\" tabindex=\"-1\" target=&quot;_blank&quot;>\n\t\t\t<div class=\"elementor-post__thumbnail\"><img loading=\"lazy\" decoding=\"async\" width=\"1500\" height=\"1500\" src=\"https:\/\/aderj.com.br\/wp-content\/uploads\/2024\/04\/WhatsApp-Image-2024-04-04-at-9.23.11-AM.jpeg\" class=\"attachment-full size-full wp-image-8750\" alt=\"\" srcset=\"https:\/\/aderj.com.br\/wp-content\/uploads\/2024\/04\/WhatsApp-Image-2024-04-04-at-9.23.11-AM.jpeg 1500w, https:\/\/aderj.com.br\/wp-content\/uploads\/2024\/04\/WhatsApp-Image-2024-04-04-at-9.23.11-AM-300x300.jpeg 300w, https:\/\/aderj.com.br\/wp-content\/uploads\/2024\/04\/WhatsApp-Image-2024-04-04-at-9.23.11-AM-1024x1024.jpeg 1024w, https:\/\/aderj.com.br\/wp-content\/uploads\/2024\/04\/WhatsApp-Image-2024-04-04-at-9.23.11-AM-150x150.jpeg 150w, https:\/\/aderj.com.br\/wp-content\/uploads\/2024\/04\/WhatsApp-Image-2024-04-04-at-9.23.11-AM-768x768.jpeg 768w\" sizes=\"(max-width: 1500px) 100vw, 1500px\" \/><\/div>\n\t\t<\/a>\n\t\t\t\t<div class=\"elementor-post__text\">\n\t\t\t\t<h3 class=\"elementor-post__title\">\n\t\t\t<a href=\"https:\/\/aderj.com.br\/index.php\/2024\/04\/04\/resolucao-sefaz-n-636-de-01-de-abril-de-2024\/\" target=&quot;_blank&quot;>\n\t\t\t\tResolu\u00e7\u00e3o SEFAZ n\u00b0 636 de 01 de abril de 2024.\t\t\t<\/a>\n\t\t<\/h3>\n\t\t\t\t<div class=\"elementor-post__meta-data\">\n\t\t\t\t\t<span class=\"elementor-post-date\">\n\t\t\t04\/04\/2024\t\t<\/span>\n\t\t\t\t<\/div>\n\t\t\n\t\t<a class=\"elementor-post__read-more\" href=\"https:\/\/aderj.com.br\/index.php\/2024\/04\/04\/resolucao-sefaz-n-636-de-01-de-abril-de-2024\/\" aria-label=\"Read more about Resolu\u00e7\u00e3o SEFAZ n\u00b0 636 de 01 de abril de 2024.\" tabindex=\"-1\" target=\"_blank\">\n\t\t\tLer not\u00edcia \u00bb\t\t<\/a>\n\n\t\t\t\t<\/div>\n\t\t\t\t<\/article>\n\t\t\t\t<article class=\"elementor-post elementor-grid-item post-8741 post type-post status-publish format-standard has-post-thumbnail hentry category-blog\" role=\"listitem\">\n\t\t\t\t<a class=\"elementor-post__thumbnail__link\" href=\"https:\/\/aderj.com.br\/index.php\/2024\/03\/13\/aderj-recebe-seminario-anual-de-executivos-das-27-filiadas-da-abad-na-cidade-maravilhosa\/\" tabindex=\"-1\" target=&quot;_blank&quot;>\n\t\t\t<div class=\"elementor-post__thumbnail\"><img loading=\"lazy\" decoding=\"async\" width=\"1000\" height=\"1000\" src=\"https:\/\/aderj.com.br\/wp-content\/uploads\/2024\/03\/WhatsApp-Image-2024-03-13-at-15.36.05-2.jpeg\" class=\"attachment-full size-full wp-image-10484\" alt=\"\" srcset=\"https:\/\/aderj.com.br\/wp-content\/uploads\/2024\/03\/WhatsApp-Image-2024-03-13-at-15.36.05-2.jpeg 1000w, https:\/\/aderj.com.br\/wp-content\/uploads\/2024\/03\/WhatsApp-Image-2024-03-13-at-15.36.05-2-300x300.jpeg 300w, https:\/\/aderj.com.br\/wp-content\/uploads\/2024\/03\/WhatsApp-Image-2024-03-13-at-15.36.05-2-150x150.jpeg 150w, https:\/\/aderj.com.br\/wp-content\/uploads\/2024\/03\/WhatsApp-Image-2024-03-13-at-15.36.05-2-768x768.jpeg 768w\" sizes=\"(max-width: 1000px) 100vw, 1000px\" \/><\/div>\n\t\t<\/a>\n\t\t\t\t<div class=\"elementor-post__text\">\n\t\t\t\t<h3 class=\"elementor-post__title\">\n\t\t\t<a href=\"https:\/\/aderj.com.br\/index.php\/2024\/03\/13\/aderj-recebe-seminario-anual-de-executivos-das-27-filiadas-da-abad-na-cidade-maravilhosa\/\" target=&quot;_blank&quot;>\n\t\t\t\tADERJ recebe semin\u00e1rio anual de executivos das 27 filiadas da ABAD, na cidade maravilhosa.\t\t\t<\/a>\n\t\t<\/h3>\n\t\t\t\t<div class=\"elementor-post__meta-data\">\n\t\t\t\t\t<span class=\"elementor-post-date\">\n\t\t\t13\/03\/2024\t\t<\/span>\n\t\t\t\t<\/div>\n\t\t\n\t\t<a class=\"elementor-post__read-more\" href=\"https:\/\/aderj.com.br\/index.php\/2024\/03\/13\/aderj-recebe-seminario-anual-de-executivos-das-27-filiadas-da-abad-na-cidade-maravilhosa\/\" aria-label=\"Read more about ADERJ recebe semin\u00e1rio anual de executivos das 27 filiadas da ABAD, na cidade maravilhosa.\" tabindex=\"-1\" target=\"_blank\">\n\t\t\tLer not\u00edcia \u00bb\t\t<\/a>\n\n\t\t\t\t<\/div>\n\t\t\t\t<\/article>\n\t\t\t\t<article class=\"elementor-post elementor-grid-item post-7900 post type-post status-publish format-standard has-post-thumbnail hentry category-blog\" role=\"listitem\">\n\t\t\t\t<a class=\"elementor-post__thumbnail__link\" href=\"https:\/\/aderj.com.br\/index.php\/2024\/02\/21\/portaria-sser-no-357-de-15-de-fevereiro-de-2024\/\" tabindex=\"-1\" target=&quot;_blank&quot;>\n\t\t\t<div class=\"elementor-post__thumbnail\"><img loading=\"lazy\" decoding=\"async\" width=\"1500\" height=\"1500\" src=\"https:\/\/aderj.com.br\/wp-content\/uploads\/2024\/02\/WhatsApp-Image-2024-02-21-at-11.38.48.jpeg\" class=\"attachment-full size-full wp-image-7902\" alt=\"\" srcset=\"https:\/\/aderj.com.br\/wp-content\/uploads\/2024\/02\/WhatsApp-Image-2024-02-21-at-11.38.48.jpeg 1500w, https:\/\/aderj.com.br\/wp-content\/uploads\/2024\/02\/WhatsApp-Image-2024-02-21-at-11.38.48-300x300.jpeg 300w, https:\/\/aderj.com.br\/wp-content\/uploads\/2024\/02\/WhatsApp-Image-2024-02-21-at-11.38.48-1024x1024.jpeg 1024w, https:\/\/aderj.com.br\/wp-content\/uploads\/2024\/02\/WhatsApp-Image-2024-02-21-at-11.38.48-150x150.jpeg 150w, https:\/\/aderj.com.br\/wp-content\/uploads\/2024\/02\/WhatsApp-Image-2024-02-21-at-11.38.48-768x768.jpeg 768w\" sizes=\"(max-width: 1500px) 100vw, 1500px\" \/><\/div>\n\t\t<\/a>\n\t\t\t\t<div class=\"elementor-post__text\">\n\t\t\t\t<h3 class=\"elementor-post__title\">\n\t\t\t<a href=\"https:\/\/aderj.com.br\/index.php\/2024\/02\/21\/portaria-sser-no-357-de-15-de-fevereiro-de-2024\/\" target=&quot;_blank&quot;>\n\t\t\t\tPortaria SSER n\u00ba 357 de 15 de fevereiro de 2024.\t\t\t<\/a>\n\t\t<\/h3>\n\t\t\t\t<div class=\"elementor-post__meta-data\">\n\t\t\t\t\t<span class=\"elementor-post-date\">\n\t\t\t21\/02\/2024\t\t<\/span>\n\t\t\t\t<\/div>\n\t\t\n\t\t<a class=\"elementor-post__read-more\" href=\"https:\/\/aderj.com.br\/index.php\/2024\/02\/21\/portaria-sser-no-357-de-15-de-fevereiro-de-2024\/\" aria-label=\"Read more about Portaria SSER n\u00ba 357 de 15 de fevereiro de 2024.\" tabindex=\"-1\" target=\"_blank\">\n\t\t\tLer not\u00edcia \u00bb\t\t<\/a>\n\n\t\t\t\t<\/div>\n\t\t\t\t<\/article>\n\t\t\t\t<article class=\"elementor-post elementor-grid-item post-7896 post type-post status-publish format-standard has-post-thumbnail hentry category-blog\" role=\"listitem\">\n\t\t\t\t<a class=\"elementor-post__thumbnail__link\" href=\"https:\/\/aderj.com.br\/index.php\/2024\/02\/16\/resolucao-sefaz-n-617-de-15-de-fevereiro-de-2024\/\" tabindex=\"-1\" target=&quot;_blank&quot;>\n\t\t\t<div class=\"elementor-post__thumbnail\"><img loading=\"lazy\" decoding=\"async\" width=\"1500\" height=\"1500\" src=\"https:\/\/aderj.com.br\/wp-content\/uploads\/2024\/02\/IMG-20240216-WA0014.jpg\" class=\"attachment-full size-full wp-image-7894\" alt=\"\" srcset=\"https:\/\/aderj.com.br\/wp-content\/uploads\/2024\/02\/IMG-20240216-WA0014.jpg 1500w, https:\/\/aderj.com.br\/wp-content\/uploads\/2024\/02\/IMG-20240216-WA0014-300x300.jpg 300w, https:\/\/aderj.com.br\/wp-content\/uploads\/2024\/02\/IMG-20240216-WA0014-1024x1024.jpg 1024w, https:\/\/aderj.com.br\/wp-content\/uploads\/2024\/02\/IMG-20240216-WA0014-150x150.jpg 150w, https:\/\/aderj.com.br\/wp-content\/uploads\/2024\/02\/IMG-20240216-WA0014-768x768.jpg 768w\" sizes=\"(max-width: 1500px) 100vw, 1500px\" \/><\/div>\n\t\t<\/a>\n\t\t\t\t<div class=\"elementor-post__text\">\n\t\t\t\t<h3 class=\"elementor-post__title\">\n\t\t\t<a href=\"https:\/\/aderj.com.br\/index.php\/2024\/02\/16\/resolucao-sefaz-n-617-de-15-de-fevereiro-de-2024\/\" target=&quot;_blank&quot;>\n\t\t\t\tResolu\u00e7\u00e3o SEFAZ n\u00b0 617 de 15 de fevereiro de 2024.\t\t\t<\/a>\n\t\t<\/h3>\n\t\t\t\t<div class=\"elementor-post__meta-data\">\n\t\t\t\t\t<span class=\"elementor-post-date\">\n\t\t\t16\/02\/2024\t\t<\/span>\n\t\t\t\t<\/div>\n\t\t\n\t\t<a class=\"elementor-post__read-more\" href=\"https:\/\/aderj.com.br\/index.php\/2024\/02\/16\/resolucao-sefaz-n-617-de-15-de-fevereiro-de-2024\/\" aria-label=\"Read more about Resolu\u00e7\u00e3o SEFAZ n\u00b0 617 de 15 de fevereiro de 2024.\" tabindex=\"-1\" target=\"_blank\">\n\t\t\tLer not\u00edcia \u00bb\t\t<\/a>\n\n\t\t\t\t<\/div>\n\t\t\t\t<\/article>\n\t\t\t\t<article class=\"elementor-post elementor-grid-item post-7889 post type-post status-publish format-standard has-post-thumbnail hentry category-blog\" role=\"listitem\">\n\t\t\t\t<a class=\"elementor-post__thumbnail__link\" href=\"https:\/\/aderj.com.br\/index.php\/2024\/02\/06\/agradecimento-pelas-doacoes-da-campanha-de-natal-aderj-2023\/\" tabindex=\"-1\" target=&quot;_blank&quot;>\n\t\t\t<div class=\"elementor-post__thumbnail\"><img loading=\"lazy\" decoding=\"async\" width=\"1380\" height=\"1380\" src=\"https:\/\/aderj.com.br\/wp-content\/uploads\/2024\/02\/WhatsApp-Image-2024-02-06-at-12.10.21.jpeg\" class=\"attachment-full size-full wp-image-7891\" alt=\"\" srcset=\"https:\/\/aderj.com.br\/wp-content\/uploads\/2024\/02\/WhatsApp-Image-2024-02-06-at-12.10.21.jpeg 1380w, https:\/\/aderj.com.br\/wp-content\/uploads\/2024\/02\/WhatsApp-Image-2024-02-06-at-12.10.21-300x300.jpeg 300w, https:\/\/aderj.com.br\/wp-content\/uploads\/2024\/02\/WhatsApp-Image-2024-02-06-at-12.10.21-1024x1024.jpeg 1024w, https:\/\/aderj.com.br\/wp-content\/uploads\/2024\/02\/WhatsApp-Image-2024-02-06-at-12.10.21-150x150.jpeg 150w, https:\/\/aderj.com.br\/wp-content\/uploads\/2024\/02\/WhatsApp-Image-2024-02-06-at-12.10.21-768x768.jpeg 768w\" sizes=\"(max-width: 1380px) 100vw, 1380px\" \/><\/div>\n\t\t<\/a>\n\t\t\t\t<div class=\"elementor-post__text\">\n\t\t\t\t<h3 class=\"elementor-post__title\">\n\t\t\t<a href=\"https:\/\/aderj.com.br\/index.php\/2024\/02\/06\/agradecimento-pelas-doacoes-da-campanha-de-natal-aderj-2023\/\" target=&quot;_blank&quot;>\n\t\t\t\tAgradecimento pelas Doa\u00e7\u00f5es da Campanha de Natal ADERJ 2023.\t\t\t<\/a>\n\t\t<\/h3>\n\t\t\t\t<div class=\"elementor-post__meta-data\">\n\t\t\t\t\t<span class=\"elementor-post-date\">\n\t\t\t06\/02\/2024\t\t<\/span>\n\t\t\t\t<\/div>\n\t\t\n\t\t<a class=\"elementor-post__read-more\" href=\"https:\/\/aderj.com.br\/index.php\/2024\/02\/06\/agradecimento-pelas-doacoes-da-campanha-de-natal-aderj-2023\/\" aria-label=\"Read more about Agradecimento pelas Doa\u00e7\u00f5es da Campanha de Natal ADERJ 2023.\" tabindex=\"-1\" target=\"_blank\">\n\t\t\tLer not\u00edcia \u00bb\t\t<\/a>\n\n\t\t\t\t<\/div>\n\t\t\t\t<\/article>\n\t\t\t\t<article class=\"elementor-post elementor-grid-item post-7887 post type-post status-publish format-standard has-post-thumbnail hentry category-blog\" role=\"listitem\">\n\t\t\t\t<a class=\"elementor-post__thumbnail__link\" href=\"https:\/\/aderj.com.br\/index.php\/2024\/01\/12\/comunicado-sobre-o-inicio-das-operacoes-do-brt-transbrasil-e-restricoes-para-caminhoes-na-av-brasil\/\" tabindex=\"-1\" target=&quot;_blank&quot;>\n\t\t\t<div class=\"elementor-post__thumbnail\"><img loading=\"lazy\" decoding=\"async\" width=\"1600\" height=\"1600\" src=\"https:\/\/aderj.com.br\/wp-content\/uploads\/2024\/01\/IMG-20240112-WA0071.jpg\" class=\"attachment-full size-full wp-image-7883\" alt=\"\" srcset=\"https:\/\/aderj.com.br\/wp-content\/uploads\/2024\/01\/IMG-20240112-WA0071.jpg 1600w, https:\/\/aderj.com.br\/wp-content\/uploads\/2024\/01\/IMG-20240112-WA0071-300x300.jpg 300w, https:\/\/aderj.com.br\/wp-content\/uploads\/2024\/01\/IMG-20240112-WA0071-1024x1024.jpg 1024w, https:\/\/aderj.com.br\/wp-content\/uploads\/2024\/01\/IMG-20240112-WA0071-150x150.jpg 150w, https:\/\/aderj.com.br\/wp-content\/uploads\/2024\/01\/IMG-20240112-WA0071-768x768.jpg 768w, https:\/\/aderj.com.br\/wp-content\/uploads\/2024\/01\/IMG-20240112-WA0071-1536x1536.jpg 1536w\" sizes=\"(max-width: 1600px) 100vw, 1600px\" \/><\/div>\n\t\t<\/a>\n\t\t\t\t<div class=\"elementor-post__text\">\n\t\t\t\t<h3 class=\"elementor-post__title\">\n\t\t\t<a href=\"https:\/\/aderj.com.br\/index.php\/2024\/01\/12\/comunicado-sobre-o-inicio-das-operacoes-do-brt-transbrasil-e-restricoes-para-caminhoes-na-av-brasil\/\" target=&quot;_blank&quot;>\n\t\t\t\tComunicado sobre o \u00ednicio das opera\u00e7\u00f5es do BRT Transbrasil e restri\u00e7\u00f5es para caminh\u00f5es na Av. Brasil.\t\t\t<\/a>\n\t\t<\/h3>\n\t\t\t\t<div class=\"elementor-post__meta-data\">\n\t\t\t\t\t<span class=\"elementor-post-date\">\n\t\t\t12\/01\/2024\t\t<\/span>\n\t\t\t\t<\/div>\n\t\t\n\t\t<a class=\"elementor-post__read-more\" href=\"https:\/\/aderj.com.br\/index.php\/2024\/01\/12\/comunicado-sobre-o-inicio-das-operacoes-do-brt-transbrasil-e-restricoes-para-caminhoes-na-av-brasil\/\" aria-label=\"Read more about Comunicado sobre o \u00ednicio das opera\u00e7\u00f5es do BRT Transbrasil e restri\u00e7\u00f5es para caminh\u00f5es na Av. Brasil.\" tabindex=\"-1\" target=\"_blank\">\n\t\t\tLer not\u00edcia \u00bb\t\t<\/a>\n\n\t\t\t\t<\/div>\n\t\t\t\t<\/article>\n\t\t\t\t<article class=\"elementor-post elementor-grid-item post-7876 post type-post status-publish format-standard has-post-thumbnail hentry category-blog\" role=\"listitem\">\n\t\t\t\t<a class=\"elementor-post__thumbnail__link\" href=\"https:\/\/aderj.com.br\/index.php\/2023\/12\/21\/lei-no-10-253-de-20-de-dezembro-de-2023\/\" tabindex=\"-1\" target=&quot;_blank&quot;>\n\t\t\t<div class=\"elementor-post__thumbnail\"><img loading=\"lazy\" decoding=\"async\" width=\"1500\" height=\"1500\" src=\"https:\/\/aderj.com.br\/wp-content\/uploads\/2023\/12\/WhatsApp-Image-2023-12-21-at-13.22.08.jpeg\" class=\"attachment-full size-full wp-image-7880\" alt=\"\" srcset=\"https:\/\/aderj.com.br\/wp-content\/uploads\/2023\/12\/WhatsApp-Image-2023-12-21-at-13.22.08.jpeg 1500w, https:\/\/aderj.com.br\/wp-content\/uploads\/2023\/12\/WhatsApp-Image-2023-12-21-at-13.22.08-300x300.jpeg 300w, https:\/\/aderj.com.br\/wp-content\/uploads\/2023\/12\/WhatsApp-Image-2023-12-21-at-13.22.08-1024x1024.jpeg 1024w, https:\/\/aderj.com.br\/wp-content\/uploads\/2023\/12\/WhatsApp-Image-2023-12-21-at-13.22.08-150x150.jpeg 150w, https:\/\/aderj.com.br\/wp-content\/uploads\/2023\/12\/WhatsApp-Image-2023-12-21-at-13.22.08-768x768.jpeg 768w\" sizes=\"(max-width: 1500px) 100vw, 1500px\" \/><\/div>\n\t\t<\/a>\n\t\t\t\t<div class=\"elementor-post__text\">\n\t\t\t\t<h3 class=\"elementor-post__title\">\n\t\t\t<a href=\"https:\/\/aderj.com.br\/index.php\/2023\/12\/21\/lei-no-10-253-de-20-de-dezembro-de-2023\/\" target=&quot;_blank&quot;>\n\t\t\t\tLei N\u00ba 10.253 de 20 de dezembro de 2023.\t\t\t<\/a>\n\t\t<\/h3>\n\t\t\t\t<div class=\"elementor-post__meta-data\">\n\t\t\t\t\t<span class=\"elementor-post-date\">\n\t\t\t21\/12\/2023\t\t<\/span>\n\t\t\t\t<\/div>\n\t\t\n\t\t<a class=\"elementor-post__read-more\" href=\"https:\/\/aderj.com.br\/index.php\/2023\/12\/21\/lei-no-10-253-de-20-de-dezembro-de-2023\/\" aria-label=\"Read more about Lei N\u00ba 10.253 de 20 de dezembro de 2023.\" tabindex=\"-1\" target=\"_blank\">\n\t\t\tLer not\u00edcia \u00bb\t\t<\/a>\n\n\t\t\t\t<\/div>\n\t\t\t\t<\/article>\n\t\t\t\t<article class=\"elementor-post elementor-grid-item post-7873 post type-post status-publish format-standard has-post-thumbnail hentry category-blog\" role=\"listitem\">\n\t\t\t\t<a class=\"elementor-post__thumbnail__link\" href=\"https:\/\/aderj.com.br\/index.php\/2023\/12\/18\/decreto-no-48-850-de-15-de-dezembro-de-2023\/\" tabindex=\"-1\" target=&quot;_blank&quot;>\n\t\t\t<div class=\"elementor-post__thumbnail\"><img loading=\"lazy\" decoding=\"async\" width=\"1600\" height=\"1600\" src=\"https:\/\/aderj.com.br\/wp-content\/uploads\/2023\/12\/WhatsApp-Image-2023-12-18-at-10.05.57.jpeg\" class=\"attachment-full size-full wp-image-7874\" alt=\"\" srcset=\"https:\/\/aderj.com.br\/wp-content\/uploads\/2023\/12\/WhatsApp-Image-2023-12-18-at-10.05.57.jpeg 1600w, https:\/\/aderj.com.br\/wp-content\/uploads\/2023\/12\/WhatsApp-Image-2023-12-18-at-10.05.57-300x300.jpeg 300w, https:\/\/aderj.com.br\/wp-content\/uploads\/2023\/12\/WhatsApp-Image-2023-12-18-at-10.05.57-1024x1024.jpeg 1024w, https:\/\/aderj.com.br\/wp-content\/uploads\/2023\/12\/WhatsApp-Image-2023-12-18-at-10.05.57-150x150.jpeg 150w, https:\/\/aderj.com.br\/wp-content\/uploads\/2023\/12\/WhatsApp-Image-2023-12-18-at-10.05.57-768x768.jpeg 768w, https:\/\/aderj.com.br\/wp-content\/uploads\/2023\/12\/WhatsApp-Image-2023-12-18-at-10.05.57-1536x1536.jpeg 1536w\" sizes=\"(max-width: 1600px) 100vw, 1600px\" \/><\/div>\n\t\t<\/a>\n\t\t\t\t<div class=\"elementor-post__text\">\n\t\t\t\t<h3 class=\"elementor-post__title\">\n\t\t\t<a href=\"https:\/\/aderj.com.br\/index.php\/2023\/12\/18\/decreto-no-48-850-de-15-de-dezembro-de-2023\/\" target=&quot;_blank&quot;>\n\t\t\t\tDecreto N\u00ba 48.850 de 15 de dezembro de 2023.\t\t\t<\/a>\n\t\t<\/h3>\n\t\t\t\t<div class=\"elementor-post__meta-data\">\n\t\t\t\t\t<span class=\"elementor-post-date\">\n\t\t\t18\/12\/2023\t\t<\/span>\n\t\t\t\t<\/div>\n\t\t\n\t\t<a class=\"elementor-post__read-more\" href=\"https:\/\/aderj.com.br\/index.php\/2023\/12\/18\/decreto-no-48-850-de-15-de-dezembro-de-2023\/\" aria-label=\"Read more about Decreto N\u00ba 48.850 de 15 de dezembro de 2023.\" tabindex=\"-1\" target=\"_blank\">\n\t\t\tLer not\u00edcia \u00bb\t\t<\/a>\n\n\t\t\t\t<\/div>\n\t\t\t\t<\/article>\n\t\t\t\t<article class=\"elementor-post elementor-grid-item post-7254 post type-post status-publish format-standard has-post-thumbnail hentry category-blog\" role=\"listitem\">\n\t\t\t\t<a class=\"elementor-post__thumbnail__link\" href=\"https:\/\/aderj.com.br\/index.php\/2023\/11\/15\/aderj-realiza-o-evento-fornecedor-do-ano-edicao-2023-presta-homenagem-a-joilson-barcelos-e-empossa-nova-diretoria\/\" tabindex=\"-1\" target=&quot;_blank&quot;>\n\t\t\t<div class=\"elementor-post__thumbnail\"><img loading=\"lazy\" decoding=\"async\" width=\"1080\" height=\"1080\" src=\"https:\/\/aderj.com.br\/wp-content\/uploads\/2023\/11\/WhatsApp-Image-2023-11-15-at-01.31.52.jpeg\" class=\"attachment-full size-full wp-image-7255\" alt=\"\" srcset=\"https:\/\/aderj.com.br\/wp-content\/uploads\/2023\/11\/WhatsApp-Image-2023-11-15-at-01.31.52.jpeg 1080w, https:\/\/aderj.com.br\/wp-content\/uploads\/2023\/11\/WhatsApp-Image-2023-11-15-at-01.31.52-300x300.jpeg 300w, https:\/\/aderj.com.br\/wp-content\/uploads\/2023\/11\/WhatsApp-Image-2023-11-15-at-01.31.52-1024x1024.jpeg 1024w, https:\/\/aderj.com.br\/wp-content\/uploads\/2023\/11\/WhatsApp-Image-2023-11-15-at-01.31.52-150x150.jpeg 150w, https:\/\/aderj.com.br\/wp-content\/uploads\/2023\/11\/WhatsApp-Image-2023-11-15-at-01.31.52-768x768.jpeg 768w\" sizes=\"(max-width: 1080px) 100vw, 1080px\" \/><\/div>\n\t\t<\/a>\n\t\t\t\t<div class=\"elementor-post__text\">\n\t\t\t\t<h3 class=\"elementor-post__title\">\n\t\t\t<a href=\"https:\/\/aderj.com.br\/index.php\/2023\/11\/15\/aderj-realiza-o-evento-fornecedor-do-ano-edicao-2023-presta-homenagem-a-joilson-barcelos-e-empossa-nova-diretoria\/\" target=&quot;_blank&quot;>\n\t\t\t\tADERJ realiza o Evento Fornecedor do Ano 2023.\t\t\t<\/a>\n\t\t<\/h3>\n\t\t\t\t<div class=\"elementor-post__meta-data\">\n\t\t\t\t\t<span class=\"elementor-post-date\">\n\t\t\t15\/11\/2023\t\t<\/span>\n\t\t\t\t<\/div>\n\t\t\n\t\t<a class=\"elementor-post__read-more\" href=\"https:\/\/aderj.com.br\/index.php\/2023\/11\/15\/aderj-realiza-o-evento-fornecedor-do-ano-edicao-2023-presta-homenagem-a-joilson-barcelos-e-empossa-nova-diretoria\/\" aria-label=\"Read more about ADERJ realiza o Evento Fornecedor do Ano 2023.\" tabindex=\"-1\" target=\"_blank\">\n\t\t\tLer not\u00edcia \u00bb\t\t<\/a>\n\n\t\t\t\t<\/div>\n\t\t\t\t<\/article>\n\t\t\t\t<article class=\"elementor-post elementor-grid-item post-7128 post type-post status-publish format-standard has-post-thumbnail hentry category-blog\" role=\"listitem\">\n\t\t\t\t<a class=\"elementor-post__thumbnail__link\" href=\"https:\/\/aderj.com.br\/index.php\/2023\/11\/15\/7128-2\/\" tabindex=\"-1\" target=&quot;_blank&quot;>\n\t\t\t<div class=\"elementor-post__thumbnail\"><img loading=\"lazy\" decoding=\"async\" width=\"1080\" height=\"1080\" src=\"https:\/\/aderj.com.br\/wp-content\/uploads\/2023\/11\/WhatsApp-Image-2023-11-15-at-01.31.52-1.jpeg\" class=\"attachment-full size-full wp-image-13638\" alt=\"\" srcset=\"https:\/\/aderj.com.br\/wp-content\/uploads\/2023\/11\/WhatsApp-Image-2023-11-15-at-01.31.52-1.jpeg 1080w, https:\/\/aderj.com.br\/wp-content\/uploads\/2023\/11\/WhatsApp-Image-2023-11-15-at-01.31.52-1-300x300.jpeg 300w, https:\/\/aderj.com.br\/wp-content\/uploads\/2023\/11\/WhatsApp-Image-2023-11-15-at-01.31.52-1-1024x1024.jpeg 1024w, https:\/\/aderj.com.br\/wp-content\/uploads\/2023\/11\/WhatsApp-Image-2023-11-15-at-01.31.52-1-150x150.jpeg 150w, https:\/\/aderj.com.br\/wp-content\/uploads\/2023\/11\/WhatsApp-Image-2023-11-15-at-01.31.52-1-768x768.jpeg 768w\" sizes=\"(max-width: 1080px) 100vw, 1080px\" \/><\/div>\n\t\t<\/a>\n\t\t\t\t<div class=\"elementor-post__text\">\n\t\t\t\t<h3 class=\"elementor-post__title\">\n\t\t\t<a href=\"https:\/\/aderj.com.br\/index.php\/2023\/11\/15\/7128-2\/\" target=&quot;_blank&quot;>\n\t\t\t\tGaleria de fotos do Evento Fornecedor do Ano 2023.\t\t\t<\/a>\n\t\t<\/h3>\n\t\t\t\t<div class=\"elementor-post__meta-data\">\n\t\t\t\t\t<span class=\"elementor-post-date\">\n\t\t\t15\/11\/2023\t\t<\/span>\n\t\t\t\t<\/div>\n\t\t\n\t\t<a class=\"elementor-post__read-more\" href=\"https:\/\/aderj.com.br\/index.php\/2023\/11\/15\/7128-2\/\" aria-label=\"Read more about Galeria de fotos do Evento Fornecedor do Ano 2023.\" tabindex=\"-1\" target=\"_blank\">\n\t\t\tLer not\u00edcia \u00bb\t\t<\/a>\n\n\t\t\t\t<\/div>\n\t\t\t\t<\/article>\n\t\t\t\t<article class=\"elementor-post elementor-grid-item post-7124 post type-post status-publish format-standard has-post-thumbnail hentry category-blog\" role=\"listitem\">\n\t\t\t\t<a class=\"elementor-post__thumbnail__link\" href=\"https:\/\/aderj.com.br\/index.php\/2023\/11\/01\/lei-no-10-165-de-31-de-outubro-de-2023-que-internaliza-o-convenio-icms-no-83-de-13-de-julho-de-2023\/\" tabindex=\"-1\" target=&quot;_blank&quot;>\n\t\t\t<div class=\"elementor-post__thumbnail\"><img loading=\"lazy\" decoding=\"async\" width=\"1500\" height=\"1500\" src=\"https:\/\/aderj.com.br\/wp-content\/uploads\/2023\/11\/WhatsApp-Image-2023-11-01-at-09.57.25.jpeg\" class=\"attachment-full size-full wp-image-7125\" alt=\"\" srcset=\"https:\/\/aderj.com.br\/wp-content\/uploads\/2023\/11\/WhatsApp-Image-2023-11-01-at-09.57.25.jpeg 1500w, https:\/\/aderj.com.br\/wp-content\/uploads\/2023\/11\/WhatsApp-Image-2023-11-01-at-09.57.25-300x300.jpeg 300w, https:\/\/aderj.com.br\/wp-content\/uploads\/2023\/11\/WhatsApp-Image-2023-11-01-at-09.57.25-1024x1024.jpeg 1024w, https:\/\/aderj.com.br\/wp-content\/uploads\/2023\/11\/WhatsApp-Image-2023-11-01-at-09.57.25-150x150.jpeg 150w, https:\/\/aderj.com.br\/wp-content\/uploads\/2023\/11\/WhatsApp-Image-2023-11-01-at-09.57.25-768x768.jpeg 768w\" sizes=\"(max-width: 1500px) 100vw, 1500px\" \/><\/div>\n\t\t<\/a>\n\t\t\t\t<div class=\"elementor-post__text\">\n\t\t\t\t<h3 class=\"elementor-post__title\">\n\t\t\t<a href=\"https:\/\/aderj.com.br\/index.php\/2023\/11\/01\/lei-no-10-165-de-31-de-outubro-de-2023-que-internaliza-o-convenio-icms-no-83-de-13-de-julho-de-2023\/\" target=&quot;_blank&quot;>\n\t\t\t\tLei n\u00ba 10.165 de 31 de outubro de 2023 que internaliza o Conv\u00eanio ICMS N\u00ba 83, de 13 de julho de 2023.\t\t\t<\/a>\n\t\t<\/h3>\n\t\t\t\t<div class=\"elementor-post__meta-data\">\n\t\t\t\t\t<span class=\"elementor-post-date\">\n\t\t\t01\/11\/2023\t\t<\/span>\n\t\t\t\t<\/div>\n\t\t\n\t\t<a class=\"elementor-post__read-more\" href=\"https:\/\/aderj.com.br\/index.php\/2023\/11\/01\/lei-no-10-165-de-31-de-outubro-de-2023-que-internaliza-o-convenio-icms-no-83-de-13-de-julho-de-2023\/\" aria-label=\"Read more about Lei n\u00ba 10.165 de 31 de outubro de 2023 que internaliza o Conv\u00eanio ICMS N\u00ba 83, de 13 de julho de 2023.\" tabindex=\"-1\" target=\"_blank\">\n\t\t\tLer not\u00edcia \u00bb\t\t<\/a>\n\n\t\t\t\t<\/div>\n\t\t\t\t<\/article>\n\t\t\t\t<article class=\"elementor-post elementor-grid-item post-7121 post type-post status-publish format-standard has-post-thumbnail hentry category-blog\" role=\"listitem\">\n\t\t\t\t<a class=\"elementor-post__thumbnail__link\" href=\"https:\/\/aderj.com.br\/index.php\/2023\/10\/26\/alerj-aprova-isnecao-de-icms-do-arroz-e-feijao-ate-abril-de-2024\/\" tabindex=\"-1\" target=&quot;_blank&quot;>\n\t\t\t<div class=\"elementor-post__thumbnail\"><img loading=\"lazy\" decoding=\"async\" width=\"1600\" height=\"1600\" src=\"https:\/\/aderj.com.br\/wp-content\/uploads\/2023\/10\/WhatsApp-Image-2023-10-26-at-10.33.15.jpeg\" class=\"attachment-full size-full wp-image-7122\" alt=\"\" srcset=\"https:\/\/aderj.com.br\/wp-content\/uploads\/2023\/10\/WhatsApp-Image-2023-10-26-at-10.33.15.jpeg 1600w, https:\/\/aderj.com.br\/wp-content\/uploads\/2023\/10\/WhatsApp-Image-2023-10-26-at-10.33.15-300x300.jpeg 300w, https:\/\/aderj.com.br\/wp-content\/uploads\/2023\/10\/WhatsApp-Image-2023-10-26-at-10.33.15-1024x1024.jpeg 1024w, https:\/\/aderj.com.br\/wp-content\/uploads\/2023\/10\/WhatsApp-Image-2023-10-26-at-10.33.15-150x150.jpeg 150w, https:\/\/aderj.com.br\/wp-content\/uploads\/2023\/10\/WhatsApp-Image-2023-10-26-at-10.33.15-768x768.jpeg 768w, https:\/\/aderj.com.br\/wp-content\/uploads\/2023\/10\/WhatsApp-Image-2023-10-26-at-10.33.15-1536x1536.jpeg 1536w\" sizes=\"(max-width: 1600px) 100vw, 1600px\" \/><\/div>\n\t\t<\/a>\n\t\t\t\t<div class=\"elementor-post__text\">\n\t\t\t\t<h3 class=\"elementor-post__title\">\n\t\t\t<a href=\"https:\/\/aderj.com.br\/index.php\/2023\/10\/26\/alerj-aprova-isnecao-de-icms-do-arroz-e-feijao-ate-abril-de-2024\/\" target=&quot;_blank&quot;>\n\t\t\t\tALERJ aprova isen\u00e7\u00e3o de ICMS do arroz e feij\u00e3o at\u00e9 abril de 2024.\t\t\t<\/a>\n\t\t<\/h3>\n\t\t\t\t<div class=\"elementor-post__meta-data\">\n\t\t\t\t\t<span class=\"elementor-post-date\">\n\t\t\t26\/10\/2023\t\t<\/span>\n\t\t\t\t<\/div>\n\t\t\n\t\t<a class=\"elementor-post__read-more\" href=\"https:\/\/aderj.com.br\/index.php\/2023\/10\/26\/alerj-aprova-isnecao-de-icms-do-arroz-e-feijao-ate-abril-de-2024\/\" aria-label=\"Read more about ALERJ aprova isen\u00e7\u00e3o de ICMS do arroz e feij\u00e3o at\u00e9 abril de 2024.\" tabindex=\"-1\" target=\"_blank\">\n\t\t\tLer not\u00edcia \u00bb\t\t<\/a>\n\n\t\t\t\t<\/div>\n\t\t\t\t<\/article>\n\t\t\t\t<article class=\"elementor-post elementor-grid-item post-7115 post type-post status-publish format-standard has-post-thumbnail hentry category-blog\" role=\"listitem\">\n\t\t\t\t<a class=\"elementor-post__thumbnail__link\" href=\"https:\/\/aderj.com.br\/index.php\/2023\/10\/06\/aderj-em-acao-dia-pan-americano-do-representante-comercial\/\" tabindex=\"-1\" target=&quot;_blank&quot;>\n\t\t\t<div class=\"elementor-post__thumbnail\"><img loading=\"lazy\" decoding=\"async\" width=\"1080\" height=\"1080\" src=\"https:\/\/aderj.com.br\/wp-content\/uploads\/2023\/10\/WhatsApp-Image-2023-10-06-at-14.23.35.jpeg\" class=\"attachment-full size-full wp-image-7116\" alt=\"\" srcset=\"https:\/\/aderj.com.br\/wp-content\/uploads\/2023\/10\/WhatsApp-Image-2023-10-06-at-14.23.35.jpeg 1080w, https:\/\/aderj.com.br\/wp-content\/uploads\/2023\/10\/WhatsApp-Image-2023-10-06-at-14.23.35-300x300.jpeg 300w, https:\/\/aderj.com.br\/wp-content\/uploads\/2023\/10\/WhatsApp-Image-2023-10-06-at-14.23.35-1024x1024.jpeg 1024w, https:\/\/aderj.com.br\/wp-content\/uploads\/2023\/10\/WhatsApp-Image-2023-10-06-at-14.23.35-150x150.jpeg 150w, https:\/\/aderj.com.br\/wp-content\/uploads\/2023\/10\/WhatsApp-Image-2023-10-06-at-14.23.35-768x768.jpeg 768w\" sizes=\"(max-width: 1080px) 100vw, 1080px\" \/><\/div>\n\t\t<\/a>\n\t\t\t\t<div class=\"elementor-post__text\">\n\t\t\t\t<h3 class=\"elementor-post__title\">\n\t\t\t<a href=\"https:\/\/aderj.com.br\/index.php\/2023\/10\/06\/aderj-em-acao-dia-pan-americano-do-representante-comercial\/\" target=&quot;_blank&quot;>\n\t\t\t\tADERJ em A\u00e7\u00e3o &#8211; Dia Pan-americano do Representante Comercial\t\t\t<\/a>\n\t\t<\/h3>\n\t\t\t\t<div class=\"elementor-post__meta-data\">\n\t\t\t\t\t<span class=\"elementor-post-date\">\n\t\t\t06\/10\/2023\t\t<\/span>\n\t\t\t\t<\/div>\n\t\t\n\t\t<a class=\"elementor-post__read-more\" href=\"https:\/\/aderj.com.br\/index.php\/2023\/10\/06\/aderj-em-acao-dia-pan-americano-do-representante-comercial\/\" aria-label=\"Read more about ADERJ em A\u00e7\u00e3o &#8211; Dia Pan-americano do Representante Comercial\" tabindex=\"-1\" target=\"_blank\">\n\t\t\tLer not\u00edcia \u00bb\t\t<\/a>\n\n\t\t\t\t<\/div>\n\t\t\t\t<\/article>\n\t\t\t\t<article class=\"elementor-post elementor-grid-item post-7111 post type-post status-publish format-standard has-post-thumbnail hentry category-blog\" role=\"listitem\">\n\t\t\t\t<a class=\"elementor-post__thumbnail__link\" href=\"https:\/\/aderj.com.br\/index.php\/2023\/10\/02\/icms-sobre-as-operacoes-de-transferencia-de-mercadorias-entre-estabelecimentos-de-mesma-titularidade-sob-a-otica-da-adc-49-e-do-projeto-de-lei-parlamentar-no-116-de-2023\/\" tabindex=\"-1\" target=&quot;_blank&quot;>\n\t\t\t<div class=\"elementor-post__thumbnail\"><img loading=\"lazy\" decoding=\"async\" width=\"1500\" height=\"1500\" src=\"https:\/\/aderj.com.br\/wp-content\/uploads\/2023\/10\/WhatsApp-Image-2023-10-02-at-15.26.46.jpeg\" class=\"attachment-full size-full wp-image-7112\" alt=\"\" srcset=\"https:\/\/aderj.com.br\/wp-content\/uploads\/2023\/10\/WhatsApp-Image-2023-10-02-at-15.26.46.jpeg 1500w, https:\/\/aderj.com.br\/wp-content\/uploads\/2023\/10\/WhatsApp-Image-2023-10-02-at-15.26.46-300x300.jpeg 300w, https:\/\/aderj.com.br\/wp-content\/uploads\/2023\/10\/WhatsApp-Image-2023-10-02-at-15.26.46-1024x1024.jpeg 1024w, https:\/\/aderj.com.br\/wp-content\/uploads\/2023\/10\/WhatsApp-Image-2023-10-02-at-15.26.46-150x150.jpeg 150w, https:\/\/aderj.com.br\/wp-content\/uploads\/2023\/10\/WhatsApp-Image-2023-10-02-at-15.26.46-768x768.jpeg 768w\" sizes=\"(max-width: 1500px) 100vw, 1500px\" \/><\/div>\n\t\t<\/a>\n\t\t\t\t<div class=\"elementor-post__text\">\n\t\t\t\t<h3 class=\"elementor-post__title\">\n\t\t\t<a href=\"https:\/\/aderj.com.br\/index.php\/2023\/10\/02\/icms-sobre-as-operacoes-de-transferencia-de-mercadorias-entre-estabelecimentos-de-mesma-titularidade-sob-a-otica-da-adc-49-e-do-projeto-de-lei-parlamentar-no-116-de-2023\/\" target=&quot;_blank&quot;>\n\t\t\t\tICMS sobre as opera\u00e7\u00f5es de transfer\u00eancia de mercadorias entre estabelecimentos de mesma titularidade, sob a \u00f3tica da ADC 49 e do Projeto de Lei Parlamentar n\u00ba 116 de 2023\t\t\t<\/a>\n\t\t<\/h3>\n\t\t\t\t<div class=\"elementor-post__meta-data\">\n\t\t\t\t\t<span class=\"elementor-post-date\">\n\t\t\t02\/10\/2023\t\t<\/span>\n\t\t\t\t<\/div>\n\t\t\n\t\t<a class=\"elementor-post__read-more\" href=\"https:\/\/aderj.com.br\/index.php\/2023\/10\/02\/icms-sobre-as-operacoes-de-transferencia-de-mercadorias-entre-estabelecimentos-de-mesma-titularidade-sob-a-otica-da-adc-49-e-do-projeto-de-lei-parlamentar-no-116-de-2023\/\" aria-label=\"Read more about ICMS sobre as opera\u00e7\u00f5es de transfer\u00eancia de mercadorias entre estabelecimentos de mesma titularidade, sob a \u00f3tica da ADC 49 e do Projeto de Lei Parlamentar n\u00ba 116 de 2023\" tabindex=\"-1\" target=\"_blank\">\n\t\t\tLer not\u00edcia \u00bb\t\t<\/a>\n\n\t\t\t\t<\/div>\n\t\t\t\t<\/article>\n\t\t\t\t<article class=\"elementor-post elementor-grid-item post-7101 post type-post status-publish format-standard has-post-thumbnail hentry category-blog\" role=\"listitem\">\n\t\t\t\t<a class=\"elementor-post__thumbnail__link\" href=\"https:\/\/aderj.com.br\/index.php\/2023\/09\/26\/informativo-refis-rfb\/\" tabindex=\"-1\" target=&quot;_blank&quot;>\n\t\t\t<div class=\"elementor-post__thumbnail\"><img loading=\"lazy\" decoding=\"async\" width=\"1500\" height=\"1500\" src=\"https:\/\/aderj.com.br\/wp-content\/uploads\/2023\/09\/WhatsApp-Image-2023-09-25-at-17.12.33.jpeg\" class=\"attachment-full size-full wp-image-7102\" alt=\"\" srcset=\"https:\/\/aderj.com.br\/wp-content\/uploads\/2023\/09\/WhatsApp-Image-2023-09-25-at-17.12.33.jpeg 1500w, https:\/\/aderj.com.br\/wp-content\/uploads\/2023\/09\/WhatsApp-Image-2023-09-25-at-17.12.33-300x300.jpeg 300w, https:\/\/aderj.com.br\/wp-content\/uploads\/2023\/09\/WhatsApp-Image-2023-09-25-at-17.12.33-1024x1024.jpeg 1024w, https:\/\/aderj.com.br\/wp-content\/uploads\/2023\/09\/WhatsApp-Image-2023-09-25-at-17.12.33-150x150.jpeg 150w, https:\/\/aderj.com.br\/wp-content\/uploads\/2023\/09\/WhatsApp-Image-2023-09-25-at-17.12.33-768x768.jpeg 768w\" sizes=\"(max-width: 1500px) 100vw, 1500px\" \/><\/div>\n\t\t<\/a>\n\t\t\t\t<div class=\"elementor-post__text\">\n\t\t\t\t<h3 class=\"elementor-post__title\">\n\t\t\t<a href=\"https:\/\/aderj.com.br\/index.php\/2023\/09\/26\/informativo-refis-rfb\/\" target=&quot;_blank&quot;>\n\t\t\t\tInformativo \u2013 REFIS RFB\t\t\t<\/a>\n\t\t<\/h3>\n\t\t\t\t<div class=\"elementor-post__meta-data\">\n\t\t\t\t\t<span class=\"elementor-post-date\">\n\t\t\t26\/09\/2023\t\t<\/span>\n\t\t\t\t<\/div>\n\t\t\n\t\t<a class=\"elementor-post__read-more\" href=\"https:\/\/aderj.com.br\/index.php\/2023\/09\/26\/informativo-refis-rfb\/\" aria-label=\"Read more about Informativo \u2013 REFIS RFB\" tabindex=\"-1\" target=\"_blank\">\n\t\t\tLer not\u00edcia \u00bb\t\t<\/a>\n\n\t\t\t\t<\/div>\n\t\t\t\t<\/article>\n\t\t\t\t<article class=\"elementor-post elementor-grid-item post-7096 post type-post status-publish format-standard has-post-thumbnail hentry category-blog\" role=\"listitem\">\n\t\t\t\t<a class=\"elementor-post__thumbnail__link\" href=\"https:\/\/aderj.com.br\/index.php\/2023\/09\/01\/decreto-regulamentando-o-programa-de-viabilizacao-do-investimento-local-e-ampliado-pro-inv\/\" tabindex=\"-1\" target=&quot;_blank&quot;>\n\t\t\t<div class=\"elementor-post__thumbnail\"><img loading=\"lazy\" decoding=\"async\" width=\"1500\" height=\"1500\" src=\"https:\/\/aderj.com.br\/wp-content\/uploads\/2023\/09\/WhatsApp-Image-2023-09-01-at-12.03.07.jpeg\" class=\"attachment-full size-full wp-image-7097\" alt=\"\" srcset=\"https:\/\/aderj.com.br\/wp-content\/uploads\/2023\/09\/WhatsApp-Image-2023-09-01-at-12.03.07.jpeg 1500w, https:\/\/aderj.com.br\/wp-content\/uploads\/2023\/09\/WhatsApp-Image-2023-09-01-at-12.03.07-300x300.jpeg 300w, https:\/\/aderj.com.br\/wp-content\/uploads\/2023\/09\/WhatsApp-Image-2023-09-01-at-12.03.07-1024x1024.jpeg 1024w, https:\/\/aderj.com.br\/wp-content\/uploads\/2023\/09\/WhatsApp-Image-2023-09-01-at-12.03.07-150x150.jpeg 150w, https:\/\/aderj.com.br\/wp-content\/uploads\/2023\/09\/WhatsApp-Image-2023-09-01-at-12.03.07-768x768.jpeg 768w\" sizes=\"(max-width: 1500px) 100vw, 1500px\" \/><\/div>\n\t\t<\/a>\n\t\t\t\t<div class=\"elementor-post__text\">\n\t\t\t\t<h3 class=\"elementor-post__title\">\n\t\t\t<a href=\"https:\/\/aderj.com.br\/index.php\/2023\/09\/01\/decreto-regulamentando-o-programa-de-viabilizacao-do-investimento-local-e-ampliado-pro-inv\/\" target=&quot;_blank&quot;>\n\t\t\t\tDecreto regulamentando o Programa de Viabiliza\u00e7\u00e3o do Investimento Local e Ampliado (PRO-INV)\t\t\t<\/a>\n\t\t<\/h3>\n\t\t\t\t<div class=\"elementor-post__meta-data\">\n\t\t\t\t\t<span class=\"elementor-post-date\">\n\t\t\t01\/09\/2023\t\t<\/span>\n\t\t\t\t<\/div>\n\t\t\n\t\t<a class=\"elementor-post__read-more\" href=\"https:\/\/aderj.com.br\/index.php\/2023\/09\/01\/decreto-regulamentando-o-programa-de-viabilizacao-do-investimento-local-e-ampliado-pro-inv\/\" aria-label=\"Read more about Decreto regulamentando o Programa de Viabiliza\u00e7\u00e3o do Investimento Local e Ampliado (PRO-INV)\" tabindex=\"-1\" target=\"_blank\">\n\t\t\tLer not\u00edcia \u00bb\t\t<\/a>\n\n\t\t\t\t<\/div>\n\t\t\t\t<\/article>\n\t\t\t\t<article class=\"elementor-post elementor-grid-item post-7085 post type-post status-publish format-standard has-post-thumbnail hentry category-blog\" role=\"listitem\">\n\t\t\t\t<a class=\"elementor-post__thumbnail__link\" href=\"https:\/\/aderj.com.br\/index.php\/2023\/08\/21\/lei-no-9-428-21-suspensao-da-substituicao-tributaria\/\" tabindex=\"-1\" target=&quot;_blank&quot;>\n\t\t\t<div class=\"elementor-post__thumbnail\"><img loading=\"lazy\" decoding=\"async\" width=\"1500\" height=\"1500\" src=\"https:\/\/aderj.com.br\/wp-content\/uploads\/2023\/08\/WhatsApp-Image-2023-08-21-at-15.03.47.jpeg\" class=\"attachment-full size-full wp-image-7087\" alt=\"\" srcset=\"https:\/\/aderj.com.br\/wp-content\/uploads\/2023\/08\/WhatsApp-Image-2023-08-21-at-15.03.47.jpeg 1500w, https:\/\/aderj.com.br\/wp-content\/uploads\/2023\/08\/WhatsApp-Image-2023-08-21-at-15.03.47-300x300.jpeg 300w, https:\/\/aderj.com.br\/wp-content\/uploads\/2023\/08\/WhatsApp-Image-2023-08-21-at-15.03.47-1024x1024.jpeg 1024w, https:\/\/aderj.com.br\/wp-content\/uploads\/2023\/08\/WhatsApp-Image-2023-08-21-at-15.03.47-150x150.jpeg 150w, https:\/\/aderj.com.br\/wp-content\/uploads\/2023\/08\/WhatsApp-Image-2023-08-21-at-15.03.47-768x768.jpeg 768w\" sizes=\"(max-width: 1500px) 100vw, 1500px\" \/><\/div>\n\t\t<\/a>\n\t\t\t\t<div class=\"elementor-post__text\">\n\t\t\t\t<h3 class=\"elementor-post__title\">\n\t\t\t<a href=\"https:\/\/aderj.com.br\/index.php\/2023\/08\/21\/lei-no-9-428-21-suspensao-da-substituicao-tributaria\/\" target=&quot;_blank&quot;>\n\t\t\t\tLei N\u00ba 9.428\/21 &#8211; Suspens\u00e3o da Substitui\u00e7\u00e3o Tribut\u00e1ria\t\t\t<\/a>\n\t\t<\/h3>\n\t\t\t\t<div class=\"elementor-post__meta-data\">\n\t\t\t\t\t<span class=\"elementor-post-date\">\n\t\t\t21\/08\/2023\t\t<\/span>\n\t\t\t\t<\/div>\n\t\t\n\t\t<a class=\"elementor-post__read-more\" href=\"https:\/\/aderj.com.br\/index.php\/2023\/08\/21\/lei-no-9-428-21-suspensao-da-substituicao-tributaria\/\" aria-label=\"Read more about Lei N\u00ba 9.428\/21 &#8211; Suspens\u00e3o da Substitui\u00e7\u00e3o Tribut\u00e1ria\" tabindex=\"-1\" target=\"_blank\">\n\t\t\tLer not\u00edcia \u00bb\t\t<\/a>\n\n\t\t\t\t<\/div>\n\t\t\t\t<\/article>\n\t\t\t\t<article class=\"elementor-post elementor-grid-item post-7088 post type-post status-publish format-standard has-post-thumbnail hentry category-blog\" role=\"listitem\">\n\t\t\t\t<a class=\"elementor-post__thumbnail__link\" href=\"https:\/\/aderj.com.br\/index.php\/2023\/08\/21\/portaria-subf-no-93-de-18-de-agosto-de-2023\/\" tabindex=\"-1\" target=&quot;_blank&quot;>\n\t\t\t<div class=\"elementor-post__thumbnail\"><img loading=\"lazy\" decoding=\"async\" width=\"1500\" height=\"1500\" src=\"https:\/\/aderj.com.br\/wp-content\/uploads\/2023\/08\/WhatsApp-Image-2023-08-21-at-15.49.52.jpeg\" class=\"attachment-full size-full wp-image-7091\" alt=\"\" srcset=\"https:\/\/aderj.com.br\/wp-content\/uploads\/2023\/08\/WhatsApp-Image-2023-08-21-at-15.49.52.jpeg 1500w, https:\/\/aderj.com.br\/wp-content\/uploads\/2023\/08\/WhatsApp-Image-2023-08-21-at-15.49.52-300x300.jpeg 300w, https:\/\/aderj.com.br\/wp-content\/uploads\/2023\/08\/WhatsApp-Image-2023-08-21-at-15.49.52-1024x1024.jpeg 1024w, https:\/\/aderj.com.br\/wp-content\/uploads\/2023\/08\/WhatsApp-Image-2023-08-21-at-15.49.52-150x150.jpeg 150w, https:\/\/aderj.com.br\/wp-content\/uploads\/2023\/08\/WhatsApp-Image-2023-08-21-at-15.49.52-768x768.jpeg 768w\" sizes=\"(max-width: 1500px) 100vw, 1500px\" \/><\/div>\n\t\t<\/a>\n\t\t\t\t<div class=\"elementor-post__text\">\n\t\t\t\t<h3 class=\"elementor-post__title\">\n\t\t\t<a href=\"https:\/\/aderj.com.br\/index.php\/2023\/08\/21\/portaria-subf-no-93-de-18-de-agosto-de-2023\/\" target=&quot;_blank&quot;>\n\t\t\t\tPortaria SUBF N\u00ba 93 de 18 de Agosto de 2023.\t\t\t<\/a>\n\t\t<\/h3>\n\t\t\t\t<div class=\"elementor-post__meta-data\">\n\t\t\t\t\t<span class=\"elementor-post-date\">\n\t\t\t21\/08\/2023\t\t<\/span>\n\t\t\t\t<\/div>\n\t\t\n\t\t<a class=\"elementor-post__read-more\" href=\"https:\/\/aderj.com.br\/index.php\/2023\/08\/21\/portaria-subf-no-93-de-18-de-agosto-de-2023\/\" aria-label=\"Read more about Portaria SUBF N\u00ba 93 de 18 de Agosto de 2023.\" tabindex=\"-1\" target=\"_blank\">\n\t\t\tLer not\u00edcia \u00bb\t\t<\/a>\n\n\t\t\t\t<\/div>\n\t\t\t\t<\/article>\n\t\t\t\t<article class=\"elementor-post elementor-grid-item post-7080 post type-post status-publish format-standard hentry category-blog\" role=\"listitem\">\n\t\t\t\t<div class=\"elementor-post__text\">\n\t\t\t\t<h3 class=\"elementor-post__title\">\n\t\t\t<a href=\"https:\/\/aderj.com.br\/index.php\/2023\/07\/26\/portaria-sser-no-329-de-24-de-julho-de-2023\/\" target=&quot;_blank&quot;>\n\t\t\t\tPORTARIA SSER N\u00ba 329 DE 24 DE JULHO DE 2023\t\t\t<\/a>\n\t\t<\/h3>\n\t\t\t\t<div class=\"elementor-post__meta-data\">\n\t\t\t\t\t<span class=\"elementor-post-date\">\n\t\t\t26\/07\/2023\t\t<\/span>\n\t\t\t\t<\/div>\n\t\t\n\t\t<a class=\"elementor-post__read-more\" href=\"https:\/\/aderj.com.br\/index.php\/2023\/07\/26\/portaria-sser-no-329-de-24-de-julho-de-2023\/\" aria-label=\"Read more about PORTARIA SSER N\u00ba 329 DE 24 DE JULHO DE 2023\" tabindex=\"-1\" target=\"_blank\">\n\t\t\tLer not\u00edcia \u00bb\t\t<\/a>\n\n\t\t\t\t<\/div>\n\t\t\t\t<\/article>\n\t\t\t\t<article class=\"elementor-post elementor-grid-item post-7070 post type-post status-publish format-standard has-post-thumbnail hentry category-blog\" role=\"listitem\">\n\t\t\t\t<a class=\"elementor-post__thumbnail__link\" href=\"https:\/\/aderj.com.br\/index.php\/2023\/07\/05\/cafe-conhecimento-aderj-jovem-estrategismo-a-arte-de-ser-unico\/\" tabindex=\"-1\" target=&quot;_blank&quot;>\n\t\t\t<div class=\"elementor-post__thumbnail\"><img loading=\"lazy\" decoding=\"async\" width=\"1080\" height=\"1080\" src=\"https:\/\/aderj.com.br\/wp-content\/uploads\/2023\/07\/WhatsApp-Image-2023-07-04-at-16.27.15.jpeg\" class=\"attachment-full size-full wp-image-7071\" alt=\"\" srcset=\"https:\/\/aderj.com.br\/wp-content\/uploads\/2023\/07\/WhatsApp-Image-2023-07-04-at-16.27.15.jpeg 1080w, https:\/\/aderj.com.br\/wp-content\/uploads\/2023\/07\/WhatsApp-Image-2023-07-04-at-16.27.15-300x300.jpeg 300w, https:\/\/aderj.com.br\/wp-content\/uploads\/2023\/07\/WhatsApp-Image-2023-07-04-at-16.27.15-1024x1024.jpeg 1024w, https:\/\/aderj.com.br\/wp-content\/uploads\/2023\/07\/WhatsApp-Image-2023-07-04-at-16.27.15-150x150.jpeg 150w, https:\/\/aderj.com.br\/wp-content\/uploads\/2023\/07\/WhatsApp-Image-2023-07-04-at-16.27.15-768x768.jpeg 768w\" sizes=\"(max-width: 1080px) 100vw, 1080px\" \/><\/div>\n\t\t<\/a>\n\t\t\t\t<div class=\"elementor-post__text\">\n\t\t\t\t<h3 class=\"elementor-post__title\">\n\t\t\t<a href=\"https:\/\/aderj.com.br\/index.php\/2023\/07\/05\/cafe-conhecimento-aderj-jovem-estrategismo-a-arte-de-ser-unico\/\" target=&quot;_blank&quot;>\n\t\t\t\tCaf\u00e9 &#038; Conhecimento ADERJ Jovem \u2013 \u201cEstrategismo: A Arte de Ser \u00danico\u201d.\t\t\t<\/a>\n\t\t<\/h3>\n\t\t\t\t<div class=\"elementor-post__meta-data\">\n\t\t\t\t\t<span class=\"elementor-post-date\">\n\t\t\t05\/07\/2023\t\t<\/span>\n\t\t\t\t<\/div>\n\t\t\n\t\t<a class=\"elementor-post__read-more\" href=\"https:\/\/aderj.com.br\/index.php\/2023\/07\/05\/cafe-conhecimento-aderj-jovem-estrategismo-a-arte-de-ser-unico\/\" aria-label=\"Read more about Caf\u00e9 &#038; Conhecimento ADERJ Jovem \u2013 \u201cEstrategismo: A Arte de Ser \u00danico\u201d.\" tabindex=\"-1\" target=\"_blank\">\n\t\t\tLer not\u00edcia \u00bb\t\t<\/a>\n\n\t\t\t\t<\/div>\n\t\t\t\t<\/article>\n\t\t\t\t<article class=\"elementor-post elementor-grid-item post-7062 post type-post status-publish format-standard has-post-thumbnail hentry category-blog\" role=\"listitem\">\n\t\t\t\t<a class=\"elementor-post__thumbnail__link\" href=\"https:\/\/aderj.com.br\/index.php\/2023\/06\/16\/aderj-convencao-anual-abad-2023\/\" tabindex=\"-1\" target=&quot;_blank&quot;>\n\t\t\t<div class=\"elementor-post__thumbnail\"><img loading=\"lazy\" decoding=\"async\" width=\"1080\" height=\"1080\" src=\"https:\/\/aderj.com.br\/wp-content\/uploads\/2023\/06\/ABAD-16-06.png\" class=\"attachment-full size-full wp-image-7063\" alt=\"\" srcset=\"https:\/\/aderj.com.br\/wp-content\/uploads\/2023\/06\/ABAD-16-06.png 1080w, https:\/\/aderj.com.br\/wp-content\/uploads\/2023\/06\/ABAD-16-06-300x300.png 300w, https:\/\/aderj.com.br\/wp-content\/uploads\/2023\/06\/ABAD-16-06-1024x1024.png 1024w, https:\/\/aderj.com.br\/wp-content\/uploads\/2023\/06\/ABAD-16-06-150x150.png 150w, https:\/\/aderj.com.br\/wp-content\/uploads\/2023\/06\/ABAD-16-06-768x768.png 768w\" sizes=\"(max-width: 1080px) 100vw, 1080px\" \/><\/div>\n\t\t<\/a>\n\t\t\t\t<div class=\"elementor-post__text\">\n\t\t\t\t<h3 class=\"elementor-post__title\">\n\t\t\t<a href=\"https:\/\/aderj.com.br\/index.php\/2023\/06\/16\/aderj-convencao-anual-abad-2023\/\" target=&quot;_blank&quot;>\n\t\t\t\tA ADERJ marca presen\u00e7a na 42\u00aa Conven\u00e7\u00e3o Anual do Canal Indireto \u2013 ABAD 2023 ATIBAIA\t\t\t<\/a>\n\t\t<\/h3>\n\t\t\t\t<div class=\"elementor-post__meta-data\">\n\t\t\t\t\t<span class=\"elementor-post-date\">\n\t\t\t16\/06\/2023\t\t<\/span>\n\t\t\t\t<\/div>\n\t\t\n\t\t<a class=\"elementor-post__read-more\" href=\"https:\/\/aderj.com.br\/index.php\/2023\/06\/16\/aderj-convencao-anual-abad-2023\/\" aria-label=\"Read more about A ADERJ marca presen\u00e7a na 42\u00aa Conven\u00e7\u00e3o Anual do Canal Indireto \u2013 ABAD 2023 ATIBAIA\" tabindex=\"-1\" target=\"_blank\">\n\t\t\tLer not\u00edcia \u00bb\t\t<\/a>\n\n\t\t\t\t<\/div>\n\t\t\t\t<\/article>\n\t\t\t\t<article class=\"elementor-post elementor-grid-item post-7060 post type-post status-publish format-standard has-post-thumbnail hentry category-blog\" role=\"listitem\">\n\t\t\t\t<a class=\"elementor-post__thumbnail__link\" href=\"https:\/\/aderj.com.br\/index.php\/2023\/06\/16\/sinca-parana-encontro-do-comite-de-rh-junho-2023\/\" tabindex=\"-1\" target=&quot;_blank&quot;>\n\t\t\t<div class=\"elementor-post__thumbnail\"><img loading=\"lazy\" decoding=\"async\" width=\"1080\" height=\"1080\" src=\"https:\/\/aderj.com.br\/wp-content\/uploads\/2023\/06\/16-06-ADERJ-Recomenda.png\" class=\"attachment-full size-full wp-image-7061\" alt=\"\" srcset=\"https:\/\/aderj.com.br\/wp-content\/uploads\/2023\/06\/16-06-ADERJ-Recomenda.png 1080w, https:\/\/aderj.com.br\/wp-content\/uploads\/2023\/06\/16-06-ADERJ-Recomenda-300x300.png 300w, https:\/\/aderj.com.br\/wp-content\/uploads\/2023\/06\/16-06-ADERJ-Recomenda-1024x1024.png 1024w, https:\/\/aderj.com.br\/wp-content\/uploads\/2023\/06\/16-06-ADERJ-Recomenda-150x150.png 150w, https:\/\/aderj.com.br\/wp-content\/uploads\/2023\/06\/16-06-ADERJ-Recomenda-768x768.png 768w\" sizes=\"(max-width: 1080px) 100vw, 1080px\" \/><\/div>\n\t\t<\/a>\n\t\t\t\t<div class=\"elementor-post__text\">\n\t\t\t\t<h3 class=\"elementor-post__title\">\n\t\t\t<a href=\"https:\/\/aderj.com.br\/index.php\/2023\/06\/16\/sinca-parana-encontro-do-comite-de-rh-junho-2023\/\" target=&quot;_blank&quot;>\n\t\t\t\tSinca Paran\u00e1 promove seu 1\u00b0 Encontro do Comit\u00ea de RH\t\t\t<\/a>\n\t\t<\/h3>\n\t\t\t\t<div class=\"elementor-post__meta-data\">\n\t\t\t\t\t<span class=\"elementor-post-date\">\n\t\t\t16\/06\/2023\t\t<\/span>\n\t\t\t\t<\/div>\n\t\t\n\t\t<a class=\"elementor-post__read-more\" href=\"https:\/\/aderj.com.br\/index.php\/2023\/06\/16\/sinca-parana-encontro-do-comite-de-rh-junho-2023\/\" aria-label=\"Read more about Sinca Paran\u00e1 promove seu 1\u00b0 Encontro do Comit\u00ea de RH\" tabindex=\"-1\" target=\"_blank\">\n\t\t\tLer not\u00edcia \u00bb\t\t<\/a>\n\n\t\t\t\t<\/div>\n\t\t\t\t<\/article>\n\t\t\t\t<article class=\"elementor-post elementor-grid-item post-7056 post type-post status-publish format-standard has-post-thumbnail hentry category-blog\" role=\"listitem\">\n\t\t\t\t<a class=\"elementor-post__thumbnail__link\" href=\"https:\/\/aderj.com.br\/index.php\/2023\/06\/12\/stj-reduz-ganho-do-governo-com-tributacao-de-incentivos-de-icms\/\" tabindex=\"-1\" target=&quot;_blank&quot;>\n\t\t\t<div class=\"elementor-post__thumbnail\"><img loading=\"lazy\" decoding=\"async\" width=\"800\" height=\"367\" src=\"https:\/\/aderj.com.br\/wp-content\/uploads\/2023\/06\/ICMS.jpg\" class=\"attachment-full size-full wp-image-7057\" alt=\"\" \/><\/div>\n\t\t<\/a>\n\t\t\t\t<div class=\"elementor-post__text\">\n\t\t\t\t<h3 class=\"elementor-post__title\">\n\t\t\t<a href=\"https:\/\/aderj.com.br\/index.php\/2023\/06\/12\/stj-reduz-ganho-do-governo-com-tributacao-de-incentivos-de-icms\/\" target=&quot;_blank&quot;>\n\t\t\t\tSTJ reduz ganho do governo com tributa\u00e7\u00e3o de incentivos de ICMS.\t\t\t<\/a>\n\t\t<\/h3>\n\t\t\t\t<div class=\"elementor-post__meta-data\">\n\t\t\t\t\t<span class=\"elementor-post-date\">\n\t\t\t12\/06\/2023\t\t<\/span>\n\t\t\t\t<\/div>\n\t\t\n\t\t<a class=\"elementor-post__read-more\" href=\"https:\/\/aderj.com.br\/index.php\/2023\/06\/12\/stj-reduz-ganho-do-governo-com-tributacao-de-incentivos-de-icms\/\" aria-label=\"Read more about STJ reduz ganho do governo com tributa\u00e7\u00e3o de incentivos de ICMS.\" tabindex=\"-1\" target=\"_blank\">\n\t\t\tLer not\u00edcia \u00bb\t\t<\/a>\n\n\t\t\t\t<\/div>\n\t\t\t\t<\/article>\n\t\t\t\t<article class=\"elementor-post elementor-grid-item post-7067 post type-post status-publish format-standard has-post-thumbnail hentry category-blog\" role=\"listitem\">\n\t\t\t\t<a class=\"elementor-post__thumbnail__link\" href=\"https:\/\/aderj.com.br\/index.php\/2023\/06\/06\/construcao-de-carreiras-em-rh-taisa-guthierre-2023\/\" tabindex=\"-1\" target=&quot;_blank&quot;>\n\t\t\t<div class=\"elementor-post__thumbnail\"><img loading=\"lazy\" decoding=\"async\" width=\"1080\" height=\"1080\" src=\"https:\/\/aderj.com.br\/wp-content\/uploads\/2023\/06\/Construcao-de-Carreiras-em-RH-insta.png\" class=\"attachment-full size-full wp-image-7068\" alt=\"\" srcset=\"https:\/\/aderj.com.br\/wp-content\/uploads\/2023\/06\/Construcao-de-Carreiras-em-RH-insta.png 1080w, https:\/\/aderj.com.br\/wp-content\/uploads\/2023\/06\/Construcao-de-Carreiras-em-RH-insta-300x300.png 300w, https:\/\/aderj.com.br\/wp-content\/uploads\/2023\/06\/Construcao-de-Carreiras-em-RH-insta-1024x1024.png 1024w, https:\/\/aderj.com.br\/wp-content\/uploads\/2023\/06\/Construcao-de-Carreiras-em-RH-insta-150x150.png 150w, https:\/\/aderj.com.br\/wp-content\/uploads\/2023\/06\/Construcao-de-Carreiras-em-RH-insta-768x768.png 768w\" sizes=\"(max-width: 1080px) 100vw, 1080px\" \/><\/div>\n\t\t<\/a>\n\t\t\t\t<div class=\"elementor-post__text\">\n\t\t\t\t<h3 class=\"elementor-post__title\">\n\t\t\t<a href=\"https:\/\/aderj.com.br\/index.php\/2023\/06\/06\/construcao-de-carreiras-em-rh-taisa-guthierre-2023\/\" target=&quot;_blank&quot;>\n\t\t\t\tConstru\u00e7\u00e3o de Carreiras em RH entrevista Taisa Guthierre\t\t\t<\/a>\n\t\t<\/h3>\n\t\t\t\t<div class=\"elementor-post__meta-data\">\n\t\t\t\t\t<span class=\"elementor-post-date\">\n\t\t\t06\/06\/2023\t\t<\/span>\n\t\t\t\t<\/div>\n\t\t\n\t\t<a class=\"elementor-post__read-more\" href=\"https:\/\/aderj.com.br\/index.php\/2023\/06\/06\/construcao-de-carreiras-em-rh-taisa-guthierre-2023\/\" aria-label=\"Read more about Constru\u00e7\u00e3o de Carreiras em RH entrevista Taisa Guthierre\" tabindex=\"-1\" target=\"_blank\">\n\t\t\tLer not\u00edcia \u00bb\t\t<\/a>\n\n\t\t\t\t<\/div>\n\t\t\t\t<\/article>\n\t\t\t\t<article class=\"elementor-post elementor-grid-item post-7053 post type-post status-publish format-standard has-post-thumbnail hentry category-blog\" role=\"listitem\">\n\t\t\t\t<a class=\"elementor-post__thumbnail__link\" href=\"https:\/\/aderj.com.br\/index.php\/2023\/05\/29\/instituto-abad-igb-pgrs-2023\/\" tabindex=\"-1\" target=&quot;_blank&quot;>\n\t\t\t<div class=\"elementor-post__thumbnail\"><img loading=\"lazy\" decoding=\"async\" width=\"1080\" height=\"1080\" src=\"https:\/\/aderj.com.br\/wp-content\/uploads\/2023\/05\/29-05-ADERJ-RECOMENDA.png\" class=\"attachment-full size-full wp-image-7054\" alt=\"\" srcset=\"https:\/\/aderj.com.br\/wp-content\/uploads\/2023\/05\/29-05-ADERJ-RECOMENDA.png 1080w, https:\/\/aderj.com.br\/wp-content\/uploads\/2023\/05\/29-05-ADERJ-RECOMENDA-300x300.png 300w, https:\/\/aderj.com.br\/wp-content\/uploads\/2023\/05\/29-05-ADERJ-RECOMENDA-1024x1024.png 1024w, https:\/\/aderj.com.br\/wp-content\/uploads\/2023\/05\/29-05-ADERJ-RECOMENDA-150x150.png 150w, https:\/\/aderj.com.br\/wp-content\/uploads\/2023\/05\/29-05-ADERJ-RECOMENDA-768x768.png 768w\" sizes=\"(max-width: 1080px) 100vw, 1080px\" \/><\/div>\n\t\t<\/a>\n\t\t\t\t<div class=\"elementor-post__text\">\n\t\t\t\t<h3 class=\"elementor-post__title\">\n\t\t\t<a href=\"https:\/\/aderj.com.br\/index.php\/2023\/05\/29\/instituto-abad-igb-pgrs-2023\/\" target=&quot;_blank&quot;>\n\t\t\t\tINSTITUTO ABAD e IGB Formalizam Acordo de  Coopera\u00e7\u00e3o para  implementa\u00e7\u00e3o do PGRS nas Associadas\t\t\t<\/a>\n\t\t<\/h3>\n\t\t\t\t<div class=\"elementor-post__meta-data\">\n\t\t\t\t\t<span class=\"elementor-post-date\">\n\t\t\t29\/05\/2023\t\t<\/span>\n\t\t\t\t<\/div>\n\t\t\n\t\t<a class=\"elementor-post__read-more\" href=\"https:\/\/aderj.com.br\/index.php\/2023\/05\/29\/instituto-abad-igb-pgrs-2023\/\" aria-label=\"Read more about INSTITUTO ABAD e IGB Formalizam Acordo de  Coopera\u00e7\u00e3o para  implementa\u00e7\u00e3o do PGRS nas Associadas\" tabindex=\"-1\" target=\"_blank\">\n\t\t\tLer not\u00edcia \u00bb\t\t<\/a>\n\n\t\t\t\t<\/div>\n\t\t\t\t<\/article>\n\t\t\t\t<article class=\"elementor-post elementor-grid-item post-7051 post type-post status-publish format-standard has-post-thumbnail hentry category-blog\" role=\"listitem\">\n\t\t\t\t<a class=\"elementor-post__thumbnail__link\" href=\"https:\/\/aderj.com.br\/index.php\/2023\/05\/26\/aderj-aniversario-37-anos\/\" tabindex=\"-1\" target=&quot;_blank&quot;>\n\t\t\t<div class=\"elementor-post__thumbnail\"><img loading=\"lazy\" decoding=\"async\" width=\"1080\" height=\"1080\" src=\"https:\/\/aderj.com.br\/wp-content\/uploads\/2023\/05\/ADERJ37-10.png\" class=\"attachment-full size-full wp-image-7049\" alt=\"\" srcset=\"https:\/\/aderj.com.br\/wp-content\/uploads\/2023\/05\/ADERJ37-10.png 1080w, https:\/\/aderj.com.br\/wp-content\/uploads\/2023\/05\/ADERJ37-10-300x300.png 300w, https:\/\/aderj.com.br\/wp-content\/uploads\/2023\/05\/ADERJ37-10-1024x1024.png 1024w, https:\/\/aderj.com.br\/wp-content\/uploads\/2023\/05\/ADERJ37-10-150x150.png 150w, https:\/\/aderj.com.br\/wp-content\/uploads\/2023\/05\/ADERJ37-10-768x768.png 768w\" sizes=\"(max-width: 1080px) 100vw, 1080px\" \/><\/div>\n\t\t<\/a>\n\t\t\t\t<div class=\"elementor-post__text\">\n\t\t\t\t<h3 class=\"elementor-post__title\">\n\t\t\t<a href=\"https:\/\/aderj.com.br\/index.php\/2023\/05\/26\/aderj-aniversario-37-anos\/\" target=&quot;_blank&quot;>\n\t\t\t\tADERJ celebra seus 37 anos em evento na Barra da Tijuca\t\t\t<\/a>\n\t\t<\/h3>\n\t\t\t\t<div class=\"elementor-post__meta-data\">\n\t\t\t\t\t<span class=\"elementor-post-date\">\n\t\t\t26\/05\/2023\t\t<\/span>\n\t\t\t\t<\/div>\n\t\t\n\t\t<a class=\"elementor-post__read-more\" href=\"https:\/\/aderj.com.br\/index.php\/2023\/05\/26\/aderj-aniversario-37-anos\/\" aria-label=\"Read more about ADERJ celebra seus 37 anos em evento na Barra da Tijuca\" tabindex=\"-1\" target=\"_blank\">\n\t\t\tLer not\u00edcia \u00bb\t\t<\/a>\n\n\t\t\t\t<\/div>\n\t\t\t\t<\/article>\n\t\t\t\t<article class=\"elementor-post elementor-grid-item post-6874 post type-post status-publish format-standard has-post-thumbnail hentry category-blog\" role=\"listitem\">\n\t\t\t\t<a class=\"elementor-post__thumbnail__link\" href=\"https:\/\/aderj.com.br\/index.php\/2023\/05\/19\/aderj-chama-associadas-para-responder-pesquisa-sobre-roubo-de-cargas\/\" tabindex=\"-1\" target=&quot;_blank&quot;>\n\t\t\t<div class=\"elementor-post__thumbnail\"><img loading=\"lazy\" decoding=\"async\" width=\"1080\" height=\"1080\" src=\"https:\/\/aderj.com.br\/wp-content\/uploads\/2023\/05\/aderj-informa-PesquisaRoubodeCargas-1.png\" class=\"attachment-full size-full wp-image-6878\" alt=\"\" srcset=\"https:\/\/aderj.com.br\/wp-content\/uploads\/2023\/05\/aderj-informa-PesquisaRoubodeCargas-1.png 1080w, https:\/\/aderj.com.br\/wp-content\/uploads\/2023\/05\/aderj-informa-PesquisaRoubodeCargas-1-300x300.png 300w, https:\/\/aderj.com.br\/wp-content\/uploads\/2023\/05\/aderj-informa-PesquisaRoubodeCargas-1-1024x1024.png 1024w, https:\/\/aderj.com.br\/wp-content\/uploads\/2023\/05\/aderj-informa-PesquisaRoubodeCargas-1-150x150.png 150w, https:\/\/aderj.com.br\/wp-content\/uploads\/2023\/05\/aderj-informa-PesquisaRoubodeCargas-1-768x768.png 768w\" sizes=\"(max-width: 1080px) 100vw, 1080px\" \/><\/div>\n\t\t<\/a>\n\t\t\t\t<div class=\"elementor-post__text\">\n\t\t\t\t<h3 class=\"elementor-post__title\">\n\t\t\t<a href=\"https:\/\/aderj.com.br\/index.php\/2023\/05\/19\/aderj-chama-associadas-para-responder-pesquisa-sobre-roubo-de-cargas\/\" target=&quot;_blank&quot;>\n\t\t\t\tADERJ chama Associadas para responder Pesquisa sobre Roubo de Cargas\t\t\t<\/a>\n\t\t<\/h3>\n\t\t\t\t<div class=\"elementor-post__meta-data\">\n\t\t\t\t\t<span class=\"elementor-post-date\">\n\t\t\t19\/05\/2023\t\t<\/span>\n\t\t\t\t<\/div>\n\t\t\n\t\t<a class=\"elementor-post__read-more\" href=\"https:\/\/aderj.com.br\/index.php\/2023\/05\/19\/aderj-chama-associadas-para-responder-pesquisa-sobre-roubo-de-cargas\/\" aria-label=\"Read more about ADERJ chama Associadas para responder Pesquisa sobre Roubo de Cargas\" tabindex=\"-1\" target=\"_blank\">\n\t\t\tLer not\u00edcia \u00bb\t\t<\/a>\n\n\t\t\t\t<\/div>\n\t\t\t\t<\/article>\n\t\t\t\t<article class=\"elementor-post elementor-grid-item post-6872 post type-post status-publish format-standard has-post-thumbnail hentry category-blog\" role=\"listitem\">\n\t\t\t\t<a class=\"elementor-post__thumbnail__link\" href=\"https:\/\/aderj.com.br\/index.php\/2023\/05\/11\/palestra-nr-1-relacoes-sst-esocial-transporte\/\" tabindex=\"-1\" target=&quot;_blank&quot;>\n\t\t\t<div class=\"elementor-post__thumbnail\"><img loading=\"lazy\" decoding=\"async\" width=\"1080\" height=\"1080\" src=\"https:\/\/aderj.com.br\/wp-content\/uploads\/2023\/05\/Reuniao-RH-Abril-23-Capa-Evento.png\" class=\"attachment-full size-full wp-image-6867\" alt=\"\" srcset=\"https:\/\/aderj.com.br\/wp-content\/uploads\/2023\/05\/Reuniao-RH-Abril-23-Capa-Evento.png 1080w, https:\/\/aderj.com.br\/wp-content\/uploads\/2023\/05\/Reuniao-RH-Abril-23-Capa-Evento-300x300.png 300w, https:\/\/aderj.com.br\/wp-content\/uploads\/2023\/05\/Reuniao-RH-Abril-23-Capa-Evento-1024x1024.png 1024w, https:\/\/aderj.com.br\/wp-content\/uploads\/2023\/05\/Reuniao-RH-Abril-23-Capa-Evento-150x150.png 150w, https:\/\/aderj.com.br\/wp-content\/uploads\/2023\/05\/Reuniao-RH-Abril-23-Capa-Evento-768x768.png 768w\" sizes=\"(max-width: 1080px) 100vw, 1080px\" \/><\/div>\n\t\t<\/a>\n\t\t\t\t<div class=\"elementor-post__text\">\n\t\t\t\t<h3 class=\"elementor-post__title\">\n\t\t\t<a href=\"https:\/\/aderj.com.br\/index.php\/2023\/05\/11\/palestra-nr-1-relacoes-sst-esocial-transporte\/\" target=&quot;_blank&quot;>\n\t\t\t\tPalestra sobre NR-1 e suas Rela\u00e7\u00f5es com SST do eSociale o Transporte de Produtos Perigosos\t\t\t<\/a>\n\t\t<\/h3>\n\t\t\t\t<div class=\"elementor-post__meta-data\">\n\t\t\t\t\t<span class=\"elementor-post-date\">\n\t\t\t11\/05\/2023\t\t<\/span>\n\t\t\t\t<\/div>\n\t\t\n\t\t<a class=\"elementor-post__read-more\" href=\"https:\/\/aderj.com.br\/index.php\/2023\/05\/11\/palestra-nr-1-relacoes-sst-esocial-transporte\/\" aria-label=\"Read more about Palestra sobre NR-1 e suas Rela\u00e7\u00f5es com SST do eSociale o Transporte de Produtos Perigosos\" tabindex=\"-1\" target=\"_blank\">\n\t\t\tLer not\u00edcia \u00bb\t\t<\/a>\n\n\t\t\t\t<\/div>\n\t\t\t\t<\/article>\n\t\t\t\t<article class=\"elementor-post elementor-grid-item post-6864 post type-post status-publish format-standard has-post-thumbnail hentry category-blog\" role=\"listitem\">\n\t\t\t\t<a class=\"elementor-post__thumbnail__link\" href=\"https:\/\/aderj.com.br\/index.php\/2023\/05\/11\/anpd-nova-pagina-de-denuncias-e-peticoes-2023\/\" tabindex=\"-1\" target=&quot;_blank&quot;>\n\t\t\t<div class=\"elementor-post__thumbnail\"><img loading=\"lazy\" decoding=\"async\" width=\"1080\" height=\"1080\" src=\"https:\/\/aderj.com.br\/wp-content\/uploads\/2023\/05\/11-04-ADERJ-Recomenda.png\" class=\"attachment-full size-full wp-image-6865\" alt=\"\" srcset=\"https:\/\/aderj.com.br\/wp-content\/uploads\/2023\/05\/11-04-ADERJ-Recomenda.png 1080w, https:\/\/aderj.com.br\/wp-content\/uploads\/2023\/05\/11-04-ADERJ-Recomenda-300x300.png 300w, https:\/\/aderj.com.br\/wp-content\/uploads\/2023\/05\/11-04-ADERJ-Recomenda-1024x1024.png 1024w, https:\/\/aderj.com.br\/wp-content\/uploads\/2023\/05\/11-04-ADERJ-Recomenda-150x150.png 150w, https:\/\/aderj.com.br\/wp-content\/uploads\/2023\/05\/11-04-ADERJ-Recomenda-768x768.png 768w\" sizes=\"(max-width: 1080px) 100vw, 1080px\" \/><\/div>\n\t\t<\/a>\n\t\t\t\t<div class=\"elementor-post__text\">\n\t\t\t\t<h3 class=\"elementor-post__title\">\n\t\t\t<a href=\"https:\/\/aderj.com.br\/index.php\/2023\/05\/11\/anpd-nova-pagina-de-denuncias-e-peticoes-2023\/\" target=&quot;_blank&quot;>\n\t\t\t\tANPD divulga nova p\u00e1gina para o envio de den\u00fancias e peti\u00e7\u00f5es de titulares de dados\t\t\t<\/a>\n\t\t<\/h3>\n\t\t\t\t<div class=\"elementor-post__meta-data\">\n\t\t\t\t\t<span class=\"elementor-post-date\">\n\t\t\t11\/05\/2023\t\t<\/span>\n\t\t\t\t<\/div>\n\t\t\n\t\t<a class=\"elementor-post__read-more\" href=\"https:\/\/aderj.com.br\/index.php\/2023\/05\/11\/anpd-nova-pagina-de-denuncias-e-peticoes-2023\/\" aria-label=\"Read more about ANPD divulga nova p\u00e1gina para o envio de den\u00fancias e peti\u00e7\u00f5es de titulares de dados\" tabindex=\"-1\" target=\"_blank\">\n\t\t\tLer not\u00edcia \u00bb\t\t<\/a>\n\n\t\t\t\t<\/div>\n\t\t\t\t<\/article>\n\t\t\t\t<article class=\"elementor-post elementor-grid-item post-6861 post type-post status-publish format-standard has-post-thumbnail hentry category-blog\" role=\"listitem\">\n\t\t\t\t<a class=\"elementor-post__thumbnail__link\" href=\"https:\/\/aderj.com.br\/index.php\/2023\/04\/17\/prezadas-associadas-da-aderj\/\" tabindex=\"-1\" target=&quot;_blank&quot;>\n\t\t\t<div class=\"elementor-post__thumbnail\"><img loading=\"lazy\" decoding=\"async\" width=\"1080\" height=\"1080\" src=\"https:\/\/aderj.com.br\/wp-content\/uploads\/2023\/04\/17-04-ABAD.jpg\" class=\"attachment-full size-full wp-image-6862\" alt=\"\" srcset=\"https:\/\/aderj.com.br\/wp-content\/uploads\/2023\/04\/17-04-ABAD.jpg 1080w, https:\/\/aderj.com.br\/wp-content\/uploads\/2023\/04\/17-04-ABAD-300x300.jpg 300w, https:\/\/aderj.com.br\/wp-content\/uploads\/2023\/04\/17-04-ABAD-1024x1024.jpg 1024w, https:\/\/aderj.com.br\/wp-content\/uploads\/2023\/04\/17-04-ABAD-150x150.jpg 150w, https:\/\/aderj.com.br\/wp-content\/uploads\/2023\/04\/17-04-ABAD-768x768.jpg 768w\" sizes=\"(max-width: 1080px) 100vw, 1080px\" \/><\/div>\n\t\t<\/a>\n\t\t\t\t<div class=\"elementor-post__text\">\n\t\t\t\t<h3 class=\"elementor-post__title\">\n\t\t\t<a href=\"https:\/\/aderj.com.br\/index.php\/2023\/04\/17\/prezadas-associadas-da-aderj\/\" target=&quot;_blank&quot;>\n\t\t\t\tPrezadas associadas da ADERJ\t\t\t<\/a>\n\t\t<\/h3>\n\t\t\t\t<div class=\"elementor-post__meta-data\">\n\t\t\t\t\t<span class=\"elementor-post-date\">\n\t\t\t17\/04\/2023\t\t<\/span>\n\t\t\t\t<\/div>\n\t\t\n\t\t<a class=\"elementor-post__read-more\" href=\"https:\/\/aderj.com.br\/index.php\/2023\/04\/17\/prezadas-associadas-da-aderj\/\" aria-label=\"Read more about Prezadas associadas da ADERJ\" tabindex=\"-1\" target=\"_blank\">\n\t\t\tLer not\u00edcia \u00bb\t\t<\/a>\n\n\t\t\t\t<\/div>\n\t\t\t\t<\/article>\n\t\t\t\t<article class=\"elementor-post elementor-grid-item post-6858 post type-post status-publish format-standard has-post-thumbnail hentry category-blog\" role=\"listitem\">\n\t\t\t\t<a class=\"elementor-post__thumbnail__link\" href=\"https:\/\/aderj.com.br\/index.php\/2023\/04\/17\/posicionamento-sobre-mp-no1-159-2023\/\" tabindex=\"-1\" target=&quot;_blank&quot;>\n\t\t\t<div class=\"elementor-post__thumbnail\"><img loading=\"lazy\" decoding=\"async\" width=\"1080\" height=\"1080\" src=\"https:\/\/aderj.com.br\/wp-content\/uploads\/2023\/04\/17-04-UNECS.jpg\" class=\"attachment-full size-full wp-image-6859\" alt=\"\" srcset=\"https:\/\/aderj.com.br\/wp-content\/uploads\/2023\/04\/17-04-UNECS.jpg 1080w, https:\/\/aderj.com.br\/wp-content\/uploads\/2023\/04\/17-04-UNECS-300x300.jpg 300w, https:\/\/aderj.com.br\/wp-content\/uploads\/2023\/04\/17-04-UNECS-1024x1024.jpg 1024w, https:\/\/aderj.com.br\/wp-content\/uploads\/2023\/04\/17-04-UNECS-150x150.jpg 150w, https:\/\/aderj.com.br\/wp-content\/uploads\/2023\/04\/17-04-UNECS-768x768.jpg 768w\" sizes=\"(max-width: 1080px) 100vw, 1080px\" \/><\/div>\n\t\t<\/a>\n\t\t\t\t<div class=\"elementor-post__text\">\n\t\t\t\t<h3 class=\"elementor-post__title\">\n\t\t\t<a href=\"https:\/\/aderj.com.br\/index.php\/2023\/04\/17\/posicionamento-sobre-mp-no1-159-2023\/\" target=&quot;_blank&quot;>\n\t\t\t\tPosicionamento sobre MP n\u00ba1.159\/2023\t\t\t<\/a>\n\t\t<\/h3>\n\t\t\t\t<div class=\"elementor-post__meta-data\">\n\t\t\t\t\t<span class=\"elementor-post-date\">\n\t\t\t17\/04\/2023\t\t<\/span>\n\t\t\t\t<\/div>\n\t\t\n\t\t<a class=\"elementor-post__read-more\" href=\"https:\/\/aderj.com.br\/index.php\/2023\/04\/17\/posicionamento-sobre-mp-no1-159-2023\/\" aria-label=\"Read more about Posicionamento sobre MP n\u00ba1.159\/2023\" tabindex=\"-1\" target=\"_blank\">\n\t\t\tLer not\u00edcia \u00bb\t\t<\/a>\n\n\t\t\t\t<\/div>\n\t\t\t\t<\/article>\n\t\t\t\t<article class=\"elementor-post elementor-grid-item post-6856 post type-post status-publish format-standard has-post-thumbnail hentry category-blog\" role=\"listitem\">\n\t\t\t\t<a class=\"elementor-post__thumbnail__link\" href=\"https:\/\/aderj.com.br\/index.php\/2023\/04\/14\/playvender-ganha-premio-e-reconhecimento-da-unilever\/\" tabindex=\"-1\" target=&quot;_blank&quot;>\n\t\t\t<div class=\"elementor-post__thumbnail\"><img loading=\"lazy\" decoding=\"async\" width=\"1080\" height=\"1080\" src=\"https:\/\/aderj.com.br\/wp-content\/uploads\/2023\/04\/playvender-feed.jpg\" class=\"attachment-full size-full wp-image-6857\" alt=\"\" srcset=\"https:\/\/aderj.com.br\/wp-content\/uploads\/2023\/04\/playvender-feed.jpg 1080w, https:\/\/aderj.com.br\/wp-content\/uploads\/2023\/04\/playvender-feed-300x300.jpg 300w, https:\/\/aderj.com.br\/wp-content\/uploads\/2023\/04\/playvender-feed-1024x1024.jpg 1024w, https:\/\/aderj.com.br\/wp-content\/uploads\/2023\/04\/playvender-feed-150x150.jpg 150w, https:\/\/aderj.com.br\/wp-content\/uploads\/2023\/04\/playvender-feed-768x768.jpg 768w\" sizes=\"(max-width: 1080px) 100vw, 1080px\" \/><\/div>\n\t\t<\/a>\n\t\t\t\t<div class=\"elementor-post__text\">\n\t\t\t\t<h3 class=\"elementor-post__title\">\n\t\t\t<a href=\"https:\/\/aderj.com.br\/index.php\/2023\/04\/14\/playvender-ganha-premio-e-reconhecimento-da-unilever\/\" target=&quot;_blank&quot;>\n\t\t\t\tPlayvender ganha pr\u00eamio e reconhecimento da Unilever\t\t\t<\/a>\n\t\t<\/h3>\n\t\t\t\t<div class=\"elementor-post__meta-data\">\n\t\t\t\t\t<span class=\"elementor-post-date\">\n\t\t\t14\/04\/2023\t\t<\/span>\n\t\t\t\t<\/div>\n\t\t\n\t\t<a class=\"elementor-post__read-more\" href=\"https:\/\/aderj.com.br\/index.php\/2023\/04\/14\/playvender-ganha-premio-e-reconhecimento-da-unilever\/\" aria-label=\"Read more about Playvender ganha pr\u00eamio e reconhecimento da Unilever\" tabindex=\"-1\" target=\"_blank\">\n\t\t\tLer not\u00edcia \u00bb\t\t<\/a>\n\n\t\t\t\t<\/div>\n\t\t\t\t<\/article>\n\t\t\t\t<article class=\"elementor-post elementor-grid-item post-6833 post type-post status-publish format-standard has-post-thumbnail hentry category-blog\" role=\"listitem\">\n\t\t\t\t<a class=\"elementor-post__thumbnail__link\" href=\"https:\/\/aderj.com.br\/index.php\/2023\/04\/13\/cafe-conhecimento-aderj-jovem-encontro-apresenta-servicos-de-parceira-e-especialista-que-ensina-como-se-preparar-para-negocios-do-futur\/\" tabindex=\"-1\" target=&quot;_blank&quot;>\n\t\t\t<div class=\"elementor-post__thumbnail\"><img loading=\"lazy\" decoding=\"async\" width=\"1080\" height=\"1080\" src=\"https:\/\/aderj.com.br\/wp-content\/uploads\/2023\/04\/visita-feed-1.jpg\" class=\"attachment-full size-full wp-image-6855\" alt=\"\" srcset=\"https:\/\/aderj.com.br\/wp-content\/uploads\/2023\/04\/visita-feed-1.jpg 1080w, https:\/\/aderj.com.br\/wp-content\/uploads\/2023\/04\/visita-feed-1-300x300.jpg 300w, https:\/\/aderj.com.br\/wp-content\/uploads\/2023\/04\/visita-feed-1-1024x1024.jpg 1024w, https:\/\/aderj.com.br\/wp-content\/uploads\/2023\/04\/visita-feed-1-150x150.jpg 150w, https:\/\/aderj.com.br\/wp-content\/uploads\/2023\/04\/visita-feed-1-768x768.jpg 768w\" sizes=\"(max-width: 1080px) 100vw, 1080px\" \/><\/div>\n\t\t<\/a>\n\t\t\t\t<div class=\"elementor-post__text\">\n\t\t\t\t<h3 class=\"elementor-post__title\">\n\t\t\t<a href=\"https:\/\/aderj.com.br\/index.php\/2023\/04\/13\/cafe-conhecimento-aderj-jovem-encontro-apresenta-servicos-de-parceira-e-especialista-que-ensina-como-se-preparar-para-negocios-do-futur\/\" target=&quot;_blank&quot;>\n\t\t\t\tCaf\u00e9 &#038; Conhecimento ADERJ Jovem &#8211; Encontro apresenta servi\u00e7os de parceira e especialista  que ensina como se preparar para neg\u00f3cios do futuro.\t\t\t<\/a>\n\t\t<\/h3>\n\t\t\t\t<div class=\"elementor-post__meta-data\">\n\t\t\t\t\t<span class=\"elementor-post-date\">\n\t\t\t13\/04\/2023\t\t<\/span>\n\t\t\t\t<\/div>\n\t\t\n\t\t<a class=\"elementor-post__read-more\" href=\"https:\/\/aderj.com.br\/index.php\/2023\/04\/13\/cafe-conhecimento-aderj-jovem-encontro-apresenta-servicos-de-parceira-e-especialista-que-ensina-como-se-preparar-para-negocios-do-futur\/\" aria-label=\"Read more about Caf\u00e9 &#038; Conhecimento ADERJ Jovem &#8211; Encontro apresenta servi\u00e7os de parceira e especialista  que ensina como se preparar para neg\u00f3cios do futuro.\" tabindex=\"-1\" target=\"_blank\">\n\t\t\tLer not\u00edcia \u00bb\t\t<\/a>\n\n\t\t\t\t<\/div>\n\t\t\t\t<\/article>\n\t\t\t\t<article class=\"elementor-post elementor-grid-item post-6831 post type-post status-publish format-standard has-post-thumbnail hentry category-blog\" role=\"listitem\">\n\t\t\t\t<a class=\"elementor-post__thumbnail__link\" href=\"https:\/\/aderj.com.br\/index.php\/2023\/04\/11\/e-amanha\/\" tabindex=\"-1\" target=&quot;_blank&quot;>\n\t\t\t<div class=\"elementor-post__thumbnail\"><img loading=\"lazy\" decoding=\"async\" width=\"1080\" height=\"1080\" src=\"https:\/\/aderj.com.br\/wp-content\/uploads\/2023\/04\/e-hoje-feed.jpg\" class=\"attachment-full size-full wp-image-6832\" alt=\"\" srcset=\"https:\/\/aderj.com.br\/wp-content\/uploads\/2023\/04\/e-hoje-feed.jpg 1080w, https:\/\/aderj.com.br\/wp-content\/uploads\/2023\/04\/e-hoje-feed-300x300.jpg 300w, https:\/\/aderj.com.br\/wp-content\/uploads\/2023\/04\/e-hoje-feed-1024x1024.jpg 1024w, https:\/\/aderj.com.br\/wp-content\/uploads\/2023\/04\/e-hoje-feed-150x150.jpg 150w, https:\/\/aderj.com.br\/wp-content\/uploads\/2023\/04\/e-hoje-feed-768x768.jpg 768w\" sizes=\"(max-width: 1080px) 100vw, 1080px\" \/><\/div>\n\t\t<\/a>\n\t\t\t\t<div class=\"elementor-post__text\">\n\t\t\t\t<h3 class=\"elementor-post__title\">\n\t\t\t<a href=\"https:\/\/aderj.com.br\/index.php\/2023\/04\/11\/e-amanha\/\" target=&quot;_blank&quot;>\n\t\t\t\t\u00c9 AMANH\u00c3!\t\t\t<\/a>\n\t\t<\/h3>\n\t\t\t\t<div class=\"elementor-post__meta-data\">\n\t\t\t\t\t<span class=\"elementor-post-date\">\n\t\t\t11\/04\/2023\t\t<\/span>\n\t\t\t\t<\/div>\n\t\t\n\t\t<a class=\"elementor-post__read-more\" href=\"https:\/\/aderj.com.br\/index.php\/2023\/04\/11\/e-amanha\/\" aria-label=\"Read more about \u00c9 AMANH\u00c3!\" tabindex=\"-1\" target=\"_blank\">\n\t\t\tLer not\u00edcia \u00bb\t\t<\/a>\n\n\t\t\t\t<\/div>\n\t\t\t\t<\/article>\n\t\t\t\t<article class=\"elementor-post elementor-grid-item post-6829 post type-post status-publish format-standard has-post-thumbnail hentry category-blog\" role=\"listitem\">\n\t\t\t\t<a class=\"elementor-post__thumbnail__link\" href=\"https:\/\/aderj.com.br\/index.php\/2023\/04\/10\/ultimas-vagas\/\" tabindex=\"-1\" target=&quot;_blank&quot;>\n\t\t\t<div class=\"elementor-post__thumbnail\"><img loading=\"lazy\" decoding=\"async\" width=\"1080\" height=\"1080\" src=\"https:\/\/aderj.com.br\/wp-content\/uploads\/2023\/04\/convite-cafe-e-conhecimento-post-2-feed.jpg\" class=\"attachment-full size-full wp-image-6830\" alt=\"\" srcset=\"https:\/\/aderj.com.br\/wp-content\/uploads\/2023\/04\/convite-cafe-e-conhecimento-post-2-feed.jpg 1080w, https:\/\/aderj.com.br\/wp-content\/uploads\/2023\/04\/convite-cafe-e-conhecimento-post-2-feed-300x300.jpg 300w, https:\/\/aderj.com.br\/wp-content\/uploads\/2023\/04\/convite-cafe-e-conhecimento-post-2-feed-1024x1024.jpg 1024w, https:\/\/aderj.com.br\/wp-content\/uploads\/2023\/04\/convite-cafe-e-conhecimento-post-2-feed-150x150.jpg 150w, https:\/\/aderj.com.br\/wp-content\/uploads\/2023\/04\/convite-cafe-e-conhecimento-post-2-feed-768x768.jpg 768w\" sizes=\"(max-width: 1080px) 100vw, 1080px\" \/><\/div>\n\t\t<\/a>\n\t\t\t\t<div class=\"elementor-post__text\">\n\t\t\t\t<h3 class=\"elementor-post__title\">\n\t\t\t<a href=\"https:\/\/aderj.com.br\/index.php\/2023\/04\/10\/ultimas-vagas\/\" target=&quot;_blank&quot;>\n\t\t\t\t\u00daLTIMAS VAGAS!\t\t\t<\/a>\n\t\t<\/h3>\n\t\t\t\t<div class=\"elementor-post__meta-data\">\n\t\t\t\t\t<span class=\"elementor-post-date\">\n\t\t\t10\/04\/2023\t\t<\/span>\n\t\t\t\t<\/div>\n\t\t\n\t\t<a class=\"elementor-post__read-more\" href=\"https:\/\/aderj.com.br\/index.php\/2023\/04\/10\/ultimas-vagas\/\" aria-label=\"Read more about \u00daLTIMAS VAGAS!\" tabindex=\"-1\" target=\"_blank\">\n\t\t\tLer not\u00edcia \u00bb\t\t<\/a>\n\n\t\t\t\t<\/div>\n\t\t\t\t<\/article>\n\t\t\t\t<article class=\"elementor-post elementor-grid-item post-6824 post type-post status-publish format-standard has-post-thumbnail hentry category-blog\" role=\"listitem\">\n\t\t\t\t<a class=\"elementor-post__thumbnail__link\" href=\"https:\/\/aderj.com.br\/index.php\/2023\/03\/31\/6824-2\/\" tabindex=\"-1\" target=&quot;_blank&quot;>\n\t\t\t<div class=\"elementor-post__thumbnail\"><img loading=\"lazy\" decoding=\"async\" width=\"1080\" height=\"1080\" src=\"https:\/\/aderj.com.br\/wp-content\/uploads\/2023\/03\/homenagem-fabio-queiroz.jpg\" class=\"attachment-full size-full wp-image-6825\" alt=\"\" srcset=\"https:\/\/aderj.com.br\/wp-content\/uploads\/2023\/03\/homenagem-fabio-queiroz.jpg 1080w, https:\/\/aderj.com.br\/wp-content\/uploads\/2023\/03\/homenagem-fabio-queiroz-300x300.jpg 300w, https:\/\/aderj.com.br\/wp-content\/uploads\/2023\/03\/homenagem-fabio-queiroz-1024x1024.jpg 1024w, https:\/\/aderj.com.br\/wp-content\/uploads\/2023\/03\/homenagem-fabio-queiroz-150x150.jpg 150w, https:\/\/aderj.com.br\/wp-content\/uploads\/2023\/03\/homenagem-fabio-queiroz-768x768.jpg 768w\" sizes=\"(max-width: 1080px) 100vw, 1080px\" \/><\/div>\n\t\t<\/a>\n\t\t\t\t<div class=\"elementor-post__text\">\n\t\t\t\t<h3 class=\"elementor-post__title\">\n\t\t\t<a href=\"https:\/\/aderj.com.br\/index.php\/2023\/03\/31\/6824-2\/\" target=&quot;_blank&quot;>\n\t\t\t\tPresidente da Associa\u00e7\u00e3o de Supermercados do Estado do Rio de Janeiro (ASSERJ), F\u00e1bio Queir\u00f3z, toma posse como vice-presidente da Associa\u00e7\u00e3o Americana de Supermercados (ALAS).\t\t\t<\/a>\n\t\t<\/h3>\n\t\t\t\t<div class=\"elementor-post__meta-data\">\n\t\t\t\t\t<span class=\"elementor-post-date\">\n\t\t\t31\/03\/2023\t\t<\/span>\n\t\t\t\t<\/div>\n\t\t\n\t\t<a class=\"elementor-post__read-more\" href=\"https:\/\/aderj.com.br\/index.php\/2023\/03\/31\/6824-2\/\" aria-label=\"Read more about Presidente da Associa\u00e7\u00e3o de Supermercados do Estado do Rio de Janeiro (ASSERJ), F\u00e1bio Queir\u00f3z, toma posse como vice-presidente da Associa\u00e7\u00e3o Americana de Supermercados (ALAS).\" tabindex=\"-1\" target=\"_blank\">\n\t\t\tLer not\u00edcia \u00bb\t\t<\/a>\n\n\t\t\t\t<\/div>\n\t\t\t\t<\/article>\n\t\t\t\t<article class=\"elementor-post elementor-grid-item post-6822 post type-post status-publish format-standard has-post-thumbnail hentry category-blog\" role=\"listitem\">\n\t\t\t\t<a class=\"elementor-post__thumbnail__link\" href=\"https:\/\/aderj.com.br\/index.php\/2023\/03\/31\/6822-2\/\" tabindex=\"-1\" target=&quot;_blank&quot;>\n\t\t\t<div class=\"elementor-post__thumbnail\"><img loading=\"lazy\" decoding=\"async\" width=\"1080\" height=\"1080\" src=\"https:\/\/aderj.com.br\/wp-content\/uploads\/2023\/03\/31-03-aderj-recomenda-abad.jpg\" class=\"attachment-full size-full wp-image-6823\" alt=\"\" srcset=\"https:\/\/aderj.com.br\/wp-content\/uploads\/2023\/03\/31-03-aderj-recomenda-abad.jpg 1080w, https:\/\/aderj.com.br\/wp-content\/uploads\/2023\/03\/31-03-aderj-recomenda-abad-300x300.jpg 300w, https:\/\/aderj.com.br\/wp-content\/uploads\/2023\/03\/31-03-aderj-recomenda-abad-1024x1024.jpg 1024w, https:\/\/aderj.com.br\/wp-content\/uploads\/2023\/03\/31-03-aderj-recomenda-abad-150x150.jpg 150w, https:\/\/aderj.com.br\/wp-content\/uploads\/2023\/03\/31-03-aderj-recomenda-abad-768x768.jpg 768w\" sizes=\"(max-width: 1080px) 100vw, 1080px\" \/><\/div>\n\t\t<\/a>\n\t\t\t\t<div class=\"elementor-post__text\">\n\t\t\t\t<h3 class=\"elementor-post__title\">\n\t\t\t<a href=\"https:\/\/aderj.com.br\/index.php\/2023\/03\/31\/6822-2\/\" target=&quot;_blank&quot;>\n\t\t\t\tABAD Entrevista &#8211; Patricia Turmina.\t\t\t<\/a>\n\t\t<\/h3>\n\t\t\t\t<div class=\"elementor-post__meta-data\">\n\t\t\t\t\t<span class=\"elementor-post-date\">\n\t\t\t31\/03\/2023\t\t<\/span>\n\t\t\t\t<\/div>\n\t\t\n\t\t<a class=\"elementor-post__read-more\" href=\"https:\/\/aderj.com.br\/index.php\/2023\/03\/31\/6822-2\/\" aria-label=\"Read more about ABAD Entrevista &#8211; Patricia Turmina.\" tabindex=\"-1\" target=\"_blank\">\n\t\t\tLer not\u00edcia \u00bb\t\t<\/a>\n\n\t\t\t\t<\/div>\n\t\t\t\t<\/article>\n\t\t\t\t<article class=\"elementor-post elementor-grid-item post-6817 post type-post status-publish format-standard has-post-thumbnail hentry category-blog\" role=\"listitem\">\n\t\t\t\t<a class=\"elementor-post__thumbnail__link\" href=\"https:\/\/aderj.com.br\/index.php\/2023\/03\/29\/parabens-governador-claudio-castro\/\" tabindex=\"-1\" target=&quot;_blank&quot;>\n\t\t\t<div class=\"elementor-post__thumbnail\"><img loading=\"lazy\" decoding=\"async\" width=\"1080\" height=\"1080\" src=\"https:\/\/aderj.com.br\/wp-content\/uploads\/2023\/03\/ANIVERSARIO-CLAUDIO-CASTRO.jpg\" class=\"attachment-full size-full wp-image-6818\" alt=\"\" srcset=\"https:\/\/aderj.com.br\/wp-content\/uploads\/2023\/03\/ANIVERSARIO-CLAUDIO-CASTRO.jpg 1080w, https:\/\/aderj.com.br\/wp-content\/uploads\/2023\/03\/ANIVERSARIO-CLAUDIO-CASTRO-300x300.jpg 300w, https:\/\/aderj.com.br\/wp-content\/uploads\/2023\/03\/ANIVERSARIO-CLAUDIO-CASTRO-1024x1024.jpg 1024w, https:\/\/aderj.com.br\/wp-content\/uploads\/2023\/03\/ANIVERSARIO-CLAUDIO-CASTRO-150x150.jpg 150w, https:\/\/aderj.com.br\/wp-content\/uploads\/2023\/03\/ANIVERSARIO-CLAUDIO-CASTRO-768x768.jpg 768w\" sizes=\"(max-width: 1080px) 100vw, 1080px\" \/><\/div>\n\t\t<\/a>\n\t\t\t\t<div class=\"elementor-post__text\">\n\t\t\t\t<h3 class=\"elementor-post__title\">\n\t\t\t<a href=\"https:\/\/aderj.com.br\/index.php\/2023\/03\/29\/parabens-governador-claudio-castro\/\" target=&quot;_blank&quot;>\n\t\t\t\tParab\u00e9ns, governador Cl\u00e1udio Castro\t\t\t<\/a>\n\t\t<\/h3>\n\t\t\t\t<div class=\"elementor-post__meta-data\">\n\t\t\t\t\t<span class=\"elementor-post-date\">\n\t\t\t29\/03\/2023\t\t<\/span>\n\t\t\t\t<\/div>\n\t\t\n\t\t<a class=\"elementor-post__read-more\" href=\"https:\/\/aderj.com.br\/index.php\/2023\/03\/29\/parabens-governador-claudio-castro\/\" aria-label=\"Read more about Parab\u00e9ns, governador Cl\u00e1udio Castro\" tabindex=\"-1\" target=\"_blank\">\n\t\t\tLer not\u00edcia \u00bb\t\t<\/a>\n\n\t\t\t\t<\/div>\n\t\t\t\t<\/article>\n\t\t\t\t<article class=\"elementor-post elementor-grid-item post-6806 post type-post status-publish format-standard has-post-thumbnail hentry category-blog\" role=\"listitem\">\n\t\t\t\t<a class=\"elementor-post__thumbnail__link\" href=\"https:\/\/aderj.com.br\/index.php\/2023\/03\/24\/comite-aderj-de-rh-faz-a-primeira-reuniao-de-2023\/\" tabindex=\"-1\" target=&quot;_blank&quot;>\n\t\t\t<div class=\"elementor-post__thumbnail\"><img loading=\"lazy\" decoding=\"async\" width=\"1080\" height=\"1920\" src=\"https:\/\/aderj.com.br\/wp-content\/uploads\/2023\/03\/CAPA-VIDEO-RH.jpg\" class=\"attachment-full size-full wp-image-6807\" alt=\"\" srcset=\"https:\/\/aderj.com.br\/wp-content\/uploads\/2023\/03\/CAPA-VIDEO-RH.jpg 1080w, https:\/\/aderj.com.br\/wp-content\/uploads\/2023\/03\/CAPA-VIDEO-RH-864x1536.jpg 864w\" sizes=\"(max-width: 1080px) 100vw, 1080px\" \/><\/div>\n\t\t<\/a>\n\t\t\t\t<div class=\"elementor-post__text\">\n\t\t\t\t<h3 class=\"elementor-post__title\">\n\t\t\t<a href=\"https:\/\/aderj.com.br\/index.php\/2023\/03\/24\/comite-aderj-de-rh-faz-a-primeira-reuniao-de-2023\/\" target=&quot;_blank&quot;>\n\t\t\t\tComit\u00ea ADERJ de RH faz a primeira reuni\u00e3o de 2023\t\t\t<\/a>\n\t\t<\/h3>\n\t\t\t\t<div class=\"elementor-post__meta-data\">\n\t\t\t\t\t<span class=\"elementor-post-date\">\n\t\t\t24\/03\/2023\t\t<\/span>\n\t\t\t\t<\/div>\n\t\t\n\t\t<a class=\"elementor-post__read-more\" href=\"https:\/\/aderj.com.br\/index.php\/2023\/03\/24\/comite-aderj-de-rh-faz-a-primeira-reuniao-de-2023\/\" aria-label=\"Read more about Comit\u00ea ADERJ de RH faz a primeira reuni\u00e3o de 2023\" tabindex=\"-1\" target=\"_blank\">\n\t\t\tLer not\u00edcia \u00bb\t\t<\/a>\n\n\t\t\t\t<\/div>\n\t\t\t\t<\/article>\n\t\t\t\t<article class=\"elementor-post elementor-grid-item post-6800 post type-post status-publish format-standard has-post-thumbnail hentry category-blog\" role=\"listitem\">\n\t\t\t\t<a class=\"elementor-post__thumbnail__link\" href=\"https:\/\/aderj.com.br\/index.php\/2023\/03\/24\/reuniao-com-secretario-de-fazenda-do-rio-de-janeiro\/\" tabindex=\"-1\" target=&quot;_blank&quot;>\n\t\t\t<div class=\"elementor-post__thumbnail\"><img loading=\"lazy\" decoding=\"async\" width=\"2000\" height=\"2000\" src=\"https:\/\/aderj.com.br\/wp-content\/uploads\/2023\/03\/24-03-reuniao-ADERJ-E-ASSERJ.jpg\" class=\"attachment-full size-full wp-image-6801\" alt=\"\" srcset=\"https:\/\/aderj.com.br\/wp-content\/uploads\/2023\/03\/24-03-reuniao-ADERJ-E-ASSERJ.jpg 2000w, https:\/\/aderj.com.br\/wp-content\/uploads\/2023\/03\/24-03-reuniao-ADERJ-E-ASSERJ-300x300.jpg 300w, https:\/\/aderj.com.br\/wp-content\/uploads\/2023\/03\/24-03-reuniao-ADERJ-E-ASSERJ-1024x1024.jpg 1024w, https:\/\/aderj.com.br\/wp-content\/uploads\/2023\/03\/24-03-reuniao-ADERJ-E-ASSERJ-150x150.jpg 150w, https:\/\/aderj.com.br\/wp-content\/uploads\/2023\/03\/24-03-reuniao-ADERJ-E-ASSERJ-768x768.jpg 768w, https:\/\/aderj.com.br\/wp-content\/uploads\/2023\/03\/24-03-reuniao-ADERJ-E-ASSERJ-1536x1536.jpg 1536w\" sizes=\"(max-width: 2000px) 100vw, 2000px\" \/><\/div>\n\t\t<\/a>\n\t\t\t\t<div class=\"elementor-post__text\">\n\t\t\t\t<h3 class=\"elementor-post__title\">\n\t\t\t<a href=\"https:\/\/aderj.com.br\/index.php\/2023\/03\/24\/reuniao-com-secretario-de-fazenda-do-rio-de-janeiro\/\" target=&quot;_blank&quot;>\n\t\t\t\tReuni\u00e3o com Secret\u00e1rio de fazenda do Rio de janeiro\t\t\t<\/a>\n\t\t<\/h3>\n\t\t\t\t<div class=\"elementor-post__meta-data\">\n\t\t\t\t\t<span class=\"elementor-post-date\">\n\t\t\t24\/03\/2023\t\t<\/span>\n\t\t\t\t<\/div>\n\t\t\n\t\t<a class=\"elementor-post__read-more\" href=\"https:\/\/aderj.com.br\/index.php\/2023\/03\/24\/reuniao-com-secretario-de-fazenda-do-rio-de-janeiro\/\" aria-label=\"Read more about Reuni\u00e3o com Secret\u00e1rio de fazenda do Rio de janeiro\" tabindex=\"-1\" target=\"_blank\">\n\t\t\tLer not\u00edcia \u00bb\t\t<\/a>\n\n\t\t\t\t<\/div>\n\t\t\t\t<\/article>\n\t\t\t\t<article class=\"elementor-post elementor-grid-item post-6798 post type-post status-publish format-standard has-post-thumbnail hentry category-blog\" role=\"listitem\">\n\t\t\t\t<a class=\"elementor-post__thumbnail__link\" href=\"https:\/\/aderj.com.br\/index.php\/2023\/03\/23\/atencao-carf-adota-entendimento-que-pode-beneficiar-socios-e-diretores-das-sociedades\/\" tabindex=\"-1\" target=&quot;_blank&quot;>\n\t\t\t<div class=\"elementor-post__thumbnail\"><img loading=\"lazy\" decoding=\"async\" width=\"1080\" height=\"1080\" src=\"https:\/\/aderj.com.br\/wp-content\/uploads\/2023\/03\/21-03-craf.jpg\" class=\"attachment-full size-full wp-image-6799\" alt=\"\" srcset=\"https:\/\/aderj.com.br\/wp-content\/uploads\/2023\/03\/21-03-craf.jpg 1080w, https:\/\/aderj.com.br\/wp-content\/uploads\/2023\/03\/21-03-craf-300x300.jpg 300w, https:\/\/aderj.com.br\/wp-content\/uploads\/2023\/03\/21-03-craf-1024x1024.jpg 1024w, https:\/\/aderj.com.br\/wp-content\/uploads\/2023\/03\/21-03-craf-150x150.jpg 150w, https:\/\/aderj.com.br\/wp-content\/uploads\/2023\/03\/21-03-craf-768x768.jpg 768w\" sizes=\"(max-width: 1080px) 100vw, 1080px\" \/><\/div>\n\t\t<\/a>\n\t\t\t\t<div class=\"elementor-post__text\">\n\t\t\t\t<h3 class=\"elementor-post__title\">\n\t\t\t<a href=\"https:\/\/aderj.com.br\/index.php\/2023\/03\/23\/atencao-carf-adota-entendimento-que-pode-beneficiar-socios-e-diretores-das-sociedades\/\" target=&quot;_blank&quot;>\n\t\t\t\tATEN\u00c7\u00c3O: CARF adota entendimento que pode  beneficiar s\u00f3cios e diretores das sociedades.\t\t\t<\/a>\n\t\t<\/h3>\n\t\t\t\t<div class=\"elementor-post__meta-data\">\n\t\t\t\t\t<span class=\"elementor-post-date\">\n\t\t\t23\/03\/2023\t\t<\/span>\n\t\t\t\t<\/div>\n\t\t\n\t\t<a class=\"elementor-post__read-more\" href=\"https:\/\/aderj.com.br\/index.php\/2023\/03\/23\/atencao-carf-adota-entendimento-que-pode-beneficiar-socios-e-diretores-das-sociedades\/\" aria-label=\"Read more about ATEN\u00c7\u00c3O: CARF adota entendimento que pode  beneficiar s\u00f3cios e diretores das sociedades.\" tabindex=\"-1\" target=\"_blank\">\n\t\t\tLer not\u00edcia \u00bb\t\t<\/a>\n\n\t\t\t\t<\/div>\n\t\t\t\t<\/article>\n\t\t\t\t<article class=\"elementor-post elementor-grid-item post-6795 post type-post status-publish format-standard has-post-thumbnail hentry category-blog\" role=\"listitem\">\n\t\t\t\t<a class=\"elementor-post__thumbnail__link\" href=\"https:\/\/aderj.com.br\/index.php\/2023\/03\/21\/6795-2\/\" tabindex=\"-1\" target=&quot;_blank&quot;>\n\t\t\t<div class=\"elementor-post__thumbnail\"><img loading=\"lazy\" decoding=\"async\" width=\"1080\" height=\"1080\" src=\"https:\/\/aderj.com.br\/wp-content\/uploads\/2023\/03\/integra-2023.jpg\" class=\"attachment-full size-full wp-image-6796\" alt=\"\" srcset=\"https:\/\/aderj.com.br\/wp-content\/uploads\/2023\/03\/integra-2023.jpg 1080w, https:\/\/aderj.com.br\/wp-content\/uploads\/2023\/03\/integra-2023-300x300.jpg 300w, https:\/\/aderj.com.br\/wp-content\/uploads\/2023\/03\/integra-2023-1024x1024.jpg 1024w, https:\/\/aderj.com.br\/wp-content\/uploads\/2023\/03\/integra-2023-150x150.jpg 150w, https:\/\/aderj.com.br\/wp-content\/uploads\/2023\/03\/integra-2023-768x768.jpg 768w\" sizes=\"(max-width: 1080px) 100vw, 1080px\" \/><\/div>\n\t\t<\/a>\n\t\t\t\t<div class=\"elementor-post__text\">\n\t\t\t\t<h3 class=\"elementor-post__title\">\n\t\t\t<a href=\"https:\/\/aderj.com.br\/index.php\/2023\/03\/21\/6795-2\/\" target=&quot;_blank&quot;>\n\t\t\t\t\t\t\t<\/a>\n\t\t<\/h3>\n\t\t\t\t<div class=\"elementor-post__meta-data\">\n\t\t\t\t\t<span class=\"elementor-post-date\">\n\t\t\t21\/03\/2023\t\t<\/span>\n\t\t\t\t<\/div>\n\t\t\n\t\t<a class=\"elementor-post__read-more\" href=\"https:\/\/aderj.com.br\/index.php\/2023\/03\/21\/6795-2\/\" aria-label=\"Read more about \" tabindex=\"-1\" target=\"_blank\">\n\t\t\tLer not\u00edcia \u00bb\t\t<\/a>\n\n\t\t\t\t<\/div>\n\t\t\t\t<\/article>\n\t\t\t\t<\/div>\n\t\t\t\t\t<span class=\"e-load-more-spinner\">\n\t\t\t\t<i aria-hidden=\"true\" class=\"fas fa-spinner\"><\/i>\t\t\t<\/span>\n\t\t\n\t\t\t\t<div class=\"e-load-more-anchor\" data-page=\"1\" data-max-page=\"13\" data-next-page=\"https:\/\/aderj.com.br\/index.php\/wp-json\/wp\/v2\/pages\/8766\/page\/2\/\"><\/div>\n\t\t\t\t<div class=\"elementor-button-wrapper\">\n\t\t\t<a class=\"elementor-button elementor-size-sm\" role=\"button\">\n\t\t\t\t\t\t<span class=\"elementor-button-content-wrapper\">\n\t\t\t\t\t\t\t\t\t<span class=\"elementor-button-text\">Carregar Mais<\/span>\n\t\t\t\t\t<\/span>\n\t\t\t\t\t<\/a>\n\t\t<\/div>\n\t\t\t\t<div class=\"e-load-more-message\"><\/div>\n\t\t\t\t\t\t<\/div>\n\t\t\t\t<\/div>\n\t\t\t\t\t<\/div>\n\t\t<\/div>\n\t\t\t\t\t<\/div>\n\t\t<\/section>\n\t\t\t\t<\/div>\n\t\t","protected":false},"excerpt":{"rendered":"<p>Novidades SEJA UMA EMPRESA ASSOCIADA DA ADERJ PROJETO VIDAS PRECIOSAS Resolu\u00e7\u00e3o SEFAZ N\u00ba 654 de 24 de Maio de 2024 Decreto N\u00ba 49.104 de 23 de maio de 2024. RH News 05\/2024 RH News 04 \/ 2024 Resolu\u00e7\u00e3o SEFAZ n\u00b0 636 de 01 de abril de 2024. RH News 03 \/ 2024 ADERJ recebe semin\u00e1rio anual de executivos das 27 filiadas da ABAD, na cidade maravilhosa. Semin\u00e1rio ABAD Filiadas 2024 \u2013 Almo\u00e7o Mocellin Ilha \u2013 05 de mar\u00e7o Hist\u00f3rico de Not\u00edcias do Setor Veja Todas as Not\u00edcias Acompanhe nosso hist\u00f3rico de not\u00edcias para se manter informado<\/p>\n","protected":false},"author":1,"featured_media":0,"parent":0,"menu_order":0,"comment_status":"closed","ping_status":"closed","template":"","meta":{"footnotes":""},"class_list":["post-8766","page","type-page","status-publish","hentry"],"rttpg_featured_image_url":null,"rttpg_author":{"display_name":"ADMIN","author_link":"https:\/\/aderj.com.br\/index.php\/author\/angrarj-com\/"},"rttpg_comment":0,"rttpg_category":"","rttpg_excerpt":"Novidades SEJA UMA EMPRESA ASSOCIADA DA ADERJ PROJETO VIDAS PRECIOSAS Resolu\u00e7\u00e3o SEFAZ N\u00ba 654 de 24 de Maio de 2024 Decreto N\u00ba 49.104 de 23 de maio de 2024. RH News 05\/2024 RH News 04 \/ 2024 Resolu\u00e7\u00e3o SEFAZ n\u00b0 636 de 01 de abril de 2024. RH News 03 \/ 2024 ADERJ recebe semin\u00e1rio&hellip;","_links":{"self":[{"href":"https:\/\/aderj.com.br\/index.php\/wp-json\/wp\/v2\/pages\/8766","targetHints":{"allow":["GET"]}}],"collection":[{"href":"https:\/\/aderj.com.br\/index.php\/wp-json\/wp\/v2\/pages"}],"about":[{"href":"https:\/\/aderj.com.br\/index.php\/wp-json\/wp\/v2\/types\/page"}],"author":[{"embeddable":true,"href":"https:\/\/aderj.com.br\/index.php\/wp-json\/wp\/v2\/users\/1"}],"replies":[{"embeddable":true,"href":"https:\/\/aderj.com.br\/index.php\/wp-json\/wp\/v2\/comments?post=8766"}],"version-history":[{"count":44,"href":"https:\/\/aderj.com.br\/index.php\/wp-json\/wp\/v2\/pages\/8766\/revisions"}],"predecessor-version":[{"id":13640,"href":"https:\/\/aderj.com.br\/index.php\/wp-json\/wp\/v2\/pages\/8766\/revisions\/13640"}],"wp:attachment":[{"href":"https:\/\/aderj.com.br\/index.php\/wp-json\/wp\/v2\/media?parent=8766"}],"curies":[{"name":"wp","href":"https:\/\/api.w.org\/{rel}","templated":true}]}}