{"id":1439,"date":"2024-02-28T17:42:39","date_gmt":"2024-02-28T20:42:39","guid":{"rendered":"https:\/\/unioncityrp.com\/aderj\/\/?page_id=1439"},"modified":"2024-07-21T16:40:30","modified_gmt":"2024-07-21T19:40:30","slug":"treinamentos","status":"publish","type":"page","link":"https:\/\/aderj.com.br\/index.php\/treinamentos\/","title":{"rendered":"Treinamentos"},"content":{"rendered":"\t\t<div data-elementor-type=\"wp-page\" data-elementor-id=\"1439\" class=\"elementor elementor-1439\" data-elementor-post-type=\"page\">\n\t\t\t\t\t\t<section class=\"elementor-section elementor-top-section elementor-element elementor-element-74598ae elementor-section-boxed elementor-section-height-default elementor-section-height-default wpr-particle-no wpr-jarallax-no wpr-parallax-no wpr-sticky-section-no\" data-id=\"74598ae\" data-element_type=\"section\">\n\t\t\t\t\t\t<div class=\"elementor-container elementor-column-gap-default\">\n\t\t\t\t\t<div class=\"elementor-column elementor-col-50 elementor-top-column elementor-element elementor-element-1df5107\" data-id=\"1df5107\" data-element_type=\"column\">\n\t\t\t<div class=\"elementor-widget-wrap elementor-element-populated\">\n\t\t\t\t\t\t<div class=\"elementor-element elementor-element-d487ff7 elementor-widget__width-initial elementor-absolute elementor-widget elementor-widget-image\" data-id=\"d487ff7\" data-element_type=\"widget\" data-settings=\"{&quot;_position&quot;:&quot;absolute&quot;}\" data-widget_type=\"image.default\">\n\t\t\t\t<div class=\"elementor-widget-container\">\n\t\t\t\t\t\t\t\t\t\t\t\t\t\t\t<img fetchpriority=\"high\" decoding=\"async\" width=\"422\" height=\"302\" src=\"https:\/\/aderj.com.br\/wp-content\/uploads\/2024\/05\/stock-vector-rio-de-janeiro-landmarks-and-top-places-to-visit-line-icons-vector-set-of-most-popular-city-454749025-Convertido-6-e1714762294351.png\" class=\"attachment-full size-full wp-image-2831\" alt=\"\" \/>\t\t\t\t\t\t\t\t\t\t\t\t\t\t\t<\/div>\n\t\t\t\t<\/div>\n\t\t\t\t\t<\/div>\n\t\t<\/div>\n\t\t\t\t<div class=\"elementor-column elementor-col-50 elementor-top-column elementor-element elementor-element-278d29d\" data-id=\"278d29d\" data-element_type=\"column\">\n\t\t\t<div class=\"elementor-widget-wrap\">\n\t\t\t\t\t\t\t<\/div>\n\t\t<\/div>\n\t\t\t\t\t<\/div>\n\t\t<\/section>\n\t\t\t\t<section class=\"elementor-section elementor-top-section elementor-element elementor-element-1f55403 elementor-section-boxed elementor-section-height-default elementor-section-height-default wpr-particle-no wpr-jarallax-no wpr-parallax-no wpr-sticky-section-no\" data-id=\"1f55403\" data-element_type=\"section\" data-settings=\"{&quot;background_background&quot;:&quot;classic&quot;}\">\n\t\t\t\t\t\t\t<div class=\"elementor-background-overlay\"><\/div>\n\t\t\t\t\t\t\t<div class=\"elementor-container elementor-column-gap-default\">\n\t\t\t\t\t<div class=\"elementor-column elementor-col-50 elementor-top-column elementor-element elementor-element-da3ac9d\" data-id=\"da3ac9d\" data-element_type=\"column\">\n\t\t\t<div class=\"elementor-widget-wrap elementor-element-populated\">\n\t\t\t\t\t\t<div class=\"elementor-element elementor-element-af308ad elementor-widget__width-initial elementor-widget elementor-widget-spacer\" data-id=\"af308ad\" data-element_type=\"widget\" data-widget_type=\"spacer.default\">\n\t\t\t\t<div class=\"elementor-widget-container\">\n\t\t\t\t\t\t\t<div class=\"elementor-spacer\">\n\t\t\t<div class=\"elementor-spacer-inner\"><\/div>\n\t\t<\/div>\n\t\t\t\t\t\t<\/div>\n\t\t\t\t<\/div>\n\t\t\t\t\t<\/div>\n\t\t<\/div>\n\t\t\t\t<div class=\"elementor-column elementor-col-50 elementor-top-column elementor-element elementor-element-c63fff6\" data-id=\"c63fff6\" data-element_type=\"column\">\n\t\t\t<div class=\"elementor-widget-wrap elementor-element-populated\">\n\t\t\t\t\t\t<div class=\"elementor-element elementor-element-3f58d8a elementor-widget__width-initial elementor-absolute elementor-widget elementor-widget-image\" data-id=\"3f58d8a\" data-element_type=\"widget\" data-settings=\"{&quot;_position&quot;:&quot;absolute&quot;}\" data-widget_type=\"image.default\">\n\t\t\t\t<div class=\"elementor-widget-container\">\n\t\t\t\t\t\t\t\t\t\t\t\t\t\t\t<img decoding=\"async\" width=\"644\" height=\"662\" src=\"https:\/\/aderj.com.br\/wp-content\/uploads\/2024\/05\/Mascara3-Treinamento.png\" class=\"attachment-full size-full wp-image-3727\" alt=\"\" \/>\t\t\t\t\t\t\t\t\t\t\t\t\t\t\t<\/div>\n\t\t\t\t<\/div>\n\t\t\t\t<div class=\"elementor-element elementor-element-a92b02a elementor-widget__width-initial elementor-widget elementor-widget-text-editor\" data-id=\"a92b02a\" data-element_type=\"widget\" data-widget_type=\"text-editor.default\">\n\t\t\t\t<div class=\"elementor-widget-container\">\n\t\t\t\t\t\t\t\t\t<p>Em parceria com outras institui\u00e7\u00f5es a ADERJ oferece aos colaboradores de suas associadas treinamentos, capacita\u00e7\u00e3o e oportunidades de crescimento pessoal e profissional.<\/p><p>Com o avan\u00e7o de novas tecnologias, a atualiza\u00e7\u00e3o no mercado de trabalho e essencial para o crescimento<br \/>profissional.<\/p><p>Conhe\u00e7a alguns de nossos parceiros:<\/p>\t\t\t\t\t\t\t\t<\/div>\n\t\t\t\t<\/div>\n\t\t\t\t<div class=\"elementor-element elementor-element-09f2547 bdt-carousel-style-coverflow elementor-widget__width-initial bdt-pagination-hide-yes elementor-widget elementor-widget-prime-slider-tango\" data-id=\"09f2547\" data-element_type=\"widget\" data-widget_type=\"prime-slider-tango.default\">\n\t\t\t\t<div class=\"elementor-widget-container\">\n\t\t\t\t\t\t\t<div class=\"bdt-prime-slider\">\n\t\t<div id=\"bdt-prime-slider-09f2547\" class=\"bdt-prime-slider-tango elementor-swiper\" bdt-height-match=\"target: &gt; div &gt; div &gt; div &gt; .bdt-slider-item\" data-settings=\"{&quot;autoplay&quot;:{&quot;delay&quot;:5000},&quot;loop&quot;:true,&quot;speed&quot;:900,&quot;slidesPerView&quot;:1,&quot;slidesPerGroup&quot;:1,&quot;centeredSlides&quot;:true,&quot;grabCursor&quot;:true,&quot;effect&quot;:&quot;coverflow&quot;,&quot;breakpoints&quot;:{&quot;768&quot;:{&quot;slidesPerView&quot;:2,&quot;spaceBetween&quot;:0,&quot;slidesPerGroup&quot;:1},&quot;1024&quot;:{&quot;slidesPerView&quot;:1,&quot;spaceBetween&quot;:35,&quot;slidesPerGroup&quot;:1}},&quot;navigation&quot;:{&quot;nextEl&quot;:&quot;#bdt-prime-slider-09f2547 .bdt-navigation-next&quot;,&quot;prevEl&quot;:&quot;#bdt-prime-slider-09f2547 .bdt-navigation-prev&quot;},&quot;pagination&quot;:{&quot;el&quot;:&quot;#bdt-prime-slider-09f2547 .swiper-pagination&quot;,&quot;clickable&quot;:&quot;true&quot;},&quot;coverflowEffect&quot;:{&quot;rotate&quot;:0,&quot;stretch&quot;:180,&quot;depth&quot;:100,&quot;modifier&quot;:1,&quot;slideShadows&quot;:true}}\">\n\t\t\t<div class=\"swiper-tango swiper\" role=\"region\" aria-roledescription=\"carousel\" aria-label=\"Tango Slider\" dir=\"ltr\">\n\t\t\t\t<div class=\"swiper-wrapper\">\n\t\t\n            <div class=\"swiper-slide bdt-item\">\n\t\t\t\t<div class=\"bdt-image-wrap\">\n\t\t\t\t\t<img width=\"1417\" height=\"1417\" src=\"https:\/\/aderj.com.br\/wp-content\/uploads\/2024\/07\/20220914_105111a.jpg\" class=\"bdt-img\" alt=\"\" decoding=\"async\" srcset=\"https:\/\/aderj.com.br\/wp-content\/uploads\/2024\/07\/20220914_105111a.jpg 1417w, https:\/\/aderj.com.br\/wp-content\/uploads\/2024\/07\/20220914_105111a-300x300.jpg 300w, https:\/\/aderj.com.br\/wp-content\/uploads\/2024\/07\/20220914_105111a-1024x1024.jpg 1024w, https:\/\/aderj.com.br\/wp-content\/uploads\/2024\/07\/20220914_105111a-150x150.jpg 150w, https:\/\/aderj.com.br\/wp-content\/uploads\/2024\/07\/20220914_105111a-768x768.jpg 768w\" sizes=\"(max-width: 1417px) 100vw, 1417px\" \/>\t\t\t\t<\/div>\n\t\t\t\t<div class=\"bdt-content-wrap\">\n\n\t\t\t\t\n\t\t\t\t\t\t\t\t\t<\/div>\n\t\t\t\t\t\t\t<\/div>\n\n        \n            <div class=\"swiper-slide bdt-item\">\n\t\t\t\t<div class=\"bdt-image-wrap\">\n\t\t\t\t\t<img loading=\"lazy\" width=\"2048\" height=\"1365\" src=\"https:\/\/aderj.com.br\/wp-content\/uploads\/2024\/07\/DSCF4072.jpg\" class=\"bdt-img\" alt=\"\" decoding=\"async\" srcset=\"https:\/\/aderj.com.br\/wp-content\/uploads\/2024\/07\/DSCF4072.jpg 2048w, https:\/\/aderj.com.br\/wp-content\/uploads\/2024\/07\/DSCF4072-1536x1024.jpg 1536w\" sizes=\"(max-width: 2048px) 100vw, 2048px\" \/>\t\t\t\t<\/div>\n\t\t\t\t<div class=\"bdt-content-wrap\">\n\n\t\t\t\t\n\t\t\t\t\t\t\t\t\t<\/div>\n\t\t\t\t\t\t\t<\/div>\n\n        \n            <div class=\"swiper-slide bdt-item\">\n\t\t\t\t<div class=\"bdt-image-wrap\">\n\t\t\t\t\t<img loading=\"lazy\" width=\"1063\" height=\"1417\" src=\"https:\/\/aderj.com.br\/wp-content\/uploads\/2024\/07\/20220824_144927a.jpg\" class=\"bdt-img\" alt=\"\" decoding=\"async\" \/>\t\t\t\t<\/div>\n\t\t\t\t<div class=\"bdt-content-wrap\">\n\n\t\t\t\t\n\t\t\t\t\t\t\t\t\t<\/div>\n\t\t\t\t\t\t\t<\/div>\n\n        \n            <div class=\"swiper-slide bdt-item\">\n\t\t\t\t<div class=\"bdt-image-wrap\">\n\t\t\t\t\t<img loading=\"lazy\" width=\"2560\" height=\"2560\" src=\"https:\/\/aderj.com.br\/wp-content\/uploads\/2024\/07\/20230322_102323-scaled.jpg\" class=\"bdt-img\" alt=\"\" decoding=\"async\" srcset=\"https:\/\/aderj.com.br\/wp-content\/uploads\/2024\/07\/20230322_102323-scaled.jpg 2560w, https:\/\/aderj.com.br\/wp-content\/uploads\/2024\/07\/20230322_102323-300x300.jpg 300w, https:\/\/aderj.com.br\/wp-content\/uploads\/2024\/07\/20230322_102323-1024x1024.jpg 1024w, https:\/\/aderj.com.br\/wp-content\/uploads\/2024\/07\/20230322_102323-150x150.jpg 150w, https:\/\/aderj.com.br\/wp-content\/uploads\/2024\/07\/20230322_102323-768x768.jpg 768w, https:\/\/aderj.com.br\/wp-content\/uploads\/2024\/07\/20230322_102323-1536x1536.jpg 1536w, https:\/\/aderj.com.br\/wp-content\/uploads\/2024\/07\/20230322_102323-2048x2048.jpg 2048w\" sizes=\"(max-width: 2560px) 100vw, 2560px\" \/>\t\t\t\t<\/div>\n\t\t\t\t<div class=\"bdt-content-wrap\">\n\n\t\t\t\t\n\t\t\t\t\t\t\t\t\t<\/div>\n\t\t\t\t\t\t\t<\/div>\n\n        \n            <div class=\"swiper-slide bdt-item\">\n\t\t\t\t<div class=\"bdt-image-wrap\">\n\t\t\t\t\t<img loading=\"lazy\" width=\"1600\" height=\"1600\" src=\"https:\/\/aderj.com.br\/wp-content\/uploads\/2024\/07\/IMG-20230118-WA0076.jpg\" class=\"bdt-img\" alt=\"\" decoding=\"async\" srcset=\"https:\/\/aderj.com.br\/wp-content\/uploads\/2024\/07\/IMG-20230118-WA0076.jpg 1600w, https:\/\/aderj.com.br\/wp-content\/uploads\/2024\/07\/IMG-20230118-WA0076-300x300.jpg 300w, https:\/\/aderj.com.br\/wp-content\/uploads\/2024\/07\/IMG-20230118-WA0076-1024x1024.jpg 1024w, https:\/\/aderj.com.br\/wp-content\/uploads\/2024\/07\/IMG-20230118-WA0076-150x150.jpg 150w, https:\/\/aderj.com.br\/wp-content\/uploads\/2024\/07\/IMG-20230118-WA0076-768x768.jpg 768w, https:\/\/aderj.com.br\/wp-content\/uploads\/2024\/07\/IMG-20230118-WA0076-1536x1536.jpg 1536w\" sizes=\"(max-width: 1600px) 100vw, 1600px\" \/>\t\t\t\t<\/div>\n\t\t\t\t<div class=\"bdt-content-wrap\">\n\n\t\t\t\t\n\t\t\t\t\t\t\t\t\t<\/div>\n\t\t\t\t\t\t\t<\/div>\n\n        \n            <div class=\"swiper-slide bdt-item\">\n\t\t\t\t<div class=\"bdt-image-wrap\">\n\t\t\t\t\t<img loading=\"lazy\" width=\"1280\" height=\"605\" src=\"https:\/\/aderj.com.br\/wp-content\/uploads\/2024\/05\/WhatsApp-Image-2019-10-26-at-14.51.41.jpeg\" class=\"bdt-img\" alt=\"\" decoding=\"async\" \/>\t\t\t\t<\/div>\n\t\t\t\t<div class=\"bdt-content-wrap\">\n\n\t\t\t\t\n\t\t\t\t\t\t\t\t\t<\/div>\n\t\t\t\t\t\t\t<\/div>\n\n        \n            <div class=\"swiper-slide bdt-item\">\n\t\t\t\t<div class=\"bdt-image-wrap\">\n\t\t\t\t\t<img loading=\"lazy\" width=\"1280\" height=\"853\" src=\"https:\/\/aderj.com.br\/wp-content\/uploads\/2024\/05\/WhatsApp-Image-2020-04-27-at-10.06.50-1.jpeg\" class=\"bdt-img\" alt=\"\" decoding=\"async\" \/>\t\t\t\t<\/div>\n\t\t\t\t<div class=\"bdt-content-wrap\">\n\n\t\t\t\t\n\t\t\t\t\t\t\t\t\t<\/div>\n\t\t\t\t\t\t\t<\/div>\n\n        \n            <div class=\"swiper-slide bdt-item\">\n\t\t\t\t<div class=\"bdt-image-wrap\">\n\t\t\t\t\t<img loading=\"lazy\" width=\"1280\" height=\"853\" src=\"https:\/\/aderj.com.br\/wp-content\/uploads\/2024\/05\/WhatsApp-Image-2020-04-27-at-10.06.50-2.jpeg\" class=\"bdt-img\" alt=\"\" decoding=\"async\" \/>\t\t\t\t<\/div>\n\t\t\t\t<div class=\"bdt-content-wrap\">\n\n\t\t\t\t\n\t\t\t\t\t\t\t\t\t<\/div>\n\t\t\t\t\t\t\t<\/div>\n\n        \t\t\t\t<\/div>\n\t\t\t<\/div>\n\t\t\t\n\t\t\t\t\t\t\t\t\t\n\t\t\t<div class=\"swiper-pagination reveal-muted\"><\/div>\n\t\t\t<!-- <div class=\"swiper-scrollbar\"><\/div> -->\n\t\t\t\n\t\t\t\t\t\t\t\t\n\t\t\t\t\t\t<div class=\"bdt-arrows-center bdt-navigation-arrows bdt-position-z-index reveal-muted\">\n\t\t\t\t<div class=\"bdt-navigation-prev bdt-slidenav\"><i class=\"ps-wi-arrow-left-5\"><\/i><\/div>\n\t\t\t\t<div class=\"bdt-navigation-next bdt-slidenav\"><i class=\"ps-wi-arrow-right-5\"><\/i><\/div>\n\t\t\t<\/div>\n\t\t\t\n\t\t\t\t<\/div>\n\t\t<\/div>\n\n\t\t\t\t\t\t<\/div>\n\t\t\t\t<\/div>\n\t\t\t\t\t<\/div>\n\t\t<\/div>\n\t\t\t\t\t<\/div>\n\t\t<\/section>\n\t\t\t\t<section class=\"elementor-section elementor-top-section elementor-element elementor-element-71b641c elementor-section-boxed elementor-section-height-default elementor-section-height-default wpr-particle-no wpr-jarallax-no wpr-parallax-no wpr-sticky-section-no\" data-id=\"71b641c\" data-element_type=\"section\">\n\t\t\t\t\t\t<div class=\"elementor-container elementor-column-gap-default\">\n\t\t\t\t\t<div class=\"elementor-column elementor-col-33 elementor-top-column elementor-element elementor-element-5b77383\" data-id=\"5b77383\" data-element_type=\"column\">\n\t\t\t<div class=\"elementor-widget-wrap elementor-element-populated\">\n\t\t\t\t\t\t<div class=\"elementor-element elementor-element-0d9f714 elementor-widget__width-initial elementor-absolute elementor-widget elementor-widget-image\" data-id=\"0d9f714\" data-element_type=\"widget\" data-settings=\"{&quot;_position&quot;:&quot;absolute&quot;}\" data-widget_type=\"image.default\">\n\t\t\t\t<div class=\"elementor-widget-container\">\n\t\t\t\t\t\t\t\t\t\t\t\t\t\t\t\t<a href=\"https:\/\/posgraduacao.fdc.org.br\/\" target=\"_blank\">\n\t\t\t\t\t\t\t<img loading=\"lazy\" decoding=\"async\" width=\"233\" height=\"166\" src=\"https:\/\/aderj.com.br\/wp-content\/uploads\/2024\/05\/zddm2qzcb7ay6f5zz626dlz6y8cz.png\" class=\"attachment-large size-large wp-image-3735\" alt=\"\" \/>\t\t\t\t\t\t\t\t<\/a>\n\t\t\t\t\t\t\t\t\t\t\t\t\t\t\t<\/div>\n\t\t\t\t<\/div>\n\t\t\t\t\t<\/div>\n\t\t<\/div>\n\t\t\t\t<div class=\"elementor-column elementor-col-66 elementor-top-column elementor-element elementor-element-6266440\" data-id=\"6266440\" data-element_type=\"column\">\n\t\t\t<div class=\"elementor-widget-wrap elementor-element-populated\">\n\t\t\t\t\t\t<div class=\"elementor-element elementor-element-d4610ce elementor-widget elementor-widget-text-editor\" data-id=\"d4610ce\" data-element_type=\"widget\" data-widget_type=\"text-editor.default\">\n\t\t\t\t<div class=\"elementor-widget-container\">\n\t\t\t\t\t\t\t\t\t<p><strong>Funda\u00e7\u00e3o Dom Cabral<\/strong> \u2013 A SISEN, associada \u00e0 Funda\u00e7\u00e3o Dom Cabral desde 2009 no Estado do Rio de Janeiro, apoia organiza\u00e7\u00f5es que visam o desenvolvimento das empresas, dos executivos e empres\u00e1rios, versada no di\u00e1logo e no comprometimento, atrav\u00e9s da educa\u00e7\u00e3o.<\/p>\t\t\t\t\t\t\t\t<\/div>\n\t\t\t\t<\/div>\n\t\t\t\t\t<\/div>\n\t\t<\/div>\n\t\t\t\t\t<\/div>\n\t\t<\/section>\n\t\t\t\t<section class=\"elementor-section elementor-top-section elementor-element elementor-element-75f1f92 elementor-section-boxed elementor-section-height-default elementor-section-height-default wpr-particle-no wpr-jarallax-no wpr-parallax-no wpr-sticky-section-no\" data-id=\"75f1f92\" data-element_type=\"section\">\n\t\t\t\t\t\t<div class=\"elementor-container elementor-column-gap-default\">\n\t\t\t\t\t<div class=\"elementor-column elementor-col-33 elementor-top-column elementor-element elementor-element-d25ea68\" data-id=\"d25ea68\" data-element_type=\"column\">\n\t\t\t<div class=\"elementor-widget-wrap elementor-element-populated\">\n\t\t\t\t\t\t<div class=\"elementor-element elementor-element-c685ecc elementor-widget__width-initial elementor-absolute elementor-widget elementor-widget-image\" data-id=\"c685ecc\" data-element_type=\"widget\" data-settings=\"{&quot;_position&quot;:&quot;absolute&quot;}\" data-widget_type=\"image.default\">\n\t\t\t\t<div class=\"elementor-widget-container\">\n\t\t\t\t\t\t\t\t\t\t\t\t\t\t\t\t<a href=\"https:\/\/www.rj.senac.br\/\" target=\"_blank\">\n\t\t\t\t\t\t\t<img loading=\"lazy\" decoding=\"async\" width=\"1503\" height=\"881\" src=\"https:\/\/aderj.com.br\/wp-content\/uploads\/2024\/05\/logo-senac-vertical-cor.png\" class=\"attachment-full size-full wp-image-3737\" alt=\"\" \/>\t\t\t\t\t\t\t\t<\/a>\n\t\t\t\t\t\t\t\t\t\t\t\t\t\t\t<\/div>\n\t\t\t\t<\/div>\n\t\t\t\t\t<\/div>\n\t\t<\/div>\n\t\t\t\t<div class=\"elementor-column elementor-col-66 elementor-top-column elementor-element elementor-element-c6ecc1a\" data-id=\"c6ecc1a\" data-element_type=\"column\">\n\t\t\t<div class=\"elementor-widget-wrap elementor-element-populated\">\n\t\t\t\t\t\t<div class=\"elementor-element elementor-element-57380ca elementor-widget elementor-widget-text-editor\" data-id=\"57380ca\" data-element_type=\"widget\" data-widget_type=\"text-editor.default\">\n\t\t\t\t<div class=\"elementor-widget-container\">\n\t\t\t\t\t\t\t\t\t<p><b>SENAC RJ<\/b> \u2013 Refer\u00eancia em ensino profissionalizante, \u00e9 uma institui\u00e7\u00e3o com mais de 70 anos de dedica\u00e7\u00e3o e variedade de cursos presenciais e a dist\u00e2ncia desenvolvidos de acordo com as exig\u00eancias do mercado de trabalho, sempre modernizar suprindo a necessidade do profissional.<\/p><p>\u00a0<\/p>\t\t\t\t\t\t\t\t<\/div>\n\t\t\t\t<\/div>\n\t\t\t\t\t<\/div>\n\t\t<\/div>\n\t\t\t\t\t<\/div>\n\t\t<\/section>\n\t\t\t\t<section class=\"elementor-section elementor-top-section elementor-element elementor-element-7a7a663 elementor-section-boxed elementor-section-height-default elementor-section-height-default wpr-particle-no wpr-jarallax-no wpr-parallax-no wpr-sticky-section-no\" data-id=\"7a7a663\" data-element_type=\"section\">\n\t\t\t\t\t\t<div class=\"elementor-container elementor-column-gap-default\">\n\t\t\t\t\t<div class=\"elementor-column elementor-col-33 elementor-top-column elementor-element elementor-element-8feefd8\" data-id=\"8feefd8\" data-element_type=\"column\">\n\t\t\t<div class=\"elementor-widget-wrap elementor-element-populated\">\n\t\t\t\t\t\t<div class=\"elementor-element elementor-element-4ff14f7 elementor-widget__width-initial elementor-absolute elementor-widget elementor-widget-image\" data-id=\"4ff14f7\" data-element_type=\"widget\" data-settings=\"{&quot;_position&quot;:&quot;absolute&quot;}\" data-widget_type=\"image.default\">\n\t\t\t\t<div class=\"elementor-widget-container\">\n\t\t\t\t\t\t\t\t\t\t\t\t\t\t\t\t<a href=\"https:\/\/www.correaelopes.com.br\/single-post\/curso-t%C3%A9cnico-lopes-teixeira-36\" target=\"_blank\">\n\t\t\t\t\t\t\t<img loading=\"lazy\" decoding=\"async\" width=\"296\" height=\"298\" src=\"https:\/\/aderj.com.br\/wp-content\/uploads\/2024\/05\/GRUPO-VIRIATO-Logo-Correa-e-Lopes_BCOVER1.webp\" class=\"attachment-full size-full wp-image-3738\" alt=\"\" srcset=\"https:\/\/aderj.com.br\/wp-content\/uploads\/2024\/05\/GRUPO-VIRIATO-Logo-Correa-e-Lopes_BCOVER1.webp 296w, https:\/\/aderj.com.br\/wp-content\/uploads\/2024\/05\/GRUPO-VIRIATO-Logo-Correa-e-Lopes_BCOVER1-150x150.webp 150w\" sizes=\"(max-width: 296px) 100vw, 296px\" \/>\t\t\t\t\t\t\t\t<\/a>\n\t\t\t\t\t\t\t\t\t\t\t\t\t\t\t<\/div>\n\t\t\t\t<\/div>\n\t\t\t\t\t<\/div>\n\t\t<\/div>\n\t\t\t\t<div class=\"elementor-column elementor-col-66 elementor-top-column elementor-element elementor-element-c6e38a0\" data-id=\"c6e38a0\" data-element_type=\"column\">\n\t\t\t<div class=\"elementor-widget-wrap elementor-element-populated\">\n\t\t\t\t\t\t<div class=\"elementor-element elementor-element-902e363 elementor-widget elementor-widget-text-editor\" data-id=\"902e363\" data-element_type=\"widget\" data-widget_type=\"text-editor.default\">\n\t\t\t\t<div class=\"elementor-widget-container\">\n\t\t\t\t\t\t\t\t\t<p><strong>Curso T\u00e9cnico Lopes Teixeira<\/strong> \u2013 Criado em mar\u00e7o de 2021, o Curso T\u00e9cnico Lopes Teixeira visa a capacita\u00e7\u00e3o de pessoas para o mercado de trabalho, com Certifica\u00e7\u00e3o de Conclus\u00e3o aprovado pelo MEC, preparando jovens, principalmente que se encontram com baixa renda, e reinserir colaboradores que atuaram na \u00e1rea comercial a aprender e aperfei\u00e7oar suas a\u00e7\u00f5es.<\/p>\t\t\t\t\t\t\t\t<\/div>\n\t\t\t\t<\/div>\n\t\t\t\t\t<\/div>\n\t\t<\/div>\n\t\t\t\t\t<\/div>\n\t\t<\/section>\n\t\t\t\t<\/div>\n\t\t","protected":false},"excerpt":{"rendered":"<p>Em parceria com outras institui\u00e7\u00f5es a ADERJ oferece aos colaboradores de suas associadas treinamentos, capacita\u00e7\u00e3o e oportunidades de crescimento pessoal e profissional. Com o avan\u00e7o de novas tecnologias, a atualiza\u00e7\u00e3o no mercado de trabalho e essencial para o crescimentoprofissional. Conhe\u00e7a alguns de nossos parceiros: Funda\u00e7\u00e3o Dom Cabral \u2013 A SISEN, associada \u00e0 Funda\u00e7\u00e3o Dom Cabral desde 2009 no Estado do Rio de Janeiro, apoia organiza\u00e7\u00f5es que visam o desenvolvimento das empresas, dos executivos e empres\u00e1rios, versada no di\u00e1logo e no comprometimento, atrav\u00e9s da educa\u00e7\u00e3o. SENAC RJ \u2013 Refer\u00eancia em ensino profissionalizante, \u00e9 uma institui\u00e7\u00e3o com mais de 70 anos de dedica\u00e7\u00e3o e variedade de cursos presenciais e a dist\u00e2ncia desenvolvidos de acordo com as exig\u00eancias do mercado de trabalho, sempre modernizar suprindo a necessidade do profissional. \u00a0 Curso T\u00e9cnico Lopes Teixeira \u2013 Criado em mar\u00e7o de 2021, o Curso T\u00e9cnico Lopes Teixeira visa a capacita\u00e7\u00e3o de pessoas para o mercado de trabalho, com Certifica\u00e7\u00e3o de Conclus\u00e3o aprovado pelo MEC, preparando jovens, principalmente que se encontram com baixa renda, e reinserir colaboradores que atuaram na \u00e1rea comercial a aprender e aperfei\u00e7oar suas a\u00e7\u00f5es.<\/p>\n","protected":false},"author":1,"featured_media":0,"parent":0,"menu_order":0,"comment_status":"closed","ping_status":"closed","template":"","meta":{"footnotes":""},"class_list":["post-1439","page","type-page","status-publish","hentry"],"rttpg_featured_image_url":null,"rttpg_author":{"display_name":"ADMIN","author_link":"https:\/\/aderj.com.br\/index.php\/author\/angrarj-com\/"},"rttpg_comment":0,"rttpg_category":null,"rttpg_excerpt":"Em parceria com outras institui\u00e7\u00f5es a ADERJ oferece aos colaboradores de suas associadas treinamentos, capacita\u00e7\u00e3o e oportunidades de crescimento pessoal e profissional. Com o avan\u00e7o de novas tecnologias, a atualiza\u00e7\u00e3o no mercado de trabalho e essencial para o crescimentoprofissional. Conhe\u00e7a alguns de nossos parceiros: Funda\u00e7\u00e3o Dom Cabral \u2013 A SISEN, associada \u00e0 Funda\u00e7\u00e3o Dom Cabral&hellip;","_links":{"self":[{"href":"https:\/\/aderj.com.br\/index.php\/wp-json\/wp\/v2\/pages\/1439","targetHints":{"allow":["GET"]}}],"collection":[{"href":"https:\/\/aderj.com.br\/index.php\/wp-json\/wp\/v2\/pages"}],"about":[{"href":"https:\/\/aderj.com.br\/index.php\/wp-json\/wp\/v2\/types\/page"}],"author":[{"embeddable":true,"href":"https:\/\/aderj.com.br\/index.php\/wp-json\/wp\/v2\/users\/1"}],"replies":[{"embeddable":true,"href":"https:\/\/aderj.com.br\/index.php\/wp-json\/wp\/v2\/comments?post=1439"}],"version-history":[{"count":65,"href":"https:\/\/aderj.com.br\/index.php\/wp-json\/wp\/v2\/pages\/1439\/revisions"}],"predecessor-version":[{"id":14960,"href":"https:\/\/aderj.com.br\/index.php\/wp-json\/wp\/v2\/pages\/1439\/revisions\/14960"}],"wp:attachment":[{"href":"https:\/\/aderj.com.br\/index.php\/wp-json\/wp\/v2\/media?parent=1439"}],"curies":[{"name":"wp","href":"https:\/\/api.w.org\/{rel}","templated":true}]}}