{"id":1411,"date":"2024-02-28T17:38:55","date_gmt":"2024-02-28T20:38:55","guid":{"rendered":"https:\/\/unioncityrp.com\/aderj\/\/?page_id=1411"},"modified":"2024-07-02T19:31:08","modified_gmt":"2024-07-02T22:31:08","slug":"abad-news","status":"publish","type":"page","link":"https:\/\/aderj.com.br\/index.php\/abad-news\/","title":{"rendered":"ABAD News"},"content":{"rendered":"\t\t<div data-elementor-type=\"wp-page\" data-elementor-id=\"1411\" class=\"elementor elementor-1411\" data-elementor-post-type=\"page\">\n\t\t\t\t\t\t<section class=\"elementor-section elementor-top-section elementor-element elementor-element-9b5b97d elementor-section-boxed elementor-section-height-default elementor-section-height-default wpr-particle-no wpr-jarallax-no wpr-parallax-no wpr-sticky-section-no\" data-id=\"9b5b97d\" data-element_type=\"section\">\n\t\t\t\t\t\t<div class=\"elementor-container elementor-column-gap-default\">\n\t\t\t\t\t<div class=\"elementor-column elementor-col-50 elementor-top-column elementor-element elementor-element-56941a7\" data-id=\"56941a7\" data-element_type=\"column\">\n\t\t\t<div class=\"elementor-widget-wrap elementor-element-populated\">\n\t\t\t\t\t\t<div class=\"elementor-element elementor-element-7081217 elementor-widget__width-initial elementor-absolute elementor-widget elementor-widget-image\" data-id=\"7081217\" data-element_type=\"widget\" data-settings=\"{&quot;_position&quot;:&quot;absolute&quot;}\" data-widget_type=\"image.default\">\n\t\t\t\t<div class=\"elementor-widget-container\">\n\t\t\t\t\t\t\t\t\t\t\t\t\t\t\t<img fetchpriority=\"high\" decoding=\"async\" width=\"470\" height=\"265\" src=\"https:\/\/aderj.com.br\/wp-content\/uploads\/2024\/05\/stock-vector-rio-de-janeiro-landmarks-and-top-places-to-visit-line-icons-vector-set-of-most-popular-city-454749025-Convertido-8-e1714762324130.png\" class=\"attachment-full size-full wp-image-2833\" alt=\"\" \/>\t\t\t\t\t\t\t\t\t\t\t\t\t\t\t<\/div>\n\t\t\t\t<\/div>\n\t\t\t\t\t<\/div>\n\t\t<\/div>\n\t\t\t\t<div class=\"elementor-column elementor-col-50 elementor-top-column elementor-element elementor-element-c8b2a9d\" data-id=\"c8b2a9d\" data-element_type=\"column\">\n\t\t\t<div class=\"elementor-widget-wrap elementor-element-populated\">\n\t\t\t\t\t\t<div class=\"elementor-element elementor-element-1714a95 elementor-widget elementor-widget-spacer\" data-id=\"1714a95\" data-element_type=\"widget\" data-widget_type=\"spacer.default\">\n\t\t\t\t<div class=\"elementor-widget-container\">\n\t\t\t\t\t\t\t<div class=\"elementor-spacer\">\n\t\t\t<div class=\"elementor-spacer-inner\"><\/div>\n\t\t<\/div>\n\t\t\t\t\t\t<\/div>\n\t\t\t\t<\/div>\n\t\t\t\t\t<\/div>\n\t\t<\/div>\n\t\t\t\t\t<\/div>\n\t\t<\/section>\n\t\t\t\t<section class=\"elementor-section elementor-top-section elementor-element elementor-element-b88c456 elementor-section-boxed elementor-section-height-default elementor-section-height-default wpr-particle-no wpr-jarallax-no wpr-parallax-no wpr-sticky-section-no\" data-id=\"b88c456\" data-element_type=\"section\">\n\t\t\t\t\t\t<div class=\"elementor-container elementor-column-gap-default\">\n\t\t\t\t\t<div class=\"elementor-column elementor-col-100 elementor-top-column elementor-element elementor-element-b13b850\" data-id=\"b13b850\" data-element_type=\"column\">\n\t\t\t<div class=\"elementor-widget-wrap elementor-element-populated\">\n\t\t\t\t\t\t<div class=\"elementor-element elementor-element-1effd62 elementor-widget__width-initial elementor-absolute elementor-widget elementor-widget-image\" data-id=\"1effd62\" data-element_type=\"widget\" data-settings=\"{&quot;_position&quot;:&quot;absolute&quot;}\" data-widget_type=\"image.default\">\n\t\t\t\t<div class=\"elementor-widget-container\">\n\t\t\t\t\t\t\t\t\t\t\t\t\t\t\t<img decoding=\"async\" width=\"1458\" height=\"580\" src=\"https:\/\/aderj.com.br\/wp-content\/uploads\/2024\/05\/ABADNEWS.png\" class=\"attachment-full size-full wp-image-3503\" alt=\"\" \/>\t\t\t\t\t\t\t\t\t\t\t\t\t\t\t<\/div>\n\t\t\t\t<\/div>\n\t\t\t\t\t<\/div>\n\t\t<\/div>\n\t\t\t\t\t<\/div>\n\t\t<\/section>\n\t\t\t\t<section class=\"elementor-section elementor-top-section elementor-element elementor-element-c973e5f elementor-section-boxed elementor-section-height-default elementor-section-height-default wpr-particle-no wpr-jarallax-no wpr-parallax-no wpr-sticky-section-no\" data-id=\"c973e5f\" data-element_type=\"section\" data-settings=\"{&quot;background_background&quot;:&quot;classic&quot;}\">\n\t\t\t\t\t\t\t<div class=\"elementor-background-overlay\"><\/div>\n\t\t\t\t\t\t\t<div class=\"elementor-container elementor-column-gap-default\">\n\t\t\t\t\t<div class=\"elementor-column elementor-col-50 elementor-top-column elementor-element elementor-element-645b8d0\" data-id=\"645b8d0\" data-element_type=\"column\">\n\t\t\t<div class=\"elementor-widget-wrap elementor-element-populated\">\n\t\t\t\t\t\t<div class=\"elementor-element elementor-element-22c9211 elementor-widget__width-initial elementor-widget elementor-widget-spacer\" data-id=\"22c9211\" data-element_type=\"widget\" data-widget_type=\"spacer.default\">\n\t\t\t\t<div class=\"elementor-widget-container\">\n\t\t\t\t\t\t\t<div class=\"elementor-spacer\">\n\t\t\t<div class=\"elementor-spacer-inner\"><\/div>\n\t\t<\/div>\n\t\t\t\t\t\t<\/div>\n\t\t\t\t<\/div>\n\t\t\t\t\t<\/div>\n\t\t<\/div>\n\t\t\t\t<div class=\"elementor-column elementor-col-50 elementor-top-column elementor-element elementor-element-7acaee7\" data-id=\"7acaee7\" data-element_type=\"column\">\n\t\t\t<div class=\"elementor-widget-wrap elementor-element-populated\">\n\t\t\t\t\t\t<div class=\"elementor-element elementor-element-260e5ef elementor-widget__width-initial elementor-absolute elementor-widget elementor-widget-image\" data-id=\"260e5ef\" data-element_type=\"widget\" data-settings=\"{&quot;_position&quot;:&quot;absolute&quot;}\" data-widget_type=\"image.default\">\n\t\t\t\t<div class=\"elementor-widget-container\">\n\t\t\t\t\t\t\t\t\t\t\t\t\t\t\t<img decoding=\"async\" width=\"850\" height=\"850\" src=\"https:\/\/aderj.com.br\/wp-content\/uploads\/2024\/05\/Mascara1-ABADNEWS.png\" class=\"attachment-full size-full wp-image-3502\" alt=\"\" srcset=\"https:\/\/aderj.com.br\/wp-content\/uploads\/2024\/05\/Mascara1-ABADNEWS.png 850w, https:\/\/aderj.com.br\/wp-content\/uploads\/2024\/05\/Mascara1-ABADNEWS-300x300.png 300w, https:\/\/aderj.com.br\/wp-content\/uploads\/2024\/05\/Mascara1-ABADNEWS-150x150.png 150w, https:\/\/aderj.com.br\/wp-content\/uploads\/2024\/05\/Mascara1-ABADNEWS-768x768.png 768w\" sizes=\"(max-width: 850px) 100vw, 850px\" \/>\t\t\t\t\t\t\t\t\t\t\t\t\t\t\t<\/div>\n\t\t\t\t<\/div>\n\t\t\t\t<div class=\"elementor-element elementor-element-7a28324 elementor-widget elementor-widget-heading\" data-id=\"7a28324\" data-element_type=\"widget\" data-widget_type=\"heading.default\">\n\t\t\t\t<div class=\"elementor-widget-container\">\n\t\t\t\t\t<h2 class=\"elementor-heading-title elementor-size-default\">ABAD NEWS<\/h2>\t\t\t\t<\/div>\n\t\t\t\t<\/div>\n\t\t\t\t<div class=\"elementor-element elementor-element-38ab3ac elementor-widget__width-initial elementor-widget elementor-widget-text-editor\" data-id=\"38ab3ac\" data-element_type=\"widget\" data-widget_type=\"text-editor.default\">\n\t\t\t\t<div class=\"elementor-widget-container\">\n\t\t\t\t\t\t\t\t\t<p>Al\u00e9m da Revista de Distribui\u00e7\u00e3o, com conte\u00fado produzido pela associa\u00e7\u00e3o brasileira de atacadistas e distribuidores &#8211; ABAD, a ADERJ, tamb\u00e9m se comunica atrav\u00e9s do canal ABAD NEWS, que abre espa\u00e7os para suas 27 afiliadas, distribu\u00eddas por todos os estados da federa\u00e7\u00e3o.<\/p>\t\t\t\t\t\t\t\t<\/div>\n\t\t\t\t<\/div>\n\t\t\t\t<div class=\"elementor-element elementor-element-0ffae89 elementor-widget__width-initial elementor-align-center elementor-widget elementor-widget-button\" data-id=\"0ffae89\" data-element_type=\"widget\" data-widget_type=\"button.default\">\n\t\t\t\t<div class=\"elementor-widget-container\">\n\t\t\t\t\t\t\t\t\t<div class=\"elementor-button-wrapper\">\n\t\t\t\t\t<a class=\"elementor-button elementor-button-link elementor-size-sm elementor-animation-float\" href=\"https:\/\/abad.com.br\/abadnews\/)\">\n\t\t\t\t\t\t<span class=\"elementor-button-content-wrapper\">\n\t\t\t\t\t\t<span class=\"elementor-button-icon\">\n\t\t\t\t<i aria-hidden=\"true\" class=\"fas fa-external-link-alt\"><\/i>\t\t\t<\/span>\n\t\t\t\t\t\t\t\t\t<span class=\"elementor-button-text\">Clique aqui para acessar o ABADNEWS<\/span>\n\t\t\t\t\t<\/span>\n\t\t\t\t\t<\/a>\n\t\t\t\t<\/div>\n\t\t\t\t\t\t\t\t<\/div>\n\t\t\t\t<\/div>\n\t\t\t\t\t<\/div>\n\t\t<\/div>\n\t\t\t\t\t<\/div>\n\t\t<\/section>\n\t\t\t\t<section class=\"elementor-section elementor-top-section elementor-element elementor-element-9309704 elementor-section-boxed elementor-section-height-default elementor-section-height-default wpr-particle-no wpr-jarallax-no wpr-parallax-no wpr-sticky-section-no\" data-id=\"9309704\" data-element_type=\"section\">\n\t\t\t\t\t\t<div class=\"elementor-container elementor-column-gap-default\">\n\t\t\t\t\t<div class=\"elementor-column elementor-col-100 elementor-top-column elementor-element elementor-element-78d5033\" data-id=\"78d5033\" data-element_type=\"column\">\n\t\t\t<div class=\"elementor-widget-wrap elementor-element-populated\">\n\t\t\t\t\t\t<div class=\"elementor-element elementor-element-14f8e75 elementor-widget elementor-widget-spacer\" data-id=\"14f8e75\" data-element_type=\"widget\" data-widget_type=\"spacer.default\">\n\t\t\t\t<div class=\"elementor-widget-container\">\n\t\t\t\t\t\t\t<div class=\"elementor-spacer\">\n\t\t\t<div class=\"elementor-spacer-inner\"><\/div>\n\t\t<\/div>\n\t\t\t\t\t\t<\/div>\n\t\t\t\t<\/div>\n\t\t\t\t\t<\/div>\n\t\t<\/div>\n\t\t\t\t\t<\/div>\n\t\t<\/section>\n\t\t\t\t<\/div>\n\t\t","protected":false},"excerpt":{"rendered":"<p>ABAD NEWS Al\u00e9m da Revista de Distribui\u00e7\u00e3o, com conte\u00fado produzido pela associa\u00e7\u00e3o brasileira de atacadistas e distribuidores &#8211; ABAD, a ADERJ, tamb\u00e9m se comunica atrav\u00e9s do canal ABAD NEWS, que abre espa\u00e7os para suas 27 afiliadas, distribu\u00eddas por todos os estados da federa\u00e7\u00e3o. Clique aqui para acessar o ABADNEWS<\/p>\n","protected":false},"author":1,"featured_media":0,"parent":0,"menu_order":0,"comment_status":"closed","ping_status":"closed","template":"","meta":{"footnotes":""},"class_list":["post-1411","page","type-page","status-publish","hentry"],"rttpg_featured_image_url":null,"rttpg_author":{"display_name":"ADMIN","author_link":"https:\/\/aderj.com.br\/index.php\/author\/angrarj-com\/"},"rttpg_comment":0,"rttpg_category":null,"rttpg_excerpt":"ABAD NEWS Al\u00e9m da Revista de Distribui\u00e7\u00e3o, com conte\u00fado produzido pela associa\u00e7\u00e3o brasileira de atacadistas e distribuidores &#8211; ABAD, a ADERJ, tamb\u00e9m se comunica atrav\u00e9s do canal ABAD NEWS, que abre espa\u00e7os para suas 27 afiliadas, distribu\u00eddas por todos os estados da federa\u00e7\u00e3o. Clique aqui para acessar o ABADNEWS","_links":{"self":[{"href":"https:\/\/aderj.com.br\/index.php\/wp-json\/wp\/v2\/pages\/1411","targetHints":{"allow":["GET"]}}],"collection":[{"href":"https:\/\/aderj.com.br\/index.php\/wp-json\/wp\/v2\/pages"}],"about":[{"href":"https:\/\/aderj.com.br\/index.php\/wp-json\/wp\/v2\/types\/page"}],"author":[{"embeddable":true,"href":"https:\/\/aderj.com.br\/index.php\/wp-json\/wp\/v2\/users\/1"}],"replies":[{"embeddable":true,"href":"https:\/\/aderj.com.br\/index.php\/wp-json\/wp\/v2\/comments?post=1411"}],"version-history":[{"count":16,"href":"https:\/\/aderj.com.br\/index.php\/wp-json\/wp\/v2\/pages\/1411\/revisions"}],"predecessor-version":[{"id":4619,"href":"https:\/\/aderj.com.br\/index.php\/wp-json\/wp\/v2\/pages\/1411\/revisions\/4619"}],"wp:attachment":[{"href":"https:\/\/aderj.com.br\/index.php\/wp-json\/wp\/v2\/media?parent=1411"}],"curies":[{"name":"wp","href":"https:\/\/api.w.org\/{rel}","templated":true}]}}