{"id":1330,"date":"2024-02-28T15:23:48","date_gmt":"2024-02-28T18:23:48","guid":{"rendered":"https:\/\/unioncityrp.com\/aderj\/\/?page_id=1330"},"modified":"2024-06-11T20:28:19","modified_gmt":"2024-06-11T23:28:19","slug":"diretoria-executiva","status":"publish","type":"page","link":"https:\/\/aderj.com.br\/index.php\/diretoria-executiva\/","title":{"rendered":"Diretoria Executiva"},"content":{"rendered":"\t\t<div data-elementor-type=\"wp-page\" data-elementor-id=\"1330\" class=\"elementor elementor-1330\" data-elementor-post-type=\"page\">\n\t\t\t\t\t\t<section class=\"elementor-section elementor-top-section elementor-element elementor-element-3feda505 elementor-section-boxed elementor-section-height-default elementor-section-height-default wpr-particle-no wpr-jarallax-no wpr-parallax-no wpr-sticky-section-no\" data-id=\"3feda505\" data-element_type=\"section\">\n\t\t\t\t\t\t<div class=\"elementor-container elementor-column-gap-default\">\n\t\t\t\t\t<div class=\"elementor-column elementor-col-50 elementor-top-column elementor-element elementor-element-36b624f6\" data-id=\"36b624f6\" data-element_type=\"column\">\n\t\t\t<div class=\"elementor-widget-wrap elementor-element-populated\">\n\t\t\t\t\t\t<div class=\"elementor-element elementor-element-3a370c8 elementor-widget__width-initial elementor-absolute elementor-widget elementor-widget-image\" data-id=\"3a370c8\" data-element_type=\"widget\" data-settings=\"{&quot;_position&quot;:&quot;absolute&quot;}\" data-widget_type=\"image.default\">\n\t\t\t\t<div class=\"elementor-widget-container\">\n\t\t\t\t\t\t\t\t\t\t\t\t\t\t\t<img fetchpriority=\"high\" decoding=\"async\" width=\"435\" height=\"331\" src=\"https:\/\/aderj.com.br\/wp-content\/uploads\/2024\/05\/stock-vector-rio-de-janeiro-landmarks-and-top-places-to-visit-line-icons-vector-set-of-most-popular-city-454749025-Convertido-3-e1714760784529.png\" class=\"attachment-full size-full wp-image-2819\" alt=\"\" \/>\t\t\t\t\t\t\t\t\t\t\t\t\t\t\t<\/div>\n\t\t\t\t<\/div>\n\t\t\t\t\t<\/div>\n\t\t<\/div>\n\t\t\t\t<div class=\"elementor-column elementor-col-50 elementor-top-column elementor-element elementor-element-233577cc\" data-id=\"233577cc\" data-element_type=\"column\">\n\t\t\t<div class=\"elementor-widget-wrap elementor-element-populated\">\n\t\t\t\t\t\t<div class=\"elementor-element elementor-element-139a6671 elementor-widget elementor-widget-spacer\" data-id=\"139a6671\" data-element_type=\"widget\" data-widget_type=\"spacer.default\">\n\t\t\t\t<div class=\"elementor-widget-container\">\n\t\t\t\t\t\t\t<div class=\"elementor-spacer\">\n\t\t\t<div class=\"elementor-spacer-inner\"><\/div>\n\t\t<\/div>\n\t\t\t\t\t\t<\/div>\n\t\t\t\t<\/div>\n\t\t\t\t\t<\/div>\n\t\t<\/div>\n\t\t\t\t\t<\/div>\n\t\t<\/section>\n\t\t\t\t<section class=\"elementor-section elementor-top-section elementor-element elementor-element-3af8320a elementor-section-boxed elementor-section-height-default elementor-section-height-default wpr-particle-no wpr-jarallax-no wpr-parallax-no wpr-sticky-section-no\" data-id=\"3af8320a\" data-element_type=\"section\" data-settings=\"{&quot;background_background&quot;:&quot;classic&quot;}\">\n\t\t\t\t\t\t<div class=\"elementor-container elementor-column-gap-default\">\n\t\t\t\t\t<div class=\"elementor-column elementor-col-100 elementor-top-column elementor-element elementor-element-3925d768\" data-id=\"3925d768\" data-element_type=\"column\">\n\t\t\t<div class=\"elementor-widget-wrap elementor-element-populated\">\n\t\t\t\t\t\t<div class=\"elementor-element elementor-element-52334684 elementor-widget elementor-widget-heading\" data-id=\"52334684\" data-element_type=\"widget\" data-widget_type=\"heading.default\">\n\t\t\t\t<div class=\"elementor-widget-container\">\n\t\t\t\t\t<h2 class=\"elementor-heading-title elementor-size-default\">DIRETORIA EXECUTIVA DA ADERJ TRI\u00caNIO 2022 \u00c0 2024<\/h2>\t\t\t\t<\/div>\n\t\t\t\t<\/div>\n\t\t\t\t<div class=\"elementor-element elementor-element-6edda365 elementor-widget elementor-widget-text-editor\" data-id=\"6edda365\" data-element_type=\"widget\" data-widget_type=\"text-editor.default\">\n\t\t\t\t<div class=\"elementor-widget-container\">\n\t\t\t\t\t\t\t\t\t<p><strong>PRESIDENTE <\/strong>JORGE MENENDES<br \/><strong>1\u00ba VICE PRESIDENTE\u00a0 <\/strong>JOS\u00c9 CARLOS SANTANA FARIAS<br \/><strong>2\u00ba VICE PRESIDENTE\u00a0 <\/strong>CLAUDIO RENATO DA NOVA CAMPOS<\/p>\t\t\t\t\t\t\t\t<\/div>\n\t\t\t\t<\/div>\n\t\t\t\t\t<\/div>\n\t\t<\/div>\n\t\t\t\t\t<\/div>\n\t\t<\/section>\n\t\t\t\t<section class=\"elementor-section elementor-top-section elementor-element elementor-element-29b8e4fc elementor-section-boxed elementor-section-height-default elementor-section-height-default wpr-particle-no wpr-jarallax-no wpr-parallax-no wpr-sticky-section-no\" data-id=\"29b8e4fc\" data-element_type=\"section\" data-settings=\"{&quot;background_background&quot;:&quot;classic&quot;}\">\n\t\t\t\t\t\t<div class=\"elementor-container elementor-column-gap-default\">\n\t\t\t\t\t<div class=\"elementor-column elementor-col-100 elementor-top-column elementor-element elementor-element-1038683f\" data-id=\"1038683f\" data-element_type=\"column\">\n\t\t\t<div class=\"elementor-widget-wrap elementor-element-populated\">\n\t\t\t\t\t\t<div class=\"elementor-element elementor-element-6ede0245 elementor-widget elementor-widget-heading\" data-id=\"6ede0245\" data-element_type=\"widget\" data-widget_type=\"heading.default\">\n\t\t\t\t<div class=\"elementor-widget-container\">\n\t\t\t\t\t<h2 class=\"elementor-heading-title elementor-size-default\">VICES-PRESIDENTES DA DIRETORIA EXECUTIVA\n<\/h2>\t\t\t\t<\/div>\n\t\t\t\t<\/div>\n\t\t\t\t<div class=\"elementor-element elementor-element-6dd0c46 elementor-widget elementor-widget-text-editor\" data-id=\"6dd0c46\" data-element_type=\"widget\" data-widget_type=\"text-editor.default\">\n\t\t\t\t<div class=\"elementor-widget-container\">\n\t\t\t\t\t\t\t\t\t<p><strong>VICE PRESIDENTE<\/strong> ANDR\u00c9 KAUARK CHIANCA<br \/><strong>VICE PRESIDENTE<\/strong> FRANCISCO EDUARDO DE ABREU MESQUITA<br \/><strong>VICE PRESIDENTE<\/strong> MARCELLO QUEIROZ MARINHO<br \/><strong>VICE PRESIDENTE<\/strong> SERGIO CLAUDIO TAVARES DE SOUSA<br \/><strong>VICE PRESIDENTE<\/strong> FLAVIO FERNANDES CORDEIRO<br \/><strong>VICE PRESIDENTE<\/strong> ANT\u00d4NIO CARLOS MACHADO CARD\u00c3O<br \/><strong>VICE PRESIDENTE<\/strong> JOS\u00c9 NORBERTO ALFENAS MILAGRES<br \/><strong>VICE PRESIDENTE<\/strong> ARMINDO DE BRITO CA\u00c7\u00c3O<\/p>\t\t\t\t\t\t\t\t<\/div>\n\t\t\t\t<\/div>\n\t\t\t\t\t<\/div>\n\t\t<\/div>\n\t\t\t\t\t<\/div>\n\t\t<\/section>\n\t\t\t\t<section class=\"elementor-section elementor-top-section elementor-element elementor-element-79662c6 elementor-section-boxed elementor-section-height-default elementor-section-height-default wpr-particle-no wpr-jarallax-no wpr-parallax-no wpr-sticky-section-no\" data-id=\"79662c6\" data-element_type=\"section\" data-settings=\"{&quot;background_background&quot;:&quot;classic&quot;}\">\n\t\t\t\t\t\t<div class=\"elementor-container elementor-column-gap-default\">\n\t\t\t\t\t<div class=\"elementor-column elementor-col-100 elementor-top-column elementor-element elementor-element-526fe92\" data-id=\"526fe92\" data-element_type=\"column\">\n\t\t\t<div class=\"elementor-widget-wrap elementor-element-populated\">\n\t\t\t\t\t\t<div class=\"elementor-element elementor-element-190c446 elementor-widget elementor-widget-heading\" data-id=\"190c446\" data-element_type=\"widget\" data-widget_type=\"heading.default\">\n\t\t\t\t<div class=\"elementor-widget-container\">\n\t\t\t\t\t<h2 class=\"elementor-heading-title elementor-size-default\">CONSELHO DELIBERATIVO DA ADERJ TRI\u00caNIO 2022 \u00c0 2024\n<\/h2>\t\t\t\t<\/div>\n\t\t\t\t<\/div>\n\t\t\t\t<div class=\"elementor-element elementor-element-f998e76 elementor-widget elementor-widget-text-editor\" data-id=\"f998e76\" data-element_type=\"widget\" data-widget_type=\"text-editor.default\">\n\t\t\t\t<div class=\"elementor-widget-container\">\n\t\t\t\t\t\t\t\t\t<p><strong>PRESIDENTE<\/strong> JOILSON MACIEL BARCELOS FILHO<br \/><strong>1\u00ba VICE PRESIDENTE<\/strong> PAULO DA CRUZ GARCIA<br \/><strong>2\u00ba VICE PRESIDENTE<\/strong> BADGER BARCELOS HENTZY<\/p>\t\t\t\t\t\t\t\t<\/div>\n\t\t\t\t<\/div>\n\t\t\t\t\t<\/div>\n\t\t<\/div>\n\t\t\t\t\t<\/div>\n\t\t<\/section>\n\t\t\t\t<section class=\"elementor-section elementor-top-section elementor-element elementor-element-3f8fbb8 elementor-section-boxed elementor-section-height-default elementor-section-height-default wpr-particle-no wpr-jarallax-no wpr-parallax-no wpr-sticky-section-no\" data-id=\"3f8fbb8\" data-element_type=\"section\" data-settings=\"{&quot;background_background&quot;:&quot;classic&quot;}\">\n\t\t\t\t\t\t<div class=\"elementor-container elementor-column-gap-default\">\n\t\t\t\t\t<div class=\"elementor-column elementor-col-100 elementor-top-column elementor-element elementor-element-9d86834\" data-id=\"9d86834\" data-element_type=\"column\">\n\t\t\t<div class=\"elementor-widget-wrap elementor-element-populated\">\n\t\t\t\t\t\t<div class=\"elementor-element elementor-element-8b06845 elementor-widget elementor-widget-heading\" data-id=\"8b06845\" data-element_type=\"widget\" data-widget_type=\"heading.default\">\n\t\t\t\t<div class=\"elementor-widget-container\">\n\t\t\t\t\t<h2 class=\"elementor-heading-title elementor-size-default\">CONSELHO FISCAL DA ADERJ TRI\u00caNIO 2022 \u00c0 2024\n<\/h2>\t\t\t\t<\/div>\n\t\t\t\t<\/div>\n\t\t\t\t<div class=\"elementor-element elementor-element-4ceca2b elementor-widget elementor-widget-text-editor\" data-id=\"4ceca2b\" data-element_type=\"widget\" data-widget_type=\"text-editor.default\">\n\t\t\t\t<div class=\"elementor-widget-container\">\n\t\t\t\t\t\t\t\t\t<p><strong>PRESIDENTE<\/strong> RODRIGO DE MATOS ALVES<br \/><strong>1\u00ba VICE PRESIDENTE<\/strong> M\u00c1RIO LUIZ DE MELLO CORREIA<br \/><strong>2\u00ba VICE PRESIDENTE<\/strong> ANT\u00d4NIO JOS\u00c9 OS\u00d3RIO<\/p>\t\t\t\t\t\t\t\t<\/div>\n\t\t\t\t<\/div>\n\t\t\t\t\t<\/div>\n\t\t<\/div>\n\t\t\t\t\t<\/div>\n\t\t<\/section>\n\t\t\t\t<section class=\"elementor-section elementor-top-section elementor-element elementor-element-d45ce2a elementor-section-boxed elementor-section-height-default elementor-section-height-default wpr-particle-no wpr-jarallax-no wpr-parallax-no wpr-sticky-section-no\" data-id=\"d45ce2a\" data-element_type=\"section\" data-settings=\"{&quot;background_background&quot;:&quot;classic&quot;}\">\n\t\t\t\t\t\t<div class=\"elementor-container elementor-column-gap-default\">\n\t\t\t\t\t<div class=\"elementor-column elementor-col-100 elementor-top-column elementor-element elementor-element-57931c9\" data-id=\"57931c9\" data-element_type=\"column\">\n\t\t\t<div class=\"elementor-widget-wrap elementor-element-populated\">\n\t\t\t\t\t\t<div class=\"elementor-element elementor-element-0ae5df1 elementor-widget elementor-widget-heading\" data-id=\"0ae5df1\" data-element_type=\"widget\" data-widget_type=\"heading.default\">\n\t\t\t\t<div class=\"elementor-widget-container\">\n\t\t\t\t\t<h2 class=\"elementor-heading-title elementor-size-default\">CONSELHO CONSULTIVO DA ADERJ TRI\u00caNIO 2022 \u00c0 2024<\/h2>\t\t\t\t<\/div>\n\t\t\t\t<\/div>\n\t\t\t\t<div class=\"elementor-element elementor-element-c0a55b3 elementor-widget elementor-widget-text-editor\" data-id=\"c0a55b3\" data-element_type=\"widget\" data-widget_type=\"text-editor.default\">\n\t\t\t\t<div class=\"elementor-widget-container\">\n\t\t\t\t\t\t\t\t\t<p><strong>PRESIDENTE<\/strong> LUIZ CARLOS MARINHO<br \/><strong>1\u00ba VICE PRESIDENTE<\/strong> H\u00c9LIO CASTOR MACIEL<br \/><strong>2\u00ba VICE PRESIDENTE<\/strong> CELSO LUIZ MASSOTTI<\/p>\t\t\t\t\t\t\t\t<\/div>\n\t\t\t\t<\/div>\n\t\t\t\t\t<\/div>\n\t\t<\/div>\n\t\t\t\t\t<\/div>\n\t\t<\/section>\n\t\t\t\t<\/div>\n\t\t","protected":false},"excerpt":{"rendered":"<p>DIRETORIA EXECUTIVA DA ADERJ TRI\u00caNIO 2022 \u00c0 2024 PRESIDENTE JORGE MENENDES1\u00ba VICE PRESIDENTE\u00a0 JOS\u00c9 CARLOS SANTANA FARIAS2\u00ba VICE PRESIDENTE\u00a0 CLAUDIO RENATO DA NOVA CAMPOS VICES-PRESIDENTES DA DIRETORIA EXECUTIVA VICE PRESIDENTE ANDR\u00c9 KAUARK CHIANCAVICE PRESIDENTE FRANCISCO EDUARDO DE ABREU MESQUITAVICE PRESIDENTE MARCELLO QUEIROZ MARINHOVICE PRESIDENTE SERGIO CLAUDIO TAVARES DE SOUSAVICE PRESIDENTE FLAVIO FERNANDES CORDEIROVICE PRESIDENTE ANT\u00d4NIO CARLOS MACHADO CARD\u00c3OVICE PRESIDENTE JOS\u00c9 NORBERTO ALFENAS MILAGRESVICE PRESIDENTE ARMINDO DE BRITO CA\u00c7\u00c3O CONSELHO DELIBERATIVO DA ADERJ TRI\u00caNIO 2022 \u00c0 2024 PRESIDENTE JOILSON MACIEL BARCELOS FILHO1\u00ba VICE PRESIDENTE PAULO DA CRUZ GARCIA2\u00ba VICE PRESIDENTE BADGER BARCELOS HENTZY CONSELHO FISCAL DA ADERJ TRI\u00caNIO 2022 \u00c0 2024 PRESIDENTE RODRIGO DE MATOS ALVES1\u00ba VICE PRESIDENTE M\u00c1RIO LUIZ DE MELLO CORREIA2\u00ba VICE PRESIDENTE ANT\u00d4NIO JOS\u00c9 OS\u00d3RIO CONSELHO CONSULTIVO DA ADERJ TRI\u00caNIO 2022 \u00c0 2024 PRESIDENTE LUIZ CARLOS MARINHO1\u00ba VICE PRESIDENTE H\u00c9LIO CASTOR MACIEL2\u00ba VICE PRESIDENTE CELSO LUIZ MASSOTTI<\/p>\n","protected":false},"author":1,"featured_media":0,"parent":0,"menu_order":0,"comment_status":"closed","ping_status":"closed","template":"","meta":{"footnotes":""},"class_list":["post-1330","page","type-page","status-publish","hentry"],"rttpg_featured_image_url":null,"rttpg_author":{"display_name":"ADMIN","author_link":"https:\/\/aderj.com.br\/index.php\/author\/angrarj-com\/"},"rttpg_comment":0,"rttpg_category":null,"rttpg_excerpt":"DIRETORIA EXECUTIVA DA ADERJ TRI\u00caNIO 2022 \u00c0 2024 PRESIDENTE JORGE MENENDES1\u00ba VICE PRESIDENTE\u00a0 JOS\u00c9 CARLOS SANTANA FARIAS2\u00ba VICE PRESIDENTE\u00a0 CLAUDIO RENATO DA NOVA CAMPOS VICES-PRESIDENTES DA DIRETORIA EXECUTIVA VICE PRESIDENTE ANDR\u00c9 KAUARK CHIANCAVICE PRESIDENTE FRANCISCO EDUARDO DE ABREU MESQUITAVICE PRESIDENTE MARCELLO QUEIROZ MARINHOVICE PRESIDENTE SERGIO CLAUDIO TAVARES DE SOUSAVICE PRESIDENTE FLAVIO FERNANDES CORDEIROVICE PRESIDENTE ANT\u00d4NIO&hellip;","_links":{"self":[{"href":"https:\/\/aderj.com.br\/index.php\/wp-json\/wp\/v2\/pages\/1330","targetHints":{"allow":["GET"]}}],"collection":[{"href":"https:\/\/aderj.com.br\/index.php\/wp-json\/wp\/v2\/pages"}],"about":[{"href":"https:\/\/aderj.com.br\/index.php\/wp-json\/wp\/v2\/types\/page"}],"author":[{"embeddable":true,"href":"https:\/\/aderj.com.br\/index.php\/wp-json\/wp\/v2\/users\/1"}],"replies":[{"embeddable":true,"href":"https:\/\/aderj.com.br\/index.php\/wp-json\/wp\/v2\/comments?post=1330"}],"version-history":[{"count":22,"href":"https:\/\/aderj.com.br\/index.php\/wp-json\/wp\/v2\/pages\/1330\/revisions"}],"predecessor-version":[{"id":4472,"href":"https:\/\/aderj.com.br\/index.php\/wp-json\/wp\/v2\/pages\/1330\/revisions\/4472"}],"wp:attachment":[{"href":"https:\/\/aderj.com.br\/index.php\/wp-json\/wp\/v2\/media?parent=1330"}],"curies":[{"name":"wp","href":"https:\/\/api.w.org\/{rel}","templated":true}]}}